{"version":"1.0","provider_name":"Domaine de la vall\u00e9e de S\u00e8vre","provider_url":"https:\/\/www.domainedelavalleedesevre.fr\/en","author_name":"admin-Virginie","author_url":"https:\/\/www.domainedelavalleedesevre.fr\/en\/author\/admin-virginie\/","title":"Lieu Partag\u00e9 - Domaine de la vall\u00e9e de S\u00e8vre","type":"rich","width":600,"height":338,"html":"<blockquote class=\"wp-embedded-content\" data-secret=\"eyhn5reLyw\"><a href=\"https:\/\/www.domainedelavalleedesevre.fr\/en\/lieu-partage\/\">Lieu Partag\u00e9<\/a><\/blockquote><iframe sandbox=\"allow-scripts\" security=\"restricted\" src=\"https:\/\/www.domainedelavalleedesevre.fr\/en\/lieu-partage\/embed\/#?secret=eyhn5reLyw\" width=\"600\" height=\"338\" title=\"&#8220;Lieu Partag\u00e9&#8221; &#8212; Domaine de la vall\u00e9e de S\u00e8vre\" data-secret=\"eyhn5reLyw\" frameborder=\"0\" marginwidth=\"0\" marginheight=\"0\" scrolling=\"no\" class=\"wp-embedded-content\"><\/iframe><script>\n\/*! This file is auto-generated *\/\n!function(d,l){\"use strict\";l.querySelector&&d.addEventListener&&\"undefined\"!=typeof URL&&(d.wp=d.wp||{},d.wp.receiveEmbedMessage||(d.wp.receiveEmbedMessage=function(e){var t=e.data;if((t||t.secret||t.message||t.value)&&!\/[^a-zA-Z0-9]\/.test(t.secret)){for(var s,r,n,a=l.querySelectorAll('iframe[data-secret=\"'+t.secret+'\"]'),o=l.querySelectorAll('blockquote[data-secret=\"'+t.secret+'\"]'),c=new RegExp(\"^https?:$\",\"i\"),i=0;i<o.length;i++)o[i].style.display=\"none\";for(i=0;i<a.length;i++)s=a[i],e.source===s.contentWindow&&(s.removeAttribute(\"style\"),\"height\"===t.message?(1e3<(r=parseInt(t.value,10))?r=1e3:~~r<200&&(r=200),s.height=r):\"link\"===t.message&&(r=new URL(s.getAttribute(\"src\")),n=new URL(t.value),c.test(n.protocol))&&n.host===r.host&&l.activeElement===s&&(d.top.location.href=t.value))}},d.addEventListener(\"message\",d.wp.receiveEmbedMessage,!1),l.addEventListener(\"DOMContentLoaded\",function(){for(var e,t,s=l.querySelectorAll(\"iframe.wp-embedded-content\"),r=0;r<s.length;r++)(t=(e=s[r]).getAttribute(\"data-secret\"))||(t=Math.random().toString(36).substring(2,12),e.src+=\"#?secret=\"+t,e.setAttribute(\"data-secret\",t)),e.contentWindow.postMessage({message:\"ready\",secret:t},\"*\")},!1)))}(window,document);\n\/\/# sourceURL=https:\/\/www.domainedelavalleedesevre.fr\/wp-includes\/js\/wp-embed.min.js\n<\/script>","description":"Lieu partag\u00e9 g\u00eete 10-12 personnes &#8211; 4 chambres Descriptif Louez nos deux g\u00eetes pour un s\u00e9jour jusqu\u2019\u00e0 12 personnes Envie de vous retrouver en famille, entre amis ou pour un s\u00e9jour \u00e0 plusieurs couples ? Nos deux g\u00eetes peuvent \u00eatre r\u00e9serv\u00e9s ensemble afin d\u2019accueillir confortablement jusqu\u2019\u00e0 12 personnes dans un cadre chaleureux et convivial. Le premier g\u00eete \u00ab\u00a0l&rsquo;Accacia\u00a0\u00bb, id\u00e9al pour 4 personnes, dispose d\u2019une chambre \u00e9quip\u00e9e d\u2019un lit Queen Size (160 cm), d\u2019une salle d\u2019eau avec toilettes adapt\u00e9es PMR, ainsi que d\u2019un salon avec canap\u00e9 convertible (140 cm). Sa terrasse vous offre une vue imprenable sur la campagne environnante. Le second g\u00eete \u00ab\u00a0le C\u00e8dre\u00a0\u00bb, con\u00e7u pour 8 personnes, propose trois chambres dont une suite avec salle de bain et toilettes PMR, un salon avec canap\u00e9 convertible (140 cm), une salle d\u2019eau suppl\u00e9mentaire et deux toilettes. Sa terrasse spacieuse compl\u00e8te l\u2019ensemble pour vos moments de d\u00e9tente. Chaque g\u00eete dispose d\u2019une pi\u00e8ce de vie lumineuse avec cuisine ouverte enti\u00e8rement \u00e9quip\u00e9e, id\u00e9ale pour partager des repas et profiter de moments conviviaux. En louant les deux g\u00eetes, vous b\u00e9n\u00e9ficiez d\u2019un grand espace commun tout en pr\u00e9servant l\u2019intimit\u00e9 et le confort de chacun. L\u2019endroit parfait pour un s\u00e9jour regroupant vos proches, dans un \u00e9crin de verdure au panorama exceptionnel. V\u00e9rifiez les disponibilit\u00e9s *La location conjointe des deux g\u00eetes est possible sous r\u00e9serve de disponibilit\u00e9s. Nous contacter pour r\u00e9server. Nous contacter G\u00eete n\u00b01 Salon et cuisine Toute \u00e9quip\u00e9e Dans la chambre 1lit de 160, 1 lit b\u00e9b\u00e9 et 1 canap\u00e9 convertible dans le salon Salle de douche 1 salle d\u2019eau et 1 toilette Terrasse \/ Ext\u00e9rieur Salon de jardin et barbecue &#8211; Parcs paysager et animalier G\u00eete n\u00b02 Salon et cuisine ouverte Grande pi\u00e8ce de vie de 45 m2, cuisine toute \u00e9quip\u00e9e, 1 canap\u00e9 convertible dans le salon Dans les chambres 3 lits en 160, plus un canap\u00e9 convertible Salle de bain 1 salle d\u2019eau , 1 salle de bain, 2 toilettes Terrasse \/Ext\u00e9rieur Salon de jardin et barbecue &#8211; Parcs paysager et animalier","thumbnail_url":"https:\/\/www.domainedelavalleedesevre.fr\/wp-content\/uploads\/2025\/05\/Logo-OK-sans-texte-blanc-931x1024.png"}