{"id":1034,"date":"2025-09-23T09:28:58","date_gmt":"2025-09-23T09:28:58","guid":{"rendered":"https:\/\/www.domainedelavalleedesevre.fr\/?page_id=1034"},"modified":"2025-09-23T09:44:26","modified_gmt":"2025-09-23T09:44:26","slug":"mentions-legales","status":"publish","type":"page","link":"https:\/\/www.domainedelavalleedesevre.fr\/en\/mentions-legales\/","title":{"rendered":"Legal notices"},"content":{"rendered":"\t\t<div data-elementor-type=\"wp-page\" data-elementor-id=\"1034\" class=\"elementor elementor-1034\">\n\t\t\t\t<div class=\"elementor-element elementor-element-3d8afe5 e-flex e-con-boxed wpr-particle-no wpr-jarallax-no wpr-parallax-no wpr-sticky-section-no wpr-equal-height-no e-con e-parent\" data-id=\"3d8afe5\" data-element_type=\"container\" data-settings=\"{&quot;background_background&quot;:&quot;classic&quot;}\">\n\t\t\t\t\t<div class=\"e-con-inner\">\n\t\t\t\t<div class=\"elementor-element elementor-element-ec4e822 elementor-widget elementor-widget-spacer\" data-id=\"ec4e822\" data-element_type=\"widget\" data-widget_type=\"spacer.default\">\n\t\t\t\t<div class=\"elementor-widget-container\">\n\t\t\t\t\t\t\t<div class=\"elementor-spacer\">\n\t\t\t<div class=\"elementor-spacer-inner\"><\/div>\n\t\t<\/div>\n\t\t\t\t\t\t<\/div>\n\t\t\t\t<\/div>\n\t\t\t\t<div class=\"elementor-element elementor-element-810dbe5 elementor-widget elementor-widget-image\" data-id=\"810dbe5\" data-element_type=\"widget\" data-widget_type=\"image.default\">\n\t\t\t\t<div class=\"elementor-widget-container\">\n\t\t\t\t\t\t\t\t\t\t\t\t\t\t\t<img fetchpriority=\"high\" decoding=\"async\" width=\"931\" height=\"1024\" src=\"https:\/\/www.domainedelavalleedesevre.fr\/wp-content\/uploads\/2025\/05\/Logo-OK-sans-texte-blanc-931x1024.png\" class=\"attachment-large size-large wp-image-77\" alt=\"\" srcset=\"https:\/\/www.domainedelavalleedesevre.fr\/wp-content\/uploads\/2025\/05\/Logo-OK-sans-texte-blanc-931x1024.png 931w, https:\/\/www.domainedelavalleedesevre.fr\/wp-content\/uploads\/2025\/05\/Logo-OK-sans-texte-blanc-273x300.png 273w, https:\/\/www.domainedelavalleedesevre.fr\/wp-content\/uploads\/2025\/05\/Logo-OK-sans-texte-blanc-768x845.png 768w, https:\/\/www.domainedelavalleedesevre.fr\/wp-content\/uploads\/2025\/05\/Logo-OK-sans-texte-blanc-1396x1536.png 1396w, https:\/\/www.domainedelavalleedesevre.fr\/wp-content\/uploads\/2025\/05\/Logo-OK-sans-texte-blanc.png 1646w\" sizes=\"(max-width: 931px) 100vw, 931px\" \/>\t\t\t\t\t\t\t\t\t\t\t\t\t\t\t<\/div>\n\t\t\t\t<\/div>\n\t\t\t\t<div class=\"elementor-element elementor-element-85c6299 elementor-widget elementor-widget-heading\" data-id=\"85c6299\" data-element_type=\"widget\" data-widget_type=\"heading.default\">\n\t\t\t\t<div class=\"elementor-widget-container\">\n\t\t\t\t\t<h2 class=\"elementor-heading-title elementor-size-default\">Mentions l\u00e9gales<\/h2>\t\t\t\t<\/div>\n\t\t\t\t<\/div>\n\t\t\t\t\t<\/div>\n\t\t\t\t<\/div>\n\t\t<div class=\"elementor-element elementor-element-589c8a8 e-flex e-con-boxed wpr-particle-no wpr-jarallax-no wpr-parallax-no wpr-sticky-section-no wpr-equal-height-no e-con e-parent\" data-id=\"589c8a8\" data-element_type=\"container\">\n\t\t\t\t\t<div class=\"e-con-inner\">\n\t\t<div class=\"elementor-element elementor-element-e3f6f4c e-con-full e-flex wpr-particle-no wpr-jarallax-no wpr-parallax-no wpr-sticky-section-no wpr-equal-height-no e-con e-child\" data-id=\"e3f6f4c\" data-element_type=\"container\">\n\t\t\t\t<div class=\"elementor-element elementor-element-cec3555 elementor-widget elementor-widget-text-editor\" data-id=\"cec3555\" data-element_type=\"widget\" data-widget_type=\"text-editor.default\">\n\t\t\t\t<div class=\"elementor-widget-container\">\n\t\t\t\t\t\t\t\t\t<p>Conform\u00e9ment aux dispositions de la loi n\u00b02004-575 du 21 juin 2004 pour la confiance dans l\u2019\u00e9conomie num\u00e9rique, il est pr\u00e9cis\u00e9 aux utilisateurs du site <strong data-start=\"371\" data-end=\"406\">www.domainedelavalleedesevre.fr <\/strong>l\u2019identit\u00e9 des diff\u00e9rents intervenants dans le cadre de sa r\u00e9alisation et de son suivi.<\/p><h2 data-start=\"498\" data-end=\"521\">1. \u00c9diteur du site<\/h2><p data-start=\"522\" data-end=\"704\"><strong data-start=\"522\" data-end=\"555\">Domaine de la Vall\u00e9e de S\u00e8vre<\/strong><br data-start=\"555\" data-end=\"558\" \/>Adresse : Le Chalet du Plessis 85290 Mortagne sur S\u00e8vre <br data-start=\"581\" data-end=\"584\" \/>T\u00e9l\u00e9phone : 07 43 45 76 64<br data-start=\"609\" data-end=\"612\" \/>E-mail : gites@domainedelavalleedesevre.fr<br data-start=\"634\" data-end=\"637\" \/>Repr\u00e9sentant l\u00e9gal : Peggy Fouchard<\/p><h2 data-start=\"706\" data-end=\"723\">2. H\u00e9bergeur<\/h2><p data-start=\"724\" data-end=\"926\">Le site est h\u00e9berg\u00e9 par :<br data-start=\"749\" data-end=\"752\" \/><strong data-start=\"752\" data-end=\"764\">o2switch<\/strong><br data-start=\"764\" data-end=\"767\" \/><a tabindex=\"0\" href=\"https:\/\/www.google.com\/maps\/place\/\/data=!4m2!3m1!1s0x47f71c4316d14a4f:0x80871e95ce99e229?sa=X&amp;ved=1t:8290&amp;ictx=111\" data-url=\"\/maps\/place\/\/data=!4m2!3m1!1s0x47f71c4316d14a4f:0x80871e95ce99e229?sa=X&amp;ved=2ahUKEwibn4GpzO6PAxVNNvsDHSg-EHQQ4kB6BAgIEAA\" data-sb=\"\/url?sa=t&amp;source=web&amp;rct=j&amp;opi=89978449&amp;url=\/maps\/place\/\/data%3D!4m2!3m1!1s0x47f71c4316d14a4f:0x80871e95ce99e229%3Fsa%3DX%26ved%3D1t:8290%26ictx%3D111&amp;ved=2ahUKEwibn4GpzO6PAxVNNvsDHSg-EHQQ4kB6BAhMEAM&amp;usg=AOvVaw1eaT9v_IL463nqNSZ_Bq-M\">Chem. des Pardiaux, 63000 Clermont-Ferrand<\/a><br \/>France<br data-start=\"831\" data-end=\"834\" \/>T\u00e9l\u00e9phone : 04 44 44 60 40<br data-start=\"860\" data-end=\"863\" \/>Site web : https:\/\/www.o2switch.fr.<\/p><h2 data-start=\"724\" data-end=\"926\">Conception et webdesign<\/h2><p data-start=\"724\" data-end=\"926\">Conception et r\u00e9alisation graphique du site :<br data-start=\"1005\" data-end=\"1008\" \/><strong data-start=\"1008\" data-end=\"1037\">Studio Les Choses Simples \/ Virginie Le Gall<\/strong><br data-start=\"1037\" data-end=\"1040\" \/>Site web : https:\/\/www.les-choses-simples.com<\/p><h2 data-start=\"1129\" data-end=\"1161\">4. Propri\u00e9t\u00e9 intellectuelle<\/h2><p data-start=\"1162\" data-end=\"1580\">L\u2019ensemble du site (textes, photographies, graphismes, logos, ic\u00f4nes, etc.) rel\u00e8ve de la l\u00e9gislation fran\u00e7aise et internationale sur le droit d\u2019auteur et la propri\u00e9t\u00e9 intellectuelle.<br data-start=\"1344\" data-end=\"1347\" \/>Toute reproduction, repr\u00e9sentation, modification, publication, adaptation totale ou partielle du site, quel que soit le moyen ou le proc\u00e9d\u00e9 utilis\u00e9, est interdite sans autorisation \u00e9crite pr\u00e9alable du Domaine de la Vall\u00e9e de S\u00e8vre.<\/p><h2 data-start=\"1582\" data-end=\"1610\">5. Donn\u00e9es personnelles<\/h2><p data-start=\"1611\" data-end=\"2074\">Les informations personnelles collect\u00e9es via le site sont utilis\u00e9es uniquement pour les besoins li\u00e9s aux r\u00e9servations et \u00e0 la relation commerciale.<br data-start=\"1758\" data-end=\"1761\" \/>Conform\u00e9ment au R\u00e8glement G\u00e9n\u00e9ral sur la Protection des Donn\u00e9es (RGPD) et \u00e0 la loi \u00ab Informatique et Libert\u00e9s \u00bb, vous disposez d\u2019un droit d\u2019acc\u00e8s, de rectification, de suppression et d\u2019opposition aux donn\u00e9es vous concernant.<br data-start=\"1985\" data-end=\"1988\" \/>Vous pouvez exercer ces droits en adressant un mail \u00e0 : gites@domainedelavalleedesevre.fr<\/p><h2 data-start=\"2076\" data-end=\"2098\">6. Responsabilit\u00e9<\/h2><p data-start=\"2099\" data-end=\"2480\">Le Domaine de la Vall\u00e9e de S\u00e8vre s\u2019efforce de fournir sur le site des informations exactes et mises \u00e0 jour. Toutefois, il ne pourra \u00eatre tenu responsable des omissions, inexactitudes ou carences dans la mise \u00e0 jour.<br data-start=\"2314\" data-end=\"2317\" \/>Des liens hypertextes peuvent renvoyer vers d\u2019autres sites : le Domaine de la Vall\u00e9e de S\u00e8vre d\u00e9cline toute responsabilit\u00e9 quant aux contenus de ces sites tiers.<\/p><h2 data-start=\"2482\" data-end=\"2518\">7. M\u00e9diation de la consommation<\/h2><p data-start=\"2519\" data-end=\"2795\">Conform\u00e9ment \u00e0 l\u2019article L. 612-1 du Code de la consommation, en cas de litige, le client peut recourir gratuitement au service de m\u00e9diation de la consommation dont rel\u00e8ve le Domaine de la Vall\u00e9e de S\u00e8vre.<br data-start=\"2724\" data-end=\"2727\" \/>Coordonn\u00e9es du m\u00e9diateur : [\u00e0 compl\u00e9ter selon l\u2019organisme choisi].<\/p><hr data-start=\"2797\" data-end=\"2800\" \/><p data-start=\"724\" data-end=\"926\">\u00a0<\/p>\t\t\t\t\t\t\t\t<\/div>\n\t\t\t\t<\/div>\n\t\t\t\t<\/div>\n\t\t\t\t\t<\/div>\n\t\t\t\t<\/div>\n\t\t<div class=\"elementor-element elementor-element-4994f18 e-flex e-con-boxed wpr-particle-no wpr-jarallax-no wpr-parallax-no wpr-sticky-section-no wpr-equal-height-no e-con e-parent\" data-id=\"4994f18\" data-element_type=\"container\">\n\t\t\t\t\t<div class=\"e-con-inner\">\n\t\t\t\t\t<\/div>\n\t\t\t\t<\/div>\n\t\t\t\t<\/div>\n\t\t","protected":false},"excerpt":{"rendered":"<p>Mentions l\u00e9gales Conform\u00e9ment aux dispositions de la loi n\u00b02004-575 du 21 juin 2004 pour la confiance dans l\u2019\u00e9conomie num\u00e9rique, il est pr\u00e9cis\u00e9 aux utilisateurs du site www.domainedelavalleedesevre.fr l\u2019identit\u00e9 des diff\u00e9rents intervenants dans le cadre de sa r\u00e9alisation et de son suivi. 1. \u00c9diteur du site Domaine de la Vall\u00e9e de S\u00e8vreAdresse : Le Chalet du Plessis 85290 Mortagne sur S\u00e8vre T\u00e9l\u00e9phone : 07 43 45 76 64E-mail : gites@domainedelavalleedesevre.frRepr\u00e9sentant l\u00e9gal : Peggy Fouchard 2. H\u00e9bergeur Le site est h\u00e9berg\u00e9 par :o2switchChem. des Pardiaux, 63000 Clermont-FerrandFranceT\u00e9l\u00e9phone : 04 44 44 60 40Site web : https:\/\/www.o2switch.fr. Conception et webdesign Conception et r\u00e9alisation graphique du site :Studio Les Choses Simples \/ Virginie Le GallSite web : https:\/\/www.les-choses-simples.com 4. Propri\u00e9t\u00e9 intellectuelle L\u2019ensemble du site (textes, photographies, graphismes, logos, ic\u00f4nes, etc.) rel\u00e8ve de la l\u00e9gislation fran\u00e7aise et internationale sur le droit d\u2019auteur et la propri\u00e9t\u00e9 intellectuelle.Toute reproduction, repr\u00e9sentation, modification, publication, adaptation totale ou partielle du site, quel que soit le moyen ou le proc\u00e9d\u00e9 utilis\u00e9, est interdite sans autorisation \u00e9crite pr\u00e9alable du Domaine de la Vall\u00e9e de S\u00e8vre. 5. Donn\u00e9es personnelles Les informations personnelles collect\u00e9es via le site sont utilis\u00e9es uniquement pour les besoins li\u00e9s aux r\u00e9servations et \u00e0 la relation commerciale.Conform\u00e9ment au R\u00e8glement G\u00e9n\u00e9ral sur la Protection des Donn\u00e9es (RGPD) et \u00e0 la loi \u00ab Informatique et Libert\u00e9s \u00bb, vous disposez d\u2019un droit d\u2019acc\u00e8s, de rectification, de suppression et d\u2019opposition aux donn\u00e9es vous concernant.Vous pouvez exercer ces droits en adressant un mail \u00e0 : gites@domainedelavalleedesevre.fr 6. Responsabilit\u00e9 Le Domaine de la Vall\u00e9e de S\u00e8vre s\u2019efforce de fournir sur le site des informations exactes et mises \u00e0 jour. Toutefois, il ne pourra \u00eatre tenu responsable des omissions, inexactitudes ou carences dans la mise \u00e0 jour.Des liens hypertextes peuvent renvoyer vers d\u2019autres sites : le Domaine de la Vall\u00e9e de S\u00e8vre d\u00e9cline toute responsabilit\u00e9 quant aux contenus de ces sites tiers. 7. M\u00e9diation de la consommation Conform\u00e9ment \u00e0 l\u2019article L. 612-1 du Code de la consommation, en cas de litige, le client peut recourir gratuitement au service de m\u00e9diation de la consommation dont rel\u00e8ve le Domaine de la Vall\u00e9e de S\u00e8vre.Coordonn\u00e9es du m\u00e9diateur : [\u00e0 compl\u00e9ter selon l\u2019organisme choisi]. \u00a0<\/p>\n","protected":false},"author":1,"featured_media":795,"parent":0,"menu_order":0,"comment_status":"closed","ping_status":"closed","template":"elementor_header_footer","meta":{"ocean_post_layout":"","ocean_both_sidebars_style":"","ocean_both_sidebars_content_width":0,"ocean_both_sidebars_sidebars_width":0,"ocean_sidebar":"","ocean_second_sidebar":"","ocean_disable_margins":"enable","ocean_add_body_class":"","ocean_shortcode_before_top_bar":"","ocean_shortcode_after_top_bar":"","ocean_shortcode_before_header":"","ocean_shortcode_after_header":"","ocean_has_shortcode":"","ocean_shortcode_after_title":"","ocean_shortcode_before_footer_widgets":"","ocean_shortcode_after_footer_widgets":"","ocean_shortcode_before_footer_bottom":"","ocean_shortcode_after_footer_bottom":"","ocean_display_top_bar":"default","ocean_display_header":"default","ocean_header_style":"","ocean_center_header_left_menu":"","ocean_custom_header_template":"","ocean_custom_logo":0,"ocean_custom_retina_logo":0,"ocean_custom_logo_max_width":0,"ocean_custom_logo_tablet_max_width":0,"ocean_custom_logo_mobile_max_width":0,"ocean_custom_logo_max_height":0,"ocean_custom_logo_tablet_max_height":0,"ocean_custom_logo_mobile_max_height":0,"ocean_header_custom_menu":"","ocean_menu_typo_font_family":"","ocean_menu_typo_font_subset":"","ocean_menu_typo_font_size":0,"ocean_menu_typo_font_size_tablet":0,"ocean_menu_typo_font_size_mobile":0,"ocean_menu_typo_font_size_unit":"px","ocean_menu_typo_font_weight":"","ocean_menu_typo_font_weight_tablet":"","ocean_menu_typo_font_weight_mobile":"","ocean_menu_typo_transform":"","ocean_menu_typo_transform_tablet":"","ocean_menu_typo_transform_mobile":"","ocean_menu_typo_line_height":0,"ocean_menu_typo_line_height_tablet":0,"ocean_menu_typo_line_height_mobile":0,"ocean_menu_typo_line_height_unit":"","ocean_menu_typo_spacing":0,"ocean_menu_typo_spacing_tablet":0,"ocean_menu_typo_spacing_mobile":0,"ocean_menu_typo_spacing_unit":"","ocean_menu_link_color":"","ocean_menu_link_color_hover":"","ocean_menu_link_color_active":"","ocean_menu_link_background":"","ocean_menu_link_hover_background":"","ocean_menu_link_active_background":"","ocean_menu_social_links_bg":"","ocean_menu_social_hover_links_bg":"","ocean_menu_social_links_color":"","ocean_menu_social_hover_links_color":"","ocean_disable_title":"default","ocean_disable_heading":"default","ocean_post_title":"","ocean_post_subheading":"","ocean_post_title_style":"","ocean_post_title_background_color":"","ocean_post_title_background":0,"ocean_post_title_bg_image_position":"","ocean_post_title_bg_image_attachment":"","ocean_post_title_bg_image_repeat":"","ocean_post_title_bg_image_size":"","ocean_post_title_height":0,"ocean_post_title_bg_overlay":0.5,"ocean_post_title_bg_overlay_color":"","ocean_disable_breadcrumbs":"default","ocean_breadcrumbs_color":"","ocean_breadcrumbs_separator_color":"","ocean_breadcrumbs_links_color":"","ocean_breadcrumbs_links_hover_color":"","ocean_display_footer_widgets":"default","ocean_display_footer_bottom":"default","ocean_custom_footer_template":"","footnotes":""},"class_list":["post-1034","page","type-page","status-publish","has-post-thumbnail","hentry","entry","has-media"],"yoast_head":"<!-- This site is optimized with the Yoast SEO plugin v27.5 - https:\/\/yoast.com\/product\/yoast-seo-wordpress\/ -->\n<title>Mentions l\u00e9gales - Domaine de la vall\u00e9e de S\u00e8vre<\/title>\n<meta name=\"description\" content=\"\u00abG\u00eete L\u2019Acacia : charme, confort et terrasse avec vue campagne dans la Vall\u00e9e de la S\u00e8vre. Id\u00e9al pour 2-4 pers, \u00e0 proximit\u00e9 du Puy du Fou.\" \/>\n<meta name=\"robots\" content=\"index, follow, max-snippet:-1, max-image-preview:large, max-video-preview:-1\" \/>\n<link rel=\"canonical\" href=\"https:\/\/www.domainedelavalleedesevre.fr\/en\/mentions-legales\/\" \/>\n<meta property=\"og:locale\" content=\"en_US\" \/>\n<meta property=\"og:type\" content=\"article\" \/>\n<meta property=\"og:title\" content=\"Mentions l\u00e9gales - Domaine de la vall\u00e9e de S\u00e8vre\" \/>\n<meta property=\"og:description\" content=\"\u00abG\u00eete L\u2019Acacia : charme, confort et terrasse avec vue campagne dans la Vall\u00e9e de la S\u00e8vre. Id\u00e9al pour 2-4 pers, \u00e0 proximit\u00e9 du Puy du Fou.\" \/>\n<meta property=\"og:url\" content=\"https:\/\/www.domainedelavalleedesevre.fr\/en\/mentions-legales\/\" \/>\n<meta property=\"og:site_name\" content=\"Domaine de la vall\u00e9e de S\u00e8vre\" \/>\n<meta property=\"article:modified_time\" content=\"2025-09-23T09:44:26+00:00\" \/>\n<meta property=\"og:image\" content=\"https:\/\/www.domainedelavalleedesevre.fr\/wp-content\/uploads\/2025\/09\/Gites-Mortagne-sur-Sevre-11.jpg\" \/>\n\t<meta property=\"og:image:width\" content=\"2000\" \/>\n\t<meta property=\"og:image:height\" content=\"1333\" \/>\n\t<meta property=\"og:image:type\" content=\"image\/jpeg\" \/>\n<meta name=\"twitter:card\" content=\"summary_large_image\" \/>\n<meta name=\"twitter:label1\" content=\"Est. reading time\" \/>\n\t<meta name=\"twitter:data1\" content=\"1 minute\" \/>\n<script type=\"application\/ld+json\" class=\"yoast-schema-graph\">{\"@context\":\"https:\\\/\\\/schema.org\",\"@graph\":[{\"@type\":\"WebPage\",\"@id\":\"https:\\\/\\\/www.domainedelavalleedesevre.fr\\\/mentions-legales\\\/\",\"url\":\"https:\\\/\\\/www.domainedelavalleedesevre.fr\\\/mentions-legales\\\/\",\"name\":\"Mentions l\u00e9gales - Domaine de la vall\u00e9e de S\u00e8vre\",\"isPartOf\":{\"@id\":\"https:\\\/\\\/www.domainedelavalleedesevre.fr\\\/#website\"},\"primaryImageOfPage\":{\"@id\":\"https:\\\/\\\/www.domainedelavalleedesevre.fr\\\/mentions-legales\\\/#primaryimage\"},\"image\":{\"@id\":\"https:\\\/\\\/www.domainedelavalleedesevre.fr\\\/mentions-legales\\\/#primaryimage\"},\"thumbnailUrl\":\"https:\\\/\\\/www.domainedelavalleedesevre.fr\\\/wp-content\\\/uploads\\\/2025\\\/09\\\/Gites-Mortagne-sur-Sevre-11.jpg\",\"datePublished\":\"2025-09-23T09:28:58+00:00\",\"dateModified\":\"2025-09-23T09:44:26+00:00\",\"description\":\"\u00abG\u00eete L\u2019Acacia : charme, confort et terrasse avec vue campagne dans la Vall\u00e9e de la S\u00e8vre. Id\u00e9al pour 2-4 pers, \u00e0 proximit\u00e9 du Puy du Fou.\",\"breadcrumb\":{\"@id\":\"https:\\\/\\\/www.domainedelavalleedesevre.fr\\\/mentions-legales\\\/#breadcrumb\"},\"inLanguage\":\"en-US\",\"potentialAction\":[{\"@type\":\"ReadAction\",\"target\":[\"https:\\\/\\\/www.domainedelavalleedesevre.fr\\\/mentions-legales\\\/\"]}]},{\"@type\":\"ImageObject\",\"inLanguage\":\"en-US\",\"@id\":\"https:\\\/\\\/www.domainedelavalleedesevre.fr\\\/mentions-legales\\\/#primaryimage\",\"url\":\"https:\\\/\\\/www.domainedelavalleedesevre.fr\\\/wp-content\\\/uploads\\\/2025\\\/09\\\/Gites-Mortagne-sur-Sevre-11.jpg\",\"contentUrl\":\"https:\\\/\\\/www.domainedelavalleedesevre.fr\\\/wp-content\\\/uploads\\\/2025\\\/09\\\/Gites-Mortagne-sur-Sevre-11.jpg\",\"width\":2000,\"height\":1333},{\"@type\":\"BreadcrumbList\",\"@id\":\"https:\\\/\\\/www.domainedelavalleedesevre.fr\\\/mentions-legales\\\/#breadcrumb\",\"itemListElement\":[{\"@type\":\"ListItem\",\"position\":1,\"name\":\"Accueil\",\"item\":\"https:\\\/\\\/www.domainedelavalleedesevre.fr\\\/\"},{\"@type\":\"ListItem\",\"position\":2,\"name\":\"Mentions l\u00e9gales\"}]},{\"@type\":\"WebSite\",\"@id\":\"https:\\\/\\\/www.domainedelavalleedesevre.fr\\\/#website\",\"url\":\"https:\\\/\\\/www.domainedelavalleedesevre.fr\\\/\",\"name\":\"Domaine de la vall\u00e9e de S\u00e8vre\",\"description\":\"\",\"potentialAction\":[{\"@type\":\"SearchAction\",\"target\":{\"@type\":\"EntryPoint\",\"urlTemplate\":\"https:\\\/\\\/www.domainedelavalleedesevre.fr\\\/?s={search_term_string}\"},\"query-input\":{\"@type\":\"PropertyValueSpecification\",\"valueRequired\":true,\"valueName\":\"search_term_string\"}}],\"inLanguage\":\"en-US\"}]}<\/script>\n<!-- \/ Yoast SEO plugin. -->","yoast_head_json":{"title":"Mentions l\u00e9gales - Domaine de la vall\u00e9e de S\u00e8vre","description":"\u00abG\u00eete L\u2019Acacia : charme, confort et terrasse avec vue campagne dans la Vall\u00e9e de la S\u00e8vre. Id\u00e9al pour 2-4 pers, \u00e0 proximit\u00e9 du Puy du Fou.","robots":{"index":"index","follow":"follow","max-snippet":"max-snippet:-1","max-image-preview":"max-image-preview:large","max-video-preview":"max-video-preview:-1"},"canonical":"https:\/\/www.domainedelavalleedesevre.fr\/en\/mentions-legales\/","og_locale":"en_US","og_type":"article","og_title":"Mentions l\u00e9gales - Domaine de la vall\u00e9e de S\u00e8vre","og_description":"\u00abG\u00eete L\u2019Acacia : charme, confort et terrasse avec vue campagne dans la Vall\u00e9e de la S\u00e8vre. Id\u00e9al pour 2-4 pers, \u00e0 proximit\u00e9 du Puy du Fou.","og_url":"https:\/\/www.domainedelavalleedesevre.fr\/en\/mentions-legales\/","og_site_name":"Domaine de la vall\u00e9e de S\u00e8vre","article_modified_time":"2025-09-23T09:44:26+00:00","og_image":[{"width":2000,"height":1333,"url":"https:\/\/www.domainedelavalleedesevre.fr\/wp-content\/uploads\/2025\/09\/Gites-Mortagne-sur-Sevre-11.jpg","type":"image\/jpeg"}],"twitter_card":"summary_large_image","twitter_misc":{"Est. reading time":"1 minute"},"schema":{"@context":"https:\/\/schema.org","@graph":[{"@type":"WebPage","@id":"https:\/\/www.domainedelavalleedesevre.fr\/mentions-legales\/","url":"https:\/\/www.domainedelavalleedesevre.fr\/mentions-legales\/","name":"Mentions l\u00e9gales - Domaine de la vall\u00e9e de S\u00e8vre","isPartOf":{"@id":"https:\/\/www.domainedelavalleedesevre.fr\/#website"},"primaryImageOfPage":{"@id":"https:\/\/www.domainedelavalleedesevre.fr\/mentions-legales\/#primaryimage"},"image":{"@id":"https:\/\/www.domainedelavalleedesevre.fr\/mentions-legales\/#primaryimage"},"thumbnailUrl":"https:\/\/www.domainedelavalleedesevre.fr\/wp-content\/uploads\/2025\/09\/Gites-Mortagne-sur-Sevre-11.jpg","datePublished":"2025-09-23T09:28:58+00:00","dateModified":"2025-09-23T09:44:26+00:00","description":"\u00abG\u00eete L\u2019Acacia : charme, confort et terrasse avec vue campagne dans la Vall\u00e9e de la S\u00e8vre. Id\u00e9al pour 2-4 pers, \u00e0 proximit\u00e9 du Puy du Fou.","breadcrumb":{"@id":"https:\/\/www.domainedelavalleedesevre.fr\/mentions-legales\/#breadcrumb"},"inLanguage":"en-US","potentialAction":[{"@type":"ReadAction","target":["https:\/\/www.domainedelavalleedesevre.fr\/mentions-legales\/"]}]},{"@type":"ImageObject","inLanguage":"en-US","@id":"https:\/\/www.domainedelavalleedesevre.fr\/mentions-legales\/#primaryimage","url":"https:\/\/www.domainedelavalleedesevre.fr\/wp-content\/uploads\/2025\/09\/Gites-Mortagne-sur-Sevre-11.jpg","contentUrl":"https:\/\/www.domainedelavalleedesevre.fr\/wp-content\/uploads\/2025\/09\/Gites-Mortagne-sur-Sevre-11.jpg","width":2000,"height":1333},{"@type":"BreadcrumbList","@id":"https:\/\/www.domainedelavalleedesevre.fr\/mentions-legales\/#breadcrumb","itemListElement":[{"@type":"ListItem","position":1,"name":"Accueil","item":"https:\/\/www.domainedelavalleedesevre.fr\/"},{"@type":"ListItem","position":2,"name":"Mentions l\u00e9gales"}]},{"@type":"WebSite","@id":"https:\/\/www.domainedelavalleedesevre.fr\/#website","url":"https:\/\/www.domainedelavalleedesevre.fr\/","name":"Domaine de la vall\u00e9e de S\u00e8vre","description":"","potentialAction":[{"@type":"SearchAction","target":{"@type":"EntryPoint","urlTemplate":"https:\/\/www.domainedelavalleedesevre.fr\/?s={search_term_string}"},"query-input":{"@type":"PropertyValueSpecification","valueRequired":true,"valueName":"search_term_string"}}],"inLanguage":"en-US"}]}},"_links":{"self":[{"href":"https:\/\/www.domainedelavalleedesevre.fr\/en\/wp-json\/wp\/v2\/pages\/1034","targetHints":{"allow":["GET"]}}],"collection":[{"href":"https:\/\/www.domainedelavalleedesevre.fr\/en\/wp-json\/wp\/v2\/pages"}],"about":[{"href":"https:\/\/www.domainedelavalleedesevre.fr\/en\/wp-json\/wp\/v2\/types\/page"}],"author":[{"embeddable":true,"href":"https:\/\/www.domainedelavalleedesevre.fr\/en\/wp-json\/wp\/v2\/users\/1"}],"replies":[{"embeddable":true,"href":"https:\/\/www.domainedelavalleedesevre.fr\/en\/wp-json\/wp\/v2\/comments?post=1034"}],"version-history":[{"count":10,"href":"https:\/\/www.domainedelavalleedesevre.fr\/en\/wp-json\/wp\/v2\/pages\/1034\/revisions"}],"predecessor-version":[{"id":1049,"href":"https:\/\/www.domainedelavalleedesevre.fr\/en\/wp-json\/wp\/v2\/pages\/1034\/revisions\/1049"}],"wp:featuredmedia":[{"embeddable":true,"href":"https:\/\/www.domainedelavalleedesevre.fr\/en\/wp-json\/wp\/v2\/media\/795"}],"wp:attachment":[{"href":"https:\/\/www.domainedelavalleedesevre.fr\/en\/wp-json\/wp\/v2\/media?parent=1034"}],"curies":[{"name":"wp","href":"https:\/\/api.w.org\/{rel}","templated":true}]}}