{"id":335,"date":"2025-06-02T08:56:48","date_gmt":"2025-06-02T08:56:48","guid":{"rendered":"https:\/\/www.domainedelavalleedesevre.fr\/?page_id=335"},"modified":"2025-09-20T13:42:14","modified_gmt":"2025-09-20T13:42:14","slug":"le-domaine","status":"publish","type":"page","link":"https:\/\/www.domainedelavalleedesevre.fr\/en\/le-domaine\/","title":{"rendered":"The Estate"},"content":{"rendered":"<div data-elementor-type=\"wp-page\" data-elementor-id=\"335\" class=\"elementor elementor-335\">\n\t\t\t\t<div class=\"elementor-element elementor-element-c7afe81 e-flex e-con-boxed wpr-particle-no wpr-jarallax-no wpr-parallax-no wpr-sticky-section-no wpr-equal-height-no e-con e-parent\" data-id=\"c7afe81\" data-element_type=\"container\" data-settings=\"{&quot;background_background&quot;:&quot;classic&quot;}\">\n\t\t\t\t\t<div class=\"e-con-inner\">\n\t\t\t\t<div class=\"elementor-element elementor-element-82759de elementor-widget elementor-widget-spacer\" data-id=\"82759de\" data-element_type=\"widget\" data-widget_type=\"spacer.default\">\n\t\t\t\t<div class=\"elementor-widget-container\">\n\t\t\t\t\t\t\t<div class=\"elementor-spacer\">\n\t\t\t<div class=\"elementor-spacer-inner\"><\/div>\n\t\t<\/div>\n\t\t\t\t\t\t<\/div>\n\t\t\t\t<\/div>\n\t\t\t\t<div class=\"elementor-element elementor-element-ab37589 elementor-widget elementor-widget-image\" data-id=\"ab37589\" data-element_type=\"widget\" data-widget_type=\"image.default\">\n\t\t\t\t<div class=\"elementor-widget-container\">\n\t\t\t\t\t\t\t\t\t\t\t\t\t\t\t<img fetchpriority=\"high\" decoding=\"async\" width=\"931\" height=\"1024\" src=\"https:\/\/www.domainedelavalleedesevre.fr\/wp-content\/uploads\/2025\/05\/Logo-OK-sans-texte-blanc-931x1024.png\" class=\"attachment-large size-large wp-image-77\" alt=\"\" srcset=\"https:\/\/www.domainedelavalleedesevre.fr\/wp-content\/uploads\/2025\/05\/Logo-OK-sans-texte-blanc-931x1024.png 931w, https:\/\/www.domainedelavalleedesevre.fr\/wp-content\/uploads\/2025\/05\/Logo-OK-sans-texte-blanc-273x300.png 273w, https:\/\/www.domainedelavalleedesevre.fr\/wp-content\/uploads\/2025\/05\/Logo-OK-sans-texte-blanc-768x845.png 768w, https:\/\/www.domainedelavalleedesevre.fr\/wp-content\/uploads\/2025\/05\/Logo-OK-sans-texte-blanc-1396x1536.png 1396w, https:\/\/www.domainedelavalleedesevre.fr\/wp-content\/uploads\/2025\/05\/Logo-OK-sans-texte-blanc.png 1646w\" sizes=\"(max-width: 931px) 100vw, 931px\" \/>\t\t\t\t\t\t\t\t\t\t\t\t\t\t\t<\/div>\n\t\t\t\t<\/div>\n\t\t\t\t<div class=\"elementor-element elementor-element-fbc9d49 elementor-widget elementor-widget-heading\" data-id=\"fbc9d49\" data-element_type=\"widget\" data-widget_type=\"heading.default\">\n\t\t\t\t<div class=\"elementor-widget-container\">\n\t\t\t\t\t<h2 class=\"elementor-heading-title elementor-size-default\">The history of the estate<\/h2>\t\t\t\t<\/div>\n\t\t\t\t<\/div>\n\t\t\t\t\t<\/div>\n\t\t\t\t<\/div>\n\t\t<div class=\"elementor-element elementor-element-f322f3a e-flex e-con-boxed wpr-particle-no wpr-jarallax-no wpr-parallax-no wpr-sticky-section-no wpr-equal-height-no e-con e-parent\" data-id=\"f322f3a\" data-element_type=\"container\">\n\t\t\t\t\t<div class=\"e-con-inner\">\n\t\t\t\t<div class=\"elementor-element elementor-element-d39ec63 elementor-widget elementor-widget-spacer\" data-id=\"d39ec63\" data-element_type=\"widget\" data-widget_type=\"spacer.default\">\n\t\t\t\t<div class=\"elementor-widget-container\">\n\t\t\t\t\t\t\t<div class=\"elementor-spacer\">\n\t\t\t<div class=\"elementor-spacer-inner\"><\/div>\n\t\t<\/div>\n\t\t\t\t\t\t<\/div>\n\t\t\t\t<\/div>\n\t\t\t\t\t<\/div>\n\t\t\t\t<\/div>\n\t\t<div class=\"elementor-element elementor-element-69cd626 e-flex e-con-boxed wpr-particle-no wpr-jarallax-no wpr-parallax-no wpr-sticky-section-no wpr-equal-height-no e-con e-parent\" data-id=\"69cd626\" data-element_type=\"container\">\n\t\t\t\t\t<div class=\"e-con-inner\">\n\t\t<div class=\"elementor-element elementor-element-4766880 e-con-full e-flex wpr-particle-no wpr-jarallax-no wpr-parallax-no wpr-sticky-section-no wpr-equal-height-no e-con e-child\" data-id=\"4766880\" data-element_type=\"container\">\n\t\t\t\t<div class=\"elementor-element elementor-element-a03a4bd elementor-widget elementor-widget-heading\" data-id=\"a03a4bd\" data-element_type=\"widget\" data-widget_type=\"heading.default\">\n\t\t\t\t<div class=\"elementor-widget-container\">\n\t\t\t\t\t<h2 class=\"elementor-heading-title elementor-size-default\">An area steeped in history<\/h2>\t\t\t\t<\/div>\n\t\t\t\t<\/div>\n\t\t\t\t<div class=\"elementor-element elementor-element-ce643a2 elementor-widget-divider--view-line elementor-widget elementor-widget-divider\" data-id=\"ce643a2\" data-element_type=\"widget\" data-widget_type=\"divider.default\">\n\t\t\t\t<div class=\"elementor-widget-container\">\n\t\t\t\t\t\t\t<div class=\"elementor-divider\">\n\t\t\t<span class=\"elementor-divider-separator\">\n\t\t\t\t\t\t<\/span>\n\t\t<\/div>\n\t\t\t\t\t\t<\/div>\n\t\t\t\t<\/div>\n\t\t\t\t<div class=\"elementor-element elementor-element-535f2b5 elementor-widget elementor-widget-text-editor\" data-id=\"535f2b5\" data-element_type=\"widget\" data-widget_type=\"text-editor.default\">\n\t\t\t\t<div class=\"elementor-widget-container\">\n\t\t\t\t\t\t\t\t\t<p>A unique place in our region! The estate includes several buildings dating back to the 19th century. The panorama over the hillsides of the S\u00e8vre Nantaise Valley is magnificent in all seasons, a true haven of peace.<\/p><p>La vaste demeure principale est id\u00e9alement situ\u00e9e sur les hauteurs des coteaux pour dominer l\u2019enlacement de la rivi\u00e8re entre les p\u00e2turages verdoyants du bocage vend\u00e9en. Le style architectural de fin du 19<sup>e<\/sup>, plut\u00f4t cossu et quelque peu fastueux, est rare dans la r\u00e9gion et attire l\u2019\u0153il du promeneur qui se balade en bord de S\u00e8vre. Son belv\u00e9d\u00e8re couvre un large panorama dont on ne se lasse pas. La b\u00e2tisse est enti\u00e8rement r\u00e9nov\u00e9e dans le respect de son style d\u2019origine, pour retrouver l\u2019apparat d\u2019antan, lorsqu\u2019elle servait de lieu de r\u00e9ception pour les h\u00f4tes de la r\u00e9gion Vend\u00e9enne.<\/p><p>Quel plaisir de profiter du grand parc pour s&rsquo;y \u00e9vader et profiter de la nature et des animaux pr\u00e9sents dans le parc. C\u2019est le lieu de d\u00e9part de vos balades en bord de S\u00e8vre. Au d\u00e9part du Gite, vous n\u2019aurez que l\u2019embarras du choix de la direction \u00e0 prendre pour vous rendre au c\u00e9l\u00e8bre pont de Barbin (\u00e9clair\u00e9 de nuit, c\u2019est inoubliable), suivre la coul\u00e9e verte qui est un parcours de randonn\u00e9es balis\u00e9 par le d\u00e9partement de la Vend\u00e9e pour des dizaines de KM dans le paysage du bocage Vend\u00e9en, ou bien encore visiter l\u2019atelier de vitraux \u00e0 5 mn \u00e0 pied, dans un cadre magnifique dans un petit village aux maisons caract\u00e9ristiques du bocage vend\u00e9en.<\/p>\t\t\t\t\t\t\t\t<\/div>\n\t\t\t\t<\/div>\n\t\t\t\t<\/div>\n\t\t<div class=\"elementor-element elementor-element-9cd90ad e-con-full e-flex wpr-particle-no wpr-jarallax-no wpr-parallax-no wpr-sticky-section-no wpr-equal-height-no e-con e-child\" data-id=\"9cd90ad\" data-element_type=\"container\">\n\t\t\t\t<div class=\"elementor-element elementor-element-b67fcc7 elementor-widget elementor-widget-image\" data-id=\"b67fcc7\" data-element_type=\"widget\" data-widget_type=\"image.default\">\n\t\t\t\t<div class=\"elementor-widget-container\">\n\t\t\t\t\t\t\t\t\t\t\t\t\t\t\t<img decoding=\"async\" width=\"1200\" height=\"900\" src=\"https:\/\/www.domainedelavalleedesevre.fr\/wp-content\/uploads\/2025\/05\/promenade-sevre-nantaise-a-mortagne-sur-sevre.jpg\" class=\"attachment-full size-full wp-image-223\" alt=\"\" srcset=\"https:\/\/www.domainedelavalleedesevre.fr\/wp-content\/uploads\/2025\/05\/promenade-sevre-nantaise-a-mortagne-sur-sevre.jpg 1200w, https:\/\/www.domainedelavalleedesevre.fr\/wp-content\/uploads\/2025\/05\/promenade-sevre-nantaise-a-mortagne-sur-sevre-300x225.jpg 300w, https:\/\/www.domainedelavalleedesevre.fr\/wp-content\/uploads\/2025\/05\/promenade-sevre-nantaise-a-mortagne-sur-sevre-1024x768.jpg 1024w, https:\/\/www.domainedelavalleedesevre.fr\/wp-content\/uploads\/2025\/05\/promenade-sevre-nantaise-a-mortagne-sur-sevre-768x576.jpg 768w\" sizes=\"(max-width: 1200px) 100vw, 1200px\" \/>\t\t\t\t\t\t\t\t\t\t\t\t\t\t\t<\/div>\n\t\t\t\t<\/div>\n\t\t\t\t<\/div>\n\t\t\t\t\t<\/div>\n\t\t\t\t<\/div>\n\t\t<div class=\"elementor-element elementor-element-9362586 e-transform e-flex e-con-boxed wpr-particle-no wpr-jarallax-no wpr-parallax-no wpr-sticky-section-no wpr-equal-height-no e-con e-parent\" data-id=\"9362586\" data-element_type=\"container\" data-settings=\"{&quot;_transform_translateX_effect&quot;:{&quot;unit&quot;:&quot;px&quot;,&quot;size&quot;:&quot;&quot;,&quot;sizes&quot;:[]},&quot;_transform_translateX_effect_tablet&quot;:{&quot;unit&quot;:&quot;px&quot;,&quot;size&quot;:&quot;&quot;,&quot;sizes&quot;:[]},&quot;_transform_translateX_effect_mobile&quot;:{&quot;unit&quot;:&quot;px&quot;,&quot;size&quot;:&quot;&quot;,&quot;sizes&quot;:[]},&quot;_transform_translateY_effect&quot;:{&quot;unit&quot;:&quot;px&quot;,&quot;size&quot;:&quot;&quot;,&quot;sizes&quot;:[]},&quot;_transform_translateY_effect_tablet&quot;:{&quot;unit&quot;:&quot;px&quot;,&quot;size&quot;:&quot;&quot;,&quot;sizes&quot;:[]},&quot;_transform_translateY_effect_mobile&quot;:{&quot;unit&quot;:&quot;px&quot;,&quot;size&quot;:&quot;&quot;,&quot;sizes&quot;:[]}}\">\n\t\t\t\t\t<div class=\"e-con-inner\">\n\t\t<div class=\"elementor-element elementor-element-4bf7f55 e-con-full e-flex wpr-particle-no wpr-jarallax-no wpr-parallax-no wpr-sticky-section-no wpr-equal-height-no e-con e-child\" data-id=\"4bf7f55\" data-element_type=\"container\">\n\t\t\t\t<div class=\"elementor-element elementor-element-4c29133 elementor-widget elementor-widget-image\" data-id=\"4c29133\" data-element_type=\"widget\" data-widget_type=\"image.default\">\n\t\t\t\t<div class=\"elementor-widget-container\">\n\t\t\t\t\t\t\t\t\t\t\t\t\t\t\t<img decoding=\"async\" width=\"1200\" height=\"1600\" src=\"https:\/\/www.domainedelavalleedesevre.fr\/wp-content\/uploads\/2025\/07\/IMG-20250710-WA0019.jpg\" class=\"attachment-full size-full wp-image-736\" alt=\"\" srcset=\"https:\/\/www.domainedelavalleedesevre.fr\/wp-content\/uploads\/2025\/07\/IMG-20250710-WA0019.jpg 1200w, https:\/\/www.domainedelavalleedesevre.fr\/wp-content\/uploads\/2025\/07\/IMG-20250710-WA0019-225x300.jpg 225w, https:\/\/www.domainedelavalleedesevre.fr\/wp-content\/uploads\/2025\/07\/IMG-20250710-WA0019-768x1024.jpg 768w, https:\/\/www.domainedelavalleedesevre.fr\/wp-content\/uploads\/2025\/07\/IMG-20250710-WA0019-1152x1536.jpg 1152w\" sizes=\"(max-width: 1200px) 100vw, 1200px\" \/>\t\t\t\t\t\t\t\t\t\t\t\t\t\t\t<\/div>\n\t\t\t\t<\/div>\n\t\t\t\t<div class=\"elementor-element elementor-element-94338e4 e-transform elementor-widget elementor-widget-image\" data-id=\"94338e4\" data-element_type=\"widget\" data-settings=\"{&quot;_transform_translateX_effect&quot;:{&quot;unit&quot;:&quot;px&quot;,&quot;size&quot;:4,&quot;sizes&quot;:[]},&quot;_transform_translateY_effect&quot;:{&quot;unit&quot;:&quot;px&quot;,&quot;size&quot;:-148,&quot;sizes&quot;:[]},&quot;_transform_translateX_effect_tablet&quot;:{&quot;unit&quot;:&quot;px&quot;,&quot;size&quot;:&quot;&quot;,&quot;sizes&quot;:[]},&quot;_transform_translateX_effect_mobile&quot;:{&quot;unit&quot;:&quot;px&quot;,&quot;size&quot;:&quot;&quot;,&quot;sizes&quot;:[]},&quot;_transform_translateY_effect_tablet&quot;:{&quot;unit&quot;:&quot;px&quot;,&quot;size&quot;:&quot;&quot;,&quot;sizes&quot;:[]},&quot;_transform_translateY_effect_mobile&quot;:{&quot;unit&quot;:&quot;px&quot;,&quot;size&quot;:&quot;&quot;,&quot;sizes&quot;:[]}}\" data-widget_type=\"image.default\">\n\t\t\t\t<div class=\"elementor-widget-container\">\n\t\t\t\t\t\t\t\t\t\t\t\t\t\t\t<img loading=\"lazy\" decoding=\"async\" width=\"1200\" height=\"1600\" src=\"https:\/\/www.domainedelavalleedesevre.fr\/wp-content\/uploads\/2025\/07\/IMG-20250710-WA0021.jpg\" class=\"attachment-full size-full wp-image-737\" alt=\"\" srcset=\"https:\/\/www.domainedelavalleedesevre.fr\/wp-content\/uploads\/2025\/07\/IMG-20250710-WA0021.jpg 1200w, https:\/\/www.domainedelavalleedesevre.fr\/wp-content\/uploads\/2025\/07\/IMG-20250710-WA0021-225x300.jpg 225w, https:\/\/www.domainedelavalleedesevre.fr\/wp-content\/uploads\/2025\/07\/IMG-20250710-WA0021-768x1024.jpg 768w, https:\/\/www.domainedelavalleedesevre.fr\/wp-content\/uploads\/2025\/07\/IMG-20250710-WA0021-1152x1536.jpg 1152w\" sizes=\"(max-width: 1200px) 100vw, 1200px\" \/>\t\t\t\t\t\t\t\t\t\t\t\t\t\t\t<\/div>\n\t\t\t\t<\/div>\n\t\t\t\t<\/div>\n\t\t<div class=\"elementor-element elementor-element-ada2010 e-con-full e-flex wpr-particle-no wpr-jarallax-no wpr-parallax-no wpr-sticky-section-no wpr-equal-height-no e-con e-child\" data-id=\"ada2010\" data-element_type=\"container\">\n\t\t\t\t<div class=\"elementor-element elementor-element-d5b25be elementor-widget elementor-widget-heading\" data-id=\"d5b25be\" data-element_type=\"widget\" data-widget_type=\"heading.default\">\n\t\t\t\t<div class=\"elementor-widget-container\">\n\t\t\t\t\t<h2 class=\"elementor-heading-title elementor-size-default\">Nature, conviviality and heritage in the S\u00e8vre Valley<\/h2>\t\t\t\t<\/div>\n\t\t\t\t<\/div>\n\t\t\t\t<div class=\"elementor-element elementor-element-038604d elementor-widget-divider--view-line elementor-widget elementor-widget-divider\" data-id=\"038604d\" data-element_type=\"widget\" data-widget_type=\"divider.default\">\n\t\t\t\t<div class=\"elementor-widget-container\">\n\t\t\t\t\t\t\t<div class=\"elementor-divider\">\n\t\t\t<span class=\"elementor-divider-separator\">\n\t\t\t\t\t\t<\/span>\n\t\t<\/div>\n\t\t\t\t\t\t<\/div>\n\t\t\t\t<\/div>\n\t\t\t\t<div class=\"elementor-element elementor-element-362b163 elementor-widget elementor-widget-text-editor\" data-id=\"362b163\" data-element_type=\"widget\" data-widget_type=\"text-editor.default\">\n\t\t\t\t<div class=\"elementor-widget-container\">\n\t\t\t\t\t\t\t\t\t<hr data-start=\"67\" data-end=\"70\" \/><p data-start=\"72\" data-end=\"396\">Horseback riders are warmly welcomed to the estate, where everything has been designed to accommodate riders and horses in the best possible conditions. Our flexible and comfortable lodges can be combined to accommodate groups, providing an ideal setting for reunions with friends or family.<\/p><p>Le manoir majestueux qui surplombe la vall\u00e9e a \u00e9t\u00e9 enti\u00e8rement r\u00e9habilit\u00e9 au 19 e si\u00e8cle pour devenir un lieu de vill\u00e9giature estival servant de lieu de r\u00e9ception, entour\u00e9 d\u2019un vaste domaine au cadre champ\u00eatre et s\u2019ouvrant sur une grande all\u00e9e arbor\u00e9e descendant vers la villa et les d\u00e9pendances composant le parc.<\/p><p>On y d\u00e9couvre le chai , une b\u00e2tisse ind\u00e9pendante, qui servait alors \u00e0 fabriquer le vin issu des vignes qui descendaient le long des c\u00f4teaux allant \u00e0 la rivi\u00e8re\u00a0: mais aussi le cidre et autres jus de fruits issus des vergers. On suppose que les m\u00e9tayers, garde chasse et cuisiniers logeaient dans la suite de ce grand b\u00e2timent. Nous avons eu \u00e0 c\u0153ur de conserver l\u2019authenticit\u00e9 des pierres pour en faire un logement moderne, aux couleurs douces et chaudes, offrant tout le confort n\u00e9cessaire \u00e0 un parfait repos.<\/p><p>La diversit\u00e9 des activit\u00e9s, telles que les balades \u00e0 pied ou \u00e0 cheval, ainsi que la possibilit\u00e9 de faire du cano\u00eb-kayak, promettent des moments m\u00e9morables. Et la proximit\u00e9 du Puy du Fou et du Festival Musical de Poupet ajoute une dimension culturelle et divertissante \u00e0 ce s\u00e9jour.<\/p>\t\t\t\t\t\t\t\t<\/div>\n\t\t\t\t<\/div>\n\t\t\t\t<\/div>\n\t\t\t\t\t<\/div>\n\t\t\t\t<\/div>\n\t\t\t\t<\/div>","protected":false},"excerpt":{"rendered":"<p>L&rsquo;histoire du domaine Un domaine charg\u00e9 d\u2019histoire Un lieu unique dans notre r\u00e9gion ! Le domaine comporte plusieurs b\u00e2tisses datant du 19\u00b0 Si\u00e8cle. Le panorama sur les coteaux de la Vall\u00e9e de la S\u00e8vre Nantaise y est magnifique en toute saison, un v\u00e9ritable havre de paix. La vaste demeure principale est id\u00e9alement situ\u00e9e sur les hauteurs des coteaux pour dominer l\u2019enlacement de la rivi\u00e8re entre les p\u00e2turages verdoyants du bocage vend\u00e9en. Le style architectural de fin du 19e, plut\u00f4t cossu et quelque peu fastueux, est rare dans la r\u00e9gion et attire l\u2019\u0153il du promeneur qui se balade en bord de S\u00e8vre. Son belv\u00e9d\u00e8re couvre un large panorama dont on ne se lasse pas. La b\u00e2tisse est enti\u00e8rement r\u00e9nov\u00e9e dans le respect de son style d\u2019origine, pour retrouver l\u2019apparat d\u2019antan, lorsqu\u2019elle servait de lieu de r\u00e9ception pour les h\u00f4tes de la r\u00e9gion Vend\u00e9enne. Quel plaisir de profiter du grand parc pour s&rsquo;y \u00e9vader et profiter de la nature et des animaux pr\u00e9sents dans le parc. C\u2019est le lieu de d\u00e9part de vos balades en bord de S\u00e8vre. Au d\u00e9part du Gite, vous n\u2019aurez que l\u2019embarras du choix de la direction \u00e0 prendre pour vous rendre au c\u00e9l\u00e8bre pont de Barbin (\u00e9clair\u00e9 de nuit, c\u2019est inoubliable), suivre la coul\u00e9e verte qui est un parcours de randonn\u00e9es balis\u00e9 par le d\u00e9partement de la Vend\u00e9e pour des dizaines de KM dans le paysage du bocage Vend\u00e9en, ou bien encore visiter l\u2019atelier de vitraux \u00e0 5 mn \u00e0 pied, dans un cadre magnifique dans un petit village aux maisons caract\u00e9ristiques du bocage vend\u00e9en. Nature, convivialit\u00e9 et patrimoine en Vall\u00e9e de S\u00e8vre Les randonneurs \u00e9questres sont chaleureusement accueillis au domaine, o\u00f9 tout a \u00e9t\u00e9 pens\u00e9 pour recevoir cavaliers et montures dans les meilleures conditions. Modulables et confortables, nos g\u00eetes peuvent \u00eatre r\u00e9unis pour h\u00e9berger des groupes, offrant ainsi un cadre id\u00e9al pour des retrouvailles entre amis ou en famille. Le manoir majestueux qui surplombe la vall\u00e9e a \u00e9t\u00e9 enti\u00e8rement r\u00e9habilit\u00e9 au 19 e si\u00e8cle pour devenir un lieu de vill\u00e9giature estival servant de lieu de r\u00e9ception, entour\u00e9 d\u2019un vaste domaine au cadre champ\u00eatre et s\u2019ouvrant sur une grande all\u00e9e arbor\u00e9e descendant vers la villa et les d\u00e9pendances composant le parc. On y d\u00e9couvre le chai , une b\u00e2tisse ind\u00e9pendante, qui servait alors \u00e0 fabriquer le vin issu des vignes qui descendaient le long des c\u00f4teaux allant \u00e0 la rivi\u00e8re\u00a0: mais aussi le cidre et autres jus de fruits issus des vergers. On suppose que les m\u00e9tayers, garde chasse et cuisiniers logeaient dans la suite de ce grand b\u00e2timent. Nous avons eu \u00e0 c\u0153ur de conserver l\u2019authenticit\u00e9 des pierres pour en faire un logement moderne, aux couleurs douces et chaudes, offrant tout le confort n\u00e9cessaire \u00e0 un parfait repos. La diversit\u00e9 des activit\u00e9s, telles que les balades \u00e0 pied ou \u00e0 cheval, ainsi que la possibilit\u00e9 de faire du cano\u00eb-kayak, promettent des moments m\u00e9morables. Et la proximit\u00e9 du Puy du Fou et du Festival Musical de Poupet ajoute une dimension culturelle et divertissante \u00e0 ce s\u00e9jour.<\/p>","protected":false},"author":1,"featured_media":245,"parent":0,"menu_order":0,"comment_status":"closed","ping_status":"closed","template":"elementor_header_footer","meta":{"ocean_post_layout":"","ocean_both_sidebars_style":"","ocean_both_sidebars_content_width":0,"ocean_both_sidebars_sidebars_width":0,"ocean_sidebar":"","ocean_second_sidebar":"","ocean_disable_margins":"enable","ocean_add_body_class":"","ocean_shortcode_before_top_bar":"","ocean_shortcode_after_top_bar":"","ocean_shortcode_before_header":"","ocean_shortcode_after_header":"","ocean_has_shortcode":"","ocean_shortcode_after_title":"","ocean_shortcode_before_footer_widgets":"","ocean_shortcode_after_footer_widgets":"","ocean_shortcode_before_footer_bottom":"","ocean_shortcode_after_footer_bottom":"","ocean_display_top_bar":"default","ocean_display_header":"default","ocean_header_style":"","ocean_center_header_left_menu":"","ocean_custom_header_template":"","ocean_custom_logo":0,"ocean_custom_retina_logo":0,"ocean_custom_logo_max_width":0,"ocean_custom_logo_tablet_max_width":0,"ocean_custom_logo_mobile_max_width":0,"ocean_custom_logo_max_height":0,"ocean_custom_logo_tablet_max_height":0,"ocean_custom_logo_mobile_max_height":0,"ocean_header_custom_menu":"","ocean_menu_typo_font_family":"","ocean_menu_typo_font_subset":"","ocean_menu_typo_font_size":0,"ocean_menu_typo_font_size_tablet":0,"ocean_menu_typo_font_size_mobile":0,"ocean_menu_typo_font_size_unit":"px","ocean_menu_typo_font_weight":"","ocean_menu_typo_font_weight_tablet":"","ocean_menu_typo_font_weight_mobile":"","ocean_menu_typo_transform":"","ocean_menu_typo_transform_tablet":"","ocean_menu_typo_transform_mobile":"","ocean_menu_typo_line_height":0,"ocean_menu_typo_line_height_tablet":0,"ocean_menu_typo_line_height_mobile":0,"ocean_menu_typo_line_height_unit":"","ocean_menu_typo_spacing":0,"ocean_menu_typo_spacing_tablet":0,"ocean_menu_typo_spacing_mobile":0,"ocean_menu_typo_spacing_unit":"","ocean_menu_link_color":"","ocean_menu_link_color_hover":"","ocean_menu_link_color_active":"","ocean_menu_link_background":"","ocean_menu_link_hover_background":"","ocean_menu_link_active_background":"","ocean_menu_social_links_bg":"","ocean_menu_social_hover_links_bg":"","ocean_menu_social_links_color":"","ocean_menu_social_hover_links_color":"","ocean_disable_title":"default","ocean_disable_heading":"default","ocean_post_title":"","ocean_post_subheading":"","ocean_post_title_style":"","ocean_post_title_background_color":"","ocean_post_title_background":0,"ocean_post_title_bg_image_position":"","ocean_post_title_bg_image_attachment":"","ocean_post_title_bg_image_repeat":"","ocean_post_title_bg_image_size":"","ocean_post_title_height":0,"ocean_post_title_bg_overlay":0.5,"ocean_post_title_bg_overlay_color":"","ocean_disable_breadcrumbs":"default","ocean_breadcrumbs_color":"","ocean_breadcrumbs_separator_color":"","ocean_breadcrumbs_links_color":"","ocean_breadcrumbs_links_hover_color":"","ocean_display_footer_widgets":"default","ocean_display_footer_bottom":"default","ocean_custom_footer_template":"","footnotes":""},"class_list":["post-335","page","type-page","status-publish","has-post-thumbnail","hentry","entry","has-media"],"yoast_head":"<!-- This site is optimized with the Yoast SEO plugin v27.5 - https:\/\/yoast.com\/product\/yoast-seo-wordpress\/ -->\n<title>Le Domaine - Domaine de la vall\u00e9e de S\u00e8vre<\/title>\n<meta name=\"description\" content=\"D\u00e9couvrez Le Domaine : demeure du XIX\u1d49 si\u00e8cle, parc naturel et panorama sur la Vall\u00e9e de la S\u00e8vre. Confort, authenticit\u00e9, proche du Puy du Fou\" \/>\n<meta name=\"robots\" content=\"index, follow, max-snippet:-1, max-image-preview:large, max-video-preview:-1\" \/>\n<link rel=\"canonical\" href=\"https:\/\/www.domainedelavalleedesevre.fr\/en\/le-domaine\/\" \/>\n<meta property=\"og:locale\" content=\"en_US\" \/>\n<meta property=\"og:type\" content=\"article\" \/>\n<meta property=\"og:title\" content=\"Le Domaine - Domaine de la vall\u00e9e de S\u00e8vre\" \/>\n<meta property=\"og:description\" content=\"D\u00e9couvrez Le Domaine : demeure du XIX\u1d49 si\u00e8cle, parc naturel et panorama sur la Vall\u00e9e de la S\u00e8vre. Confort, authenticit\u00e9, proche du Puy du Fou\" \/>\n<meta property=\"og:url\" content=\"https:\/\/www.domainedelavalleedesevre.fr\/en\/le-domaine\/\" \/>\n<meta property=\"og:site_name\" content=\"Domaine de la vall\u00e9e de S\u00e8vre\" \/>\n<meta property=\"article:modified_time\" content=\"2025-09-20T13:42:14+00:00\" \/>\n<meta property=\"og:image\" content=\"https:\/\/www.domainedelavalleedesevre.fr\/wp-content\/uploads\/2025\/05\/bocagevendeen-a-a.lamoureux-vendeetourisme-2015-2025-1920x1080-f50_50.jpg\" \/>\n\t<meta property=\"og:image:width\" content=\"1920\" \/>\n\t<meta property=\"og:image:height\" content=\"1080\" \/>\n\t<meta property=\"og:image:type\" content=\"image\/jpeg\" \/>\n<meta name=\"twitter:card\" content=\"summary_large_image\" \/>\n<meta name=\"twitter:label1\" content=\"Est. reading time\" \/>\n\t<meta name=\"twitter:data1\" content=\"4 minutes\" \/>\n<script type=\"application\/ld+json\" class=\"yoast-schema-graph\">{\"@context\":\"https:\\\/\\\/schema.org\",\"@graph\":[{\"@type\":\"WebPage\",\"@id\":\"https:\\\/\\\/www.domainedelavalleedesevre.fr\\\/le-domaine\\\/\",\"url\":\"https:\\\/\\\/www.domainedelavalleedesevre.fr\\\/le-domaine\\\/\",\"name\":\"Le Domaine - Domaine de la vall\u00e9e de S\u00e8vre\",\"isPartOf\":{\"@id\":\"https:\\\/\\\/www.domainedelavalleedesevre.fr\\\/#website\"},\"primaryImageOfPage\":{\"@id\":\"https:\\\/\\\/www.domainedelavalleedesevre.fr\\\/le-domaine\\\/#primaryimage\"},\"image\":{\"@id\":\"https:\\\/\\\/www.domainedelavalleedesevre.fr\\\/le-domaine\\\/#primaryimage\"},\"thumbnailUrl\":\"https:\\\/\\\/www.domainedelavalleedesevre.fr\\\/wp-content\\\/uploads\\\/2025\\\/05\\\/bocagevendeen-a-a.lamoureux-vendeetourisme-2015-2025-1920x1080-f50_50.jpg\",\"datePublished\":\"2025-06-02T08:56:48+00:00\",\"dateModified\":\"2025-09-20T13:42:14+00:00\",\"description\":\"D\u00e9couvrez Le Domaine : demeure du XIX\u1d49 si\u00e8cle, parc naturel et panorama sur la Vall\u00e9e de la S\u00e8vre. Confort, authenticit\u00e9, proche du Puy du Fou\",\"breadcrumb\":{\"@id\":\"https:\\\/\\\/www.domainedelavalleedesevre.fr\\\/le-domaine\\\/#breadcrumb\"},\"inLanguage\":\"en-US\",\"potentialAction\":[{\"@type\":\"ReadAction\",\"target\":[\"https:\\\/\\\/www.domainedelavalleedesevre.fr\\\/le-domaine\\\/\"]}]},{\"@type\":\"ImageObject\",\"inLanguage\":\"en-US\",\"@id\":\"https:\\\/\\\/www.domainedelavalleedesevre.fr\\\/le-domaine\\\/#primaryimage\",\"url\":\"https:\\\/\\\/www.domainedelavalleedesevre.fr\\\/wp-content\\\/uploads\\\/2025\\\/05\\\/bocagevendeen-a-a.lamoureux-vendeetourisme-2015-2025-1920x1080-f50_50.jpg\",\"contentUrl\":\"https:\\\/\\\/www.domainedelavalleedesevre.fr\\\/wp-content\\\/uploads\\\/2025\\\/05\\\/bocagevendeen-a-a.lamoureux-vendeetourisme-2015-2025-1920x1080-f50_50.jpg\",\"width\":1920,\"height\":1080},{\"@type\":\"BreadcrumbList\",\"@id\":\"https:\\\/\\\/www.domainedelavalleedesevre.fr\\\/le-domaine\\\/#breadcrumb\",\"itemListElement\":[{\"@type\":\"ListItem\",\"position\":1,\"name\":\"Accueil\",\"item\":\"https:\\\/\\\/www.domainedelavalleedesevre.fr\\\/\"},{\"@type\":\"ListItem\",\"position\":2,\"name\":\"Le Domaine\"}]},{\"@type\":\"WebSite\",\"@id\":\"https:\\\/\\\/www.domainedelavalleedesevre.fr\\\/#website\",\"url\":\"https:\\\/\\\/www.domainedelavalleedesevre.fr\\\/\",\"name\":\"Domaine de la vall\u00e9e de S\u00e8vre\",\"description\":\"\",\"potentialAction\":[{\"@type\":\"SearchAction\",\"target\":{\"@type\":\"EntryPoint\",\"urlTemplate\":\"https:\\\/\\\/www.domainedelavalleedesevre.fr\\\/?s={search_term_string}\"},\"query-input\":{\"@type\":\"PropertyValueSpecification\",\"valueRequired\":true,\"valueName\":\"search_term_string\"}}],\"inLanguage\":\"en-US\"}]}<\/script>\n<!-- \/ Yoast SEO plugin. -->","yoast_head_json":{"title":"Le Domaine - Domaine de la vall\u00e9e de S\u00e8vre","description":"D\u00e9couvrez Le Domaine : demeure du XIX\u1d49 si\u00e8cle, parc naturel et panorama sur la Vall\u00e9e de la S\u00e8vre. Confort, authenticit\u00e9, proche du Puy du Fou","robots":{"index":"index","follow":"follow","max-snippet":"max-snippet:-1","max-image-preview":"max-image-preview:large","max-video-preview":"max-video-preview:-1"},"canonical":"https:\/\/www.domainedelavalleedesevre.fr\/en\/le-domaine\/","og_locale":"en_US","og_type":"article","og_title":"Le Domaine - Domaine de la vall\u00e9e de S\u00e8vre","og_description":"D\u00e9couvrez Le Domaine : demeure du XIX\u1d49 si\u00e8cle, parc naturel et panorama sur la Vall\u00e9e de la S\u00e8vre. Confort, authenticit\u00e9, proche du Puy du Fou","og_url":"https:\/\/www.domainedelavalleedesevre.fr\/en\/le-domaine\/","og_site_name":"Domaine de la vall\u00e9e de S\u00e8vre","article_modified_time":"2025-09-20T13:42:14+00:00","og_image":[{"width":1920,"height":1080,"url":"https:\/\/www.domainedelavalleedesevre.fr\/wp-content\/uploads\/2025\/05\/bocagevendeen-a-a.lamoureux-vendeetourisme-2015-2025-1920x1080-f50_50.jpg","type":"image\/jpeg"}],"twitter_card":"summary_large_image","twitter_misc":{"Est. reading time":"4 minutes"},"schema":{"@context":"https:\/\/schema.org","@graph":[{"@type":"WebPage","@id":"https:\/\/www.domainedelavalleedesevre.fr\/le-domaine\/","url":"https:\/\/www.domainedelavalleedesevre.fr\/le-domaine\/","name":"Le Domaine - Domaine de la vall\u00e9e de S\u00e8vre","isPartOf":{"@id":"https:\/\/www.domainedelavalleedesevre.fr\/#website"},"primaryImageOfPage":{"@id":"https:\/\/www.domainedelavalleedesevre.fr\/le-domaine\/#primaryimage"},"image":{"@id":"https:\/\/www.domainedelavalleedesevre.fr\/le-domaine\/#primaryimage"},"thumbnailUrl":"https:\/\/www.domainedelavalleedesevre.fr\/wp-content\/uploads\/2025\/05\/bocagevendeen-a-a.lamoureux-vendeetourisme-2015-2025-1920x1080-f50_50.jpg","datePublished":"2025-06-02T08:56:48+00:00","dateModified":"2025-09-20T13:42:14+00:00","description":"D\u00e9couvrez Le Domaine : demeure du XIX\u1d49 si\u00e8cle, parc naturel et panorama sur la Vall\u00e9e de la S\u00e8vre. Confort, authenticit\u00e9, proche du Puy du Fou","breadcrumb":{"@id":"https:\/\/www.domainedelavalleedesevre.fr\/le-domaine\/#breadcrumb"},"inLanguage":"en-US","potentialAction":[{"@type":"ReadAction","target":["https:\/\/www.domainedelavalleedesevre.fr\/le-domaine\/"]}]},{"@type":"ImageObject","inLanguage":"en-US","@id":"https:\/\/www.domainedelavalleedesevre.fr\/le-domaine\/#primaryimage","url":"https:\/\/www.domainedelavalleedesevre.fr\/wp-content\/uploads\/2025\/05\/bocagevendeen-a-a.lamoureux-vendeetourisme-2015-2025-1920x1080-f50_50.jpg","contentUrl":"https:\/\/www.domainedelavalleedesevre.fr\/wp-content\/uploads\/2025\/05\/bocagevendeen-a-a.lamoureux-vendeetourisme-2015-2025-1920x1080-f50_50.jpg","width":1920,"height":1080},{"@type":"BreadcrumbList","@id":"https:\/\/www.domainedelavalleedesevre.fr\/le-domaine\/#breadcrumb","itemListElement":[{"@type":"ListItem","position":1,"name":"Accueil","item":"https:\/\/www.domainedelavalleedesevre.fr\/"},{"@type":"ListItem","position":2,"name":"Le Domaine"}]},{"@type":"WebSite","@id":"https:\/\/www.domainedelavalleedesevre.fr\/#website","url":"https:\/\/www.domainedelavalleedesevre.fr\/","name":"Domaine de la vall\u00e9e de S\u00e8vre","description":"","potentialAction":[{"@type":"SearchAction","target":{"@type":"EntryPoint","urlTemplate":"https:\/\/www.domainedelavalleedesevre.fr\/?s={search_term_string}"},"query-input":{"@type":"PropertyValueSpecification","valueRequired":true,"valueName":"search_term_string"}}],"inLanguage":"en-US"}]}},"_links":{"self":[{"href":"https:\/\/www.domainedelavalleedesevre.fr\/en\/wp-json\/wp\/v2\/pages\/335","targetHints":{"allow":["GET"]}}],"collection":[{"href":"https:\/\/www.domainedelavalleedesevre.fr\/en\/wp-json\/wp\/v2\/pages"}],"about":[{"href":"https:\/\/www.domainedelavalleedesevre.fr\/en\/wp-json\/wp\/v2\/types\/page"}],"author":[{"embeddable":true,"href":"https:\/\/www.domainedelavalleedesevre.fr\/en\/wp-json\/wp\/v2\/users\/1"}],"replies":[{"embeddable":true,"href":"https:\/\/www.domainedelavalleedesevre.fr\/en\/wp-json\/wp\/v2\/comments?post=335"}],"version-history":[{"count":34,"href":"https:\/\/www.domainedelavalleedesevre.fr\/en\/wp-json\/wp\/v2\/pages\/335\/revisions"}],"predecessor-version":[{"id":964,"href":"https:\/\/www.domainedelavalleedesevre.fr\/en\/wp-json\/wp\/v2\/pages\/335\/revisions\/964"}],"wp:featuredmedia":[{"embeddable":true,"href":"https:\/\/www.domainedelavalleedesevre.fr\/en\/wp-json\/wp\/v2\/media\/245"}],"wp:attachment":[{"href":"https:\/\/www.domainedelavalleedesevre.fr\/en\/wp-json\/wp\/v2\/media?parent=335"}],"curies":[{"name":"wp","href":"https:\/\/api.w.org\/{rel}","templated":true}]}}