{"id":707,"date":"2025-06-19T14:39:04","date_gmt":"2025-06-19T14:39:04","guid":{"rendered":"https:\/\/www.domainedelavalleedesevre.fr\/?page_id=707"},"modified":"2025-10-13T15:25:21","modified_gmt":"2025-10-13T15:25:21","slug":"lieu-partage","status":"publish","type":"page","link":"https:\/\/www.domainedelavalleedesevre.fr\/en\/lieu-partage\/","title":{"rendered":"Lieu Partag\u00e9"},"content":{"rendered":"<div data-elementor-type=\"wp-page\" data-elementor-id=\"707\" class=\"elementor elementor-707\">\n\t\t\t\t<div class=\"elementor-element elementor-element-3d8afe5 e-flex e-con-boxed wpr-particle-no wpr-jarallax-no wpr-parallax-no wpr-sticky-section-no wpr-equal-height-no e-con e-parent\" data-id=\"3d8afe5\" data-element_type=\"container\" data-settings=\"{&quot;background_background&quot;:&quot;classic&quot;}\">\n\t\t\t\t\t<div class=\"e-con-inner\">\n\t\t\t\t<div class=\"elementor-element elementor-element-ec4e822 elementor-widget elementor-widget-spacer\" data-id=\"ec4e822\" data-element_type=\"widget\" data-widget_type=\"spacer.default\">\n\t\t\t\t<div class=\"elementor-widget-container\">\n\t\t\t\t\t\t\t<div class=\"elementor-spacer\">\n\t\t\t<div class=\"elementor-spacer-inner\"><\/div>\n\t\t<\/div>\n\t\t\t\t\t\t<\/div>\n\t\t\t\t<\/div>\n\t\t\t\t<div class=\"elementor-element elementor-element-810dbe5 elementor-widget elementor-widget-image\" data-id=\"810dbe5\" data-element_type=\"widget\" data-widget_type=\"image.default\">\n\t\t\t\t<div class=\"elementor-widget-container\">\n\t\t\t\t\t\t\t\t\t\t\t\t\t\t\t<img fetchpriority=\"high\" decoding=\"async\" width=\"931\" height=\"1024\" src=\"https:\/\/www.domainedelavalleedesevre.fr\/wp-content\/uploads\/2025\/05\/Logo-OK-sans-texte-blanc-931x1024.png\" class=\"attachment-large size-large wp-image-77\" alt=\"\" srcset=\"https:\/\/www.domainedelavalleedesevre.fr\/wp-content\/uploads\/2025\/05\/Logo-OK-sans-texte-blanc-931x1024.png 931w, https:\/\/www.domainedelavalleedesevre.fr\/wp-content\/uploads\/2025\/05\/Logo-OK-sans-texte-blanc-273x300.png 273w, https:\/\/www.domainedelavalleedesevre.fr\/wp-content\/uploads\/2025\/05\/Logo-OK-sans-texte-blanc-768x845.png 768w, https:\/\/www.domainedelavalleedesevre.fr\/wp-content\/uploads\/2025\/05\/Logo-OK-sans-texte-blanc-1396x1536.png 1396w, https:\/\/www.domainedelavalleedesevre.fr\/wp-content\/uploads\/2025\/05\/Logo-OK-sans-texte-blanc.png 1646w\" sizes=\"(max-width: 931px) 100vw, 931px\" \/>\t\t\t\t\t\t\t\t\t\t\t\t\t\t\t<\/div>\n\t\t\t\t<\/div>\n\t\t\t\t<div class=\"elementor-element elementor-element-85c6299 elementor-widget elementor-widget-heading\" data-id=\"85c6299\" data-element_type=\"widget\" data-widget_type=\"heading.default\">\n\t\t\t\t<div class=\"elementor-widget-container\">\n\t\t\t\t\t<h2 class=\"elementor-heading-title elementor-size-default\">Lieu partag\u00e9<\/h2>\t\t\t\t<\/div>\n\t\t\t\t<\/div>\n\t\t\t\t<div class=\"elementor-element elementor-element-9e9393a elementor-widget elementor-widget-heading\" data-id=\"9e9393a\" data-element_type=\"widget\" data-widget_type=\"heading.default\">\n\t\t\t\t<div class=\"elementor-widget-container\">\n\t\t\t\t\t<h1 class=\"elementor-heading-title elementor-size-default\">lodgings for 10\/12 people - 4 bedrooms<\/h1>\t\t\t\t<\/div>\n\t\t\t\t<\/div>\n\t\t\t\t\t<\/div>\n\t\t\t\t<\/div>\n\t\t<div class=\"elementor-element elementor-element-589c8a8 e-flex e-con-boxed wpr-particle-no wpr-jarallax-no wpr-parallax-no wpr-sticky-section-no wpr-equal-height-no e-con e-parent\" data-id=\"589c8a8\" data-element_type=\"container\">\n\t\t\t\t\t<div class=\"e-con-inner\">\n\t\t<div class=\"elementor-element elementor-element-e3f6f4c e-con-full e-flex wpr-particle-no wpr-jarallax-no wpr-parallax-no wpr-sticky-section-no wpr-equal-height-no e-con e-child\" data-id=\"e3f6f4c\" data-element_type=\"container\">\n\t\t\t\t<div class=\"elementor-element elementor-element-800d5ff elementor-widget elementor-widget-image\" data-id=\"800d5ff\" data-element_type=\"widget\" data-widget_type=\"image.default\">\n\t\t\t\t<div class=\"elementor-widget-container\">\n\t\t\t\t\t\t\t\t\t\t\t\t\t\t\t<img decoding=\"async\" width=\"2000\" height=\"1333\" src=\"https:\/\/www.domainedelavalleedesevre.fr\/wp-content\/uploads\/2025\/09\/Gites-Mortagne-sur-Sevre-22.jpg\" class=\"attachment-full size-full wp-image-822\" alt=\"\" srcset=\"https:\/\/www.domainedelavalleedesevre.fr\/wp-content\/uploads\/2025\/09\/Gites-Mortagne-sur-Sevre-22.jpg 2000w, https:\/\/www.domainedelavalleedesevre.fr\/wp-content\/uploads\/2025\/09\/Gites-Mortagne-sur-Sevre-22-300x200.jpg 300w, https:\/\/www.domainedelavalleedesevre.fr\/wp-content\/uploads\/2025\/09\/Gites-Mortagne-sur-Sevre-22-1024x682.jpg 1024w, https:\/\/www.domainedelavalleedesevre.fr\/wp-content\/uploads\/2025\/09\/Gites-Mortagne-sur-Sevre-22-768x512.jpg 768w, https:\/\/www.domainedelavalleedesevre.fr\/wp-content\/uploads\/2025\/09\/Gites-Mortagne-sur-Sevre-22-1536x1024.jpg 1536w\" sizes=\"(max-width: 2000px) 100vw, 2000px\" \/>\t\t\t\t\t\t\t\t\t\t\t\t\t\t\t<\/div>\n\t\t\t\t<\/div>\n\t\t\t\t<div class=\"elementor-element elementor-element-33b0a67 elementor-widget elementor-widget-heading\" data-id=\"33b0a67\" data-element_type=\"widget\" data-widget_type=\"heading.default\">\n\t\t\t\t<div class=\"elementor-widget-container\">\n\t\t\t\t\t<h2 class=\"elementor-heading-title elementor-size-default\">Description<\/h2>\t\t\t\t<\/div>\n\t\t\t\t<\/div>\n\t\t\t\t<div class=\"elementor-element elementor-element-cec3555 elementor-widget elementor-widget-text-editor\" data-id=\"cec3555\" data-element_type=\"widget\" data-widget_type=\"text-editor.default\">\n\t\t\t\t<div class=\"elementor-widget-container\">\n\t\t\t\t\t\t\t\t\t<p data-start=\"121\" data-end=\"183\">Rent our two g\u00eetes for a stay of up to 12 people<\/p><p data-start=\"185\" data-end=\"417\">Looking to get together with family, friends, or a couple? Our two cottages can be booked together to comfortably accommodate up to 12 people in a warm and friendly setting.<\/p><ul data-start=\"419\" data-end=\"988\"><li data-start=\"419\" data-end=\"701\"><p data-start=\"421\" data-end=\"701\">The first g\u00eete, \"l'Accacia\", is ideal for 4 people and has a bedroom with a queen-size bed (160 cm), a bathroom with a toilet suitable for people with reduced mobility, and a living room with a sofa bed (140 cm). Its terrace offers a breathtaking view of the surrounding countryside.<\/p><\/li><li data-start=\"702\" data-end=\"988\"><p data-start=\"704\" data-end=\"988\">The second g\u00eete, \"Le C\u00e8dre,\" designed for 8 people, offers three bedrooms, including a suite with a bathroom and toilet for people with reduced mobility, a living room with a sofa bed (140 cm), an additional bathroom, and two toilets. Its spacious terrace completes the ensemble for your moments of relaxation.<\/p><\/li><\/ul><p data-start=\"990\" data-end=\"1152\">Each cottage features a bright living room with a fully equipped open kitchen, ideal for sharing meals and enjoying convivial moments. By renting both cottages, you benefit from a large common area while preserving everyone's privacy and comfort. The perfect place for a stay with your loved ones, in a green setting with exceptional views.<\/p>\t\t\t\t\t\t\t\t<\/div>\n\t\t\t\t<\/div>\n\t\t\t\t<div class=\"elementor-element elementor-element-07e0298 elementor-widget elementor-widget-heading\" data-id=\"07e0298\" data-element_type=\"widget\" data-widget_type=\"heading.default\">\n\t\t\t\t<div class=\"elementor-widget-container\">\n\t\t\t\t\t<h2 class=\"elementor-heading-title elementor-size-default\">Check availability<\/h2>\t\t\t\t<\/div>\n\t\t\t\t<\/div>\n\t\t\t\t<div class=\"elementor-element elementor-element-9c1eb99 elementor-widget elementor-widget-text-editor\" data-id=\"9c1eb99\" data-element_type=\"widget\" data-widget_type=\"text-editor.default\">\n\t\t\t\t<div class=\"elementor-widget-container\">\n\t\t\t\t\t\t\t\t\t<p>*La location conjointe des deux g\u00eetes est possible sous r\u00e9serve de disponibilit\u00e9s. Nous contacter pour r\u00e9server.<\/p>\t\t\t\t\t\t\t\t<\/div>\n\t\t\t\t<\/div>\n\t\t\t\t<div class=\"elementor-element elementor-element-091b835 elementor-align-center elementor-widget elementor-widget-button\" data-id=\"091b835\" data-element_type=\"widget\" data-widget_type=\"button.default\">\n\t\t\t\t<div class=\"elementor-widget-container\">\n\t\t\t\t\t\t\t\t\t<div class=\"elementor-button-wrapper\">\n\t\t\t\t\t<a class=\"elementor-button elementor-button-link elementor-size-sm\" href=\"https:\/\/www.domainedelavalleedesevre.fr\/en\/nous-contacter\/\">\n\t\t\t\t\t\t<span class=\"elementor-button-content-wrapper\">\n\t\t\t\t\t\t\t\t\t<span class=\"elementor-button-text\">Contact us<\/span>\n\t\t\t\t\t<\/span>\n\t\t\t\t\t<\/a>\n\t\t\t\t<\/div>\n\t\t\t\t\t\t\t\t<\/div>\n\t\t\t\t<\/div>\n\t\t\t\t<\/div>\n\t\t<div class=\"elementor-element elementor-element-2977e08 e-con-full e-flex wpr-particle-no wpr-jarallax-no wpr-parallax-no wpr-sticky-section-no wpr-equal-height-no e-con e-child\" data-id=\"2977e08\" data-element_type=\"container\">\n\t\t\t\t<div class=\"elementor-element elementor-element-8620cf2 elementor-widget elementor-widget-heading\" data-id=\"8620cf2\" data-element_type=\"widget\" data-widget_type=\"heading.default\">\n\t\t\t\t<div class=\"elementor-widget-container\">\n\t\t\t\t\t<h2 class=\"elementor-heading-title elementor-size-default\">Lodging n\u00b01<\/h2>\t\t\t\t<\/div>\n\t\t\t\t<\/div>\n\t\t\t\t<div class=\"elementor-element elementor-element-0096dd3 elementor-arrows-position-inside elementor-pagination-position-outside elementor-widget elementor-widget-image-carousel\" data-id=\"0096dd3\" data-element_type=\"widget\" data-settings=\"{&quot;slides_to_show&quot;:&quot;3&quot;,&quot;navigation&quot;:&quot;both&quot;,&quot;autoplay&quot;:&quot;yes&quot;,&quot;pause_on_hover&quot;:&quot;yes&quot;,&quot;pause_on_interaction&quot;:&quot;yes&quot;,&quot;autoplay_speed&quot;:5000,&quot;infinite&quot;:&quot;yes&quot;,&quot;speed&quot;:500,&quot;image_spacing_custom&quot;:{&quot;unit&quot;:&quot;px&quot;,&quot;size&quot;:20,&quot;sizes&quot;:[]},&quot;image_spacing_custom_tablet&quot;:{&quot;unit&quot;:&quot;px&quot;,&quot;size&quot;:&quot;&quot;,&quot;sizes&quot;:[]},&quot;image_spacing_custom_mobile&quot;:{&quot;unit&quot;:&quot;px&quot;,&quot;size&quot;:&quot;&quot;,&quot;sizes&quot;:[]}}\" data-widget_type=\"image-carousel.default\">\n\t\t\t\t<div class=\"elementor-widget-container\">\n\t\t\t\t\t\t\t<div class=\"elementor-image-carousel-wrapper swiper\" role=\"region\" aria-roledescription=\"carousel\" aria-label=\"Carrousel d\u2019images\" dir=\"ltr\">\n\t\t\t<div class=\"elementor-image-carousel swiper-wrapper\" aria-live=\"off\">\n\t\t\t\t\t\t\t\t<div class=\"swiper-slide\" role=\"group\" aria-roledescription=\"slide\" aria-label=\"1 of 25\" data-no-translation-aria-label=\"\"><figure class=\"swiper-slide-inner\"><img decoding=\"async\" class=\"swiper-slide-image\" src=\"https:\/\/www.domainedelavalleedesevre.fr\/wp-content\/uploads\/elementor\/thumbs\/Gites-Mortagne-sur-Sevre-11-rb9g5tmv56m8fiucdo47q1bgcue3gha9dtqzsakwxk.jpg\" alt=\"G\u00eete L\u2019Acacia Vall\u00e9e de la S\u00e8vre proche Puy du Fou\" \/><\/figure><\/div><div class=\"swiper-slide\" role=\"group\" aria-roledescription=\"slide\" aria-label=\"2 of 25\" data-no-translation-aria-label=\"\"><figure class=\"swiper-slide-inner\"><img decoding=\"async\" class=\"swiper-slide-image\" src=\"https:\/\/www.domainedelavalleedesevre.fr\/wp-content\/uploads\/elementor\/thumbs\/Gites-Mortagne-sur-Sevre-14-rb9g607qh0v8osksb8ylphnoijhnyd0dqqbe58b5q0.jpg\" alt=\"Gites Mortagne sur Sevre-14\" \/><\/figure><\/div><div class=\"swiper-slide\" role=\"group\" aria-roledescription=\"slide\" aria-label=\"3 of 25\" data-no-translation-aria-label=\"\"><figure class=\"swiper-slide-inner\"><img decoding=\"async\" class=\"swiper-slide-image\" src=\"https:\/\/www.domainedelavalleedesevre.fr\/wp-content\/uploads\/elementor\/thumbs\/IMG-20250710-WA0003-r8lqv30r3zvw6eets77u29f3ew49a6uienx5le6zzs.jpg\" alt=\"IMG-20250710-WA0003\" \/><\/figure><\/div><div class=\"swiper-slide\" role=\"group\" aria-roledescription=\"slide\" aria-label=\"4 of 25\" data-no-translation-aria-label=\"\"><figure class=\"swiper-slide-inner\"><img decoding=\"async\" class=\"swiper-slide-image\" src=\"https:\/\/www.domainedelavalleedesevre.fr\/wp-content\/uploads\/elementor\/thumbs\/IMG-20250710-WA0023-r8lqvj00c6hrnrrm6w4hqndxifxhx1ly4v0er3jb20.jpg\" alt=\"IMG-20250710-WA0023\" \/><\/figure><\/div><div class=\"swiper-slide\" role=\"group\" aria-roledescription=\"slide\" aria-label=\"5 of 25\" data-no-translation-aria-label=\"\"><figure class=\"swiper-slide-inner\"><img decoding=\"async\" class=\"swiper-slide-image\" src=\"https:\/\/www.domainedelavalleedesevre.fr\/wp-content\/uploads\/elementor\/thumbs\/Gites-Mortagne-sur-Sevre-02-rb9g5au3chwhzblnffzoc628h4yr6j7mn8pa6rcse0.jpg\" alt=\"Gites Mortagne sur Sevre-02\" \/><\/figure><\/div><div class=\"swiper-slide\" role=\"group\" aria-roledescription=\"slide\" aria-label=\"6 of 25\" data-no-translation-aria-label=\"\"><figure class=\"swiper-slide-inner\"><img decoding=\"async\" class=\"swiper-slide-image\" src=\"https:\/\/www.domainedelavalleedesevre.fr\/wp-content\/uploads\/elementor\/thumbs\/Gites-Mortagne-sur-Sevre-10-rb9g5rr6rijnsax2onayl1sj62nd132spkg0tqnpa0.jpg\" alt=\"Gites Mortagne sur Sevre-10\" \/><\/figure><\/div><div class=\"swiper-slide\" role=\"group\" aria-roledescription=\"slide\" aria-label=\"7 of 25\" data-no-translation-aria-label=\"\"><figure class=\"swiper-slide-inner\"><img decoding=\"async\" class=\"swiper-slide-image\" src=\"https:\/\/www.domainedelavalleedesevre.fr\/wp-content\/uploads\/elementor\/thumbs\/Gites-Mortagne-sur-Sevre-03-rb9g5cprq5z2mjix4gsxh5l5nwphlxf3bi095ba01k.jpg\" alt=\"Gites Mortagne sur Sevre-03\" \/><\/figure><\/div><div class=\"swiper-slide\" role=\"group\" aria-roledescription=\"slide\" aria-label=\"8 of 25\" data-no-translation-aria-label=\"\"><figure class=\"swiper-slide-inner\"><img decoding=\"async\" class=\"swiper-slide-image\" src=\"https:\/\/www.domainedelavalleedesevre.fr\/wp-content\/uploads\/elementor\/thumbs\/IMG-20250710-WA0002-r8lqv152qbtbj6hk36ekx9w684diusn1qem6mu9sc8.jpg\" alt=\"IMG-20250710-WA0002\" \/><\/figure><\/div><div class=\"swiper-slide\" role=\"group\" aria-roledescription=\"slide\" aria-label=\"9 of 25\" data-no-translation-aria-label=\"\"><figure class=\"swiper-slide-inner\"><img decoding=\"async\" class=\"swiper-slide-image\" src=\"https:\/\/www.domainedelavalleedesevre.fr\/wp-content\/uploads\/elementor\/thumbs\/Gites-Mortagne-sur-Sevre-01-rb9g58yeyttxc3odqf6f76jbad80r505yzeb87fkqg.jpg\" alt=\"Gites Mortagne sur Sevre-01\" \/><\/figure><\/div><div class=\"swiper-slide\" role=\"group\" aria-roledescription=\"slide\" aria-label=\"10 of 25\" data-no-translation-aria-label=\"\"><figure class=\"swiper-slide-inner\"><img decoding=\"async\" class=\"swiper-slide-image\" src=\"https:\/\/www.domainedelavalleedesevre.fr\/wp-content\/uploads\/elementor\/thumbs\/Gites-Mortagne-sur-Sevre-08-rb9g5nzu06eihv2jalogb2qosj5w6anvd1u2wmt9yw.jpg\" alt=\"Gites Mortagne sur Sevre-08\" \/><\/figure><\/div><div class=\"swiper-slide\" role=\"group\" aria-roledescription=\"slide\" aria-label=\"11 of 25\" data-no-translation-aria-label=\"\"><figure class=\"swiper-slide-inner\"><img decoding=\"async\" class=\"swiper-slide-image\" src=\"https:\/\/www.domainedelavalleedesevre.fr\/wp-content\/uploads\/elementor\/thumbs\/IMG-20250710-WA0005-r8lqv4wfhnygtmc3h81378y0lnuzpl1z2x84jy47nc.jpg\" alt=\"IMG-20250710-WA0005\" \/><\/figure><\/div><div class=\"swiper-slide\" role=\"group\" aria-roledescription=\"slide\" aria-label=\"12 of 25\" data-no-translation-aria-label=\"\"><figure class=\"swiper-slide-inner\"><img decoding=\"async\" class=\"swiper-slide-image\" src=\"https:\/\/www.domainedelavalleedesevre.fr\/wp-content\/uploads\/elementor\/thumbs\/Gites-Mortagne-sur-Sevre-12-rb9g5wgdpoq3ecq8x7c3filu50073klge7pg84gqew.jpg\" alt=\"Gites Mortagne sur Sevre-12\" \/><\/figure><\/div><div class=\"swiper-slide\" role=\"group\" aria-roledescription=\"slide\" aria-label=\"13 of 25\" data-no-translation-aria-label=\"\"><figure class=\"swiper-slide-inner\"><img decoding=\"async\" class=\"swiper-slide-image\" src=\"https:\/\/www.domainedelavalleedesevre.fr\/wp-content\/uploads\/elementor\/thumbs\/Gites-Mortagne-sur-Sevre-13-rb9g5yc23cso1knim85cki4rbrqxiysx2h0f6ody2g.jpg\" alt=\"Gites Mortagne sur Sevre-13\" \/><\/figure><\/div><div class=\"swiper-slide\" role=\"group\" aria-roledescription=\"slide\" aria-label=\"14 of 25\" data-no-translation-aria-label=\"\"><figure class=\"swiper-slide-inner\"><img decoding=\"async\" class=\"swiper-slide-image\" src=\"https:\/\/www.domainedelavalleedesevre.fr\/wp-content\/uploads\/elementor\/thumbs\/IMG-20250710-WA0009-r8lqv5u9ohzr58aqbqfprqph71qcxa5pf1vm182th4.jpg\" alt=\"IMG-20250710-WA0009\" \/><\/figure><\/div><div class=\"swiper-slide\" role=\"group\" aria-roledescription=\"slide\" aria-label=\"15 of 25\" data-no-translation-aria-label=\"\"><figure class=\"swiper-slide-inner\"><img decoding=\"async\" class=\"swiper-slide-image\" src=\"https:\/\/www.domainedelavalleedesevre.fr\/wp-content\/uploads\/elementor\/thumbs\/IMG-20250710-WA0014-r8lqv7py262bsg800r8ywq8edth3cod63b6kzs014o.jpg\" alt=\"IMG-20250710-WA0014\" \/><\/figure><\/div><div class=\"swiper-slide\" role=\"group\" aria-roledescription=\"slide\" aria-label=\"16 of 25\" data-no-translation-aria-label=\"\"><figure class=\"swiper-slide-inner\"><img decoding=\"async\" class=\"swiper-slide-image\" src=\"https:\/\/www.domainedelavalleedesevre.fr\/wp-content\/uploads\/elementor\/thumbs\/IMG-20250710-WA0015-r8lqv9lmfu4wfo59ps281prbkl7ts2kmrkhjybx8s8.jpg\" alt=\"IMG-20250710-WA0015\" \/><\/figure><\/div><div class=\"swiper-slide\" role=\"group\" aria-roledescription=\"slide\" aria-label=\"17 of 25\" data-no-translation-aria-label=\"\"><figure class=\"swiper-slide-inner\"><img decoding=\"async\" class=\"swiper-slide-image\" src=\"https:\/\/www.domainedelavalleedesevre.fr\/wp-content\/uploads\/elementor\/thumbs\/IMG-20250710-WA0017-r8lqvbhati7h2w2jesvh6pa8rcyk7gs3ftsiwvugfs.jpg\" alt=\"IMG-20250710-WA0017\" \/><\/figure><\/div><div class=\"swiper-slide\" role=\"group\" aria-roledescription=\"slide\" aria-label=\"18 of 25\" data-no-translation-aria-label=\"\"><figure class=\"swiper-slide-inner\"><img decoding=\"async\" class=\"swiper-slide-image\" src=\"https:\/\/www.domainedelavalleedesevre.fr\/wp-content\/uploads\/elementor\/thumbs\/Gites-Mortagne-sur-Sevre-04-rb9g5fjaao2xldeto00t6mvjg2bl90qabvypl55tiw.jpg\" alt=\"Gites Mortagne sur Sevre-04\" \/><\/figure><\/div><div class=\"swiper-slide\" role=\"group\" aria-roledescription=\"slide\" aria-label=\"19 of 25\" data-no-translation-aria-label=\"\"><figure class=\"swiper-slide-inner\"><img decoding=\"async\" class=\"swiper-slide-image\" src=\"https:\/\/www.domainedelavalleedesevre.fr\/wp-content\/uploads\/elementor\/thumbs\/Gites-Mortagne-sur-Sevre-05-rb9g5heyoc5i8lc3d0u2bmegmu2boexr059ojp316g.jpg\" alt=\"Gites Mortagne sur Sevre-05\" \/><\/figure><\/div><div class=\"swiper-slide\" role=\"group\" aria-roledescription=\"slide\" aria-label=\"20 of 25\" data-no-translation-aria-label=\"\"><figure class=\"swiper-slide-inner\"><img decoding=\"async\" class=\"swiper-slide-image\" src=\"https:\/\/www.domainedelavalleedesevre.fr\/wp-content\/uploads\/elementor\/thumbs\/Gites-Mortagne-sur-Sevre-06-rb9g5jan2082vt9d21nbglxdtlt23t57oekni908u0.jpg\" alt=\"Gites Mortagne sur Sevre-06\" \/><\/figure><\/div><div class=\"swiper-slide\" role=\"group\" aria-roledescription=\"slide\" aria-label=\"21 of 25\" data-no-translation-aria-label=\"\"><figure class=\"swiper-slide-inner\"><img decoding=\"async\" class=\"swiper-slide-image\" src=\"https:\/\/www.domainedelavalleedesevre.fr\/wp-content\/uploads\/elementor\/thumbs\/Gites-Mortagne-sur-Sevre-07-rb9g5l6bfoanj16mr2gkllgb0djsj7cocnvmgsxghk.jpg\" alt=\"Gites Mortagne sur Sevre-07\" \/><\/figure><\/div><div class=\"swiper-slide\" role=\"group\" aria-roledescription=\"slide\" aria-label=\"22 of 25\" data-no-translation-aria-label=\"\"><figure class=\"swiper-slide-inner\"><img decoding=\"async\" class=\"swiper-slide-image\" src=\"https:\/\/www.domainedelavalleedesevre.fr\/wp-content\/uploads\/elementor\/thumbs\/Gites-Mortagne-sur-Sevre-09-rb9g5pviduh352zszmhpg29lzawmlovc1b51v6qhmg.jpg\" alt=\"Gites Mortagne sur Sevre-09\" \/><\/figure><\/div><div class=\"swiper-slide\" role=\"group\" aria-roledescription=\"slide\" aria-label=\"23 of 25\" data-no-translation-aria-label=\"\"><figure class=\"swiper-slide-inner\"><img decoding=\"async\" class=\"swiper-slide-image\" src=\"https:\/\/www.domainedelavalleedesevre.fr\/wp-content\/uploads\/elementor\/thumbs\/IMG-20250710-WA0021-r8lqvg6hrodwoxvpncwm163jqabe9yar4h1yb9nhko.jpg\" alt=\"Location g\u00eete puy du fou\" \/><\/figure><\/div><div class=\"swiper-slide\" role=\"group\" aria-roledescription=\"slide\" aria-label=\"24 of 25\" data-no-translation-aria-label=\"\"><figure class=\"swiper-slide-inner\"><img decoding=\"async\" class=\"swiper-slide-image\" src=\"https:\/\/www.domainedelavalleedesevre.fr\/wp-content\/uploads\/elementor\/thumbs\/IMG-20250710-WA0019-r8lqvdcz76a1q3zt3toqbot5y4pamuzk433hvfro3c.jpg\" alt=\"Location vacances Puy du Fou\" \/><\/figure><\/div><div class=\"swiper-slide\" role=\"group\" aria-roledescription=\"slide\" aria-label=\"25 of 25\" data-no-translation-aria-label=\"\"><figure class=\"swiper-slide-inner\"><img decoding=\"async\" class=\"swiper-slide-image\" src=\"https:\/\/www.domainedelavalleedesevre.fr\/wp-content\/uploads\/elementor\/thumbs\/IMG-20250710-WA0022-r8lqvh4byif70juchvb8lnv0bo6rhnehglpfsjm3eg.jpg\" alt=\"Location vacances Puy du fou\" \/><\/figure><\/div>\t\t\t<\/div>\n\t\t\t\t\t\t\t\t\t\t\t\t<div class=\"elementor-swiper-button elementor-swiper-button-prev\" role=\"button\" tabindex=\"0\">\n\t\t\t\t\t\t<svg aria-hidden=\"true\" class=\"e-font-icon-svg e-eicon-chevron-left\" viewbox=\"0 0 1000 1000\" xmlns=\"http:\/\/www.w3.org\/2000\/svg\"><path d=\"M646 125C629 125 613 133 604 142L308 442C296 454 292 471 292 487 292 504 296 521 308 533L604 854C617 867 629 875 646 875 663 875 679 871 692 858 704 846 713 829 713 812 713 796 708 779 692 767L438 487 692 225C700 217 708 204 708 187 708 171 704 154 692 142 675 129 663 125 646 125Z\"><\/path><\/svg>\t\t\t\t\t<\/div>\n\t\t\t\t\t<div class=\"elementor-swiper-button elementor-swiper-button-next\" role=\"button\" tabindex=\"0\">\n\t\t\t\t\t\t<svg aria-hidden=\"true\" class=\"e-font-icon-svg e-eicon-chevron-right\" viewbox=\"0 0 1000 1000\" xmlns=\"http:\/\/www.w3.org\/2000\/svg\"><path d=\"M696 533C708 521 713 504 713 487 713 471 708 454 696 446L400 146C388 133 375 125 354 125 338 125 325 129 313 142 300 154 292 171 292 187 292 204 296 221 308 233L563 492 304 771C292 783 288 800 288 817 288 833 296 850 308 863 321 871 338 875 354 875 371 875 388 867 400 854L696 533Z\"><\/path><\/svg>\t\t\t\t\t<\/div>\n\t\t\t\t\n\t\t\t\t\t\t\t\t\t<div class=\"swiper-pagination\"><\/div>\n\t\t\t\t\t\t\t\t\t<\/div>\n\t\t\t\t\t\t<\/div>\n\t\t\t\t<\/div>\n\t\t<div class=\"elementor-element elementor-element-e09f50d e-grid e-con-full wpr-particle-no wpr-jarallax-no wpr-parallax-no wpr-sticky-section-no wpr-equal-height-no e-con e-child\" data-id=\"e09f50d\" data-element_type=\"container\" data-settings=\"{&quot;background_background&quot;:&quot;classic&quot;}\">\n\t\t\t\t<div class=\"elementor-element elementor-element-3da18d8 elementor-position-left elementor-view-default elementor-mobile-position-top elementor-widget elementor-widget-icon-box\" data-id=\"3da18d8\" data-element_type=\"widget\" data-widget_type=\"icon-box.default\">\n\t\t\t\t<div class=\"elementor-widget-container\">\n\t\t\t\t\t\t\t<div class=\"elementor-icon-box-wrapper\">\n\n\t\t\t\t\t\t<div class=\"elementor-icon-box-icon\">\n\t\t\t\t<span  class=\"elementor-icon\">\n\t\t\t\t<svg aria-hidden=\"true\" class=\"e-font-icon-svg e-fas-coffee\" viewbox=\"0 0 640 512\" xmlns=\"http:\/\/www.w3.org\/2000\/svg\"><path d=\"M192 384h192c53 0 96-43 96-96h32c70.6 0 128-57.4 128-128S582.6 32 512 32H120c-13.3 0-24 10.7-24 24v232c0 53 43 96 96 96zM512 96c35.3 0 64 28.7 64 64s-28.7 64-64 64h-32V96h32zm47.7 384H48.3c-47.6 0-61-64-36-64h583.3c25 0 11.8 64-35.9 64z\"><\/path><\/svg>\t\t\t\t<\/span>\n\t\t\t<\/div>\n\t\t\t\n\t\t\t\t\t\t<div class=\"elementor-icon-box-content\">\n\n\t\t\t\t\t\t\t\t\t<h3 class=\"elementor-icon-box-title\">\n\t\t\t\t\t\t<span  >\n\t\t\t\t\t\t\tLiving room and kitchen\t\t\t\t\t\t<\/span>\n\t\t\t\t\t<\/h3>\n\t\t\t\t\n\t\t\t\t\t\t\t\t\t<p class=\"elementor-icon-box-description\">\n\t\t\t\t\t\tFully equipped\t\t\t\t\t<\/p>\n\t\t\t\t\n\t\t\t<\/div>\n\t\t\t\n\t\t<\/div>\n\t\t\t\t\t\t<\/div>\n\t\t\t\t<\/div>\n\t\t\t\t<div class=\"elementor-element elementor-element-f30a0c3 elementor-position-left elementor-view-default elementor-mobile-position-top elementor-widget elementor-widget-icon-box\" data-id=\"f30a0c3\" data-element_type=\"widget\" data-widget_type=\"icon-box.default\">\n\t\t\t\t<div class=\"elementor-widget-container\">\n\t\t\t\t\t\t\t<div class=\"elementor-icon-box-wrapper\">\n\n\t\t\t\t\t\t<div class=\"elementor-icon-box-icon\">\n\t\t\t\t<span  class=\"elementor-icon\">\n\t\t\t\t<svg aria-hidden=\"true\" class=\"e-font-icon-svg e-fas-bed\" viewbox=\"0 0 640 512\" xmlns=\"http:\/\/www.w3.org\/2000\/svg\"><path d=\"M176 256c44.11 0 80-35.89 80-80s-35.89-80-80-80-80 35.89-80 80 35.89 80 80 80zm352-128H304c-8.84 0-16 7.16-16 16v144H64V80c0-8.84-7.16-16-16-16H16C7.16 64 0 71.16 0 80v352c0 8.84 7.16 16 16 16h32c8.84 0 16-7.16 16-16v-48h512v48c0 8.84 7.16 16 16 16h32c8.84 0 16-7.16 16-16V240c0-61.86-50.14-112-112-112z\"><\/path><\/svg>\t\t\t\t<\/span>\n\t\t\t<\/div>\n\t\t\t\n\t\t\t\t\t\t<div class=\"elementor-icon-box-content\">\n\n\t\t\t\t\t\t\t\t\t<h3 class=\"elementor-icon-box-title\">\n\t\t\t\t\t\t<span  >\n\t\t\t\t\t\t\tIn the bedroom\t\t\t\t\t\t<\/span>\n\t\t\t\t\t<\/h3>\n\t\t\t\t\n\t\t\t\t\t\t\t\t\t<p class=\"elementor-icon-box-description\">\n\t\t\t\t\t\tAnglais\n\n1 bed of 160, 1 baby bed and 1 convertible sofa in the living room\t\t\t\t\t<\/p>\n\t\t\t\t\n\t\t\t<\/div>\n\t\t\t\n\t\t<\/div>\n\t\t\t\t\t\t<\/div>\n\t\t\t\t<\/div>\n\t\t\t\t<div class=\"elementor-element elementor-element-fe07874 elementor-position-left elementor-view-default elementor-mobile-position-top elementor-widget elementor-widget-icon-box\" data-id=\"fe07874\" data-element_type=\"widget\" data-widget_type=\"icon-box.default\">\n\t\t\t\t<div class=\"elementor-widget-container\">\n\t\t\t\t\t\t\t<div class=\"elementor-icon-box-wrapper\">\n\n\t\t\t\t\t\t<div class=\"elementor-icon-box-icon\">\n\t\t\t\t<span  class=\"elementor-icon\">\n\t\t\t\t<svg aria-hidden=\"true\" class=\"e-font-icon-svg e-fas-bath\" viewbox=\"0 0 512 512\" xmlns=\"http:\/\/www.w3.org\/2000\/svg\"><path d=\"M32,384a95.4,95.4,0,0,0,32,71.09V496a16,16,0,0,0,16,16h32a16,16,0,0,0,16-16V480H384v16a16,16,0,0,0,16,16h32a16,16,0,0,0,16-16V455.09A95.4,95.4,0,0,0,480,384V336H32ZM496,256H80V69.25a21.26,21.26,0,0,1,36.28-15l19.27,19.26c-13.13,29.88-7.61,59.11,8.62,79.73l-.17.17A16,16,0,0,0,144,176l11.31,11.31a16,16,0,0,0,22.63,0L283.31,81.94a16,16,0,0,0,0-22.63L272,48a16,16,0,0,0-22.62,0l-.17.17c-20.62-16.23-49.83-21.75-79.73-8.62L150.22,20.28A69.25,69.25,0,0,0,32,69.25V256H16A16,16,0,0,0,0,272v16a16,16,0,0,0,16,16H496a16,16,0,0,0,16-16V272A16,16,0,0,0,496,256Z\"><\/path><\/svg>\t\t\t\t<\/span>\n\t\t\t<\/div>\n\t\t\t\n\t\t\t\t\t\t<div class=\"elementor-icon-box-content\">\n\n\t\t\t\t\t\t\t\t\t<h3 class=\"elementor-icon-box-title\">\n\t\t\t\t\t\t<span  >\n\t\t\t\t\t\t\tShower room\t\t\t\t\t\t<\/span>\n\t\t\t\t\t<\/h3>\n\t\t\t\t\n\t\t\t\t\t\t\t\t\t<p class=\"elementor-icon-box-description\">\n\t\t\t\t\t\t 1 bathroom and 1 toilet\t\t\t\t\t<\/p>\n\t\t\t\t\n\t\t\t<\/div>\n\t\t\t\n\t\t<\/div>\n\t\t\t\t\t\t<\/div>\n\t\t\t\t<\/div>\n\t\t\t\t<div class=\"elementor-element elementor-element-f0b2fe6 elementor-position-left elementor-view-default elementor-mobile-position-top elementor-widget elementor-widget-icon-box\" data-id=\"f0b2fe6\" data-element_type=\"widget\" data-widget_type=\"icon-box.default\">\n\t\t\t\t<div class=\"elementor-widget-container\">\n\t\t\t\t\t\t\t<div class=\"elementor-icon-box-wrapper\">\n\n\t\t\t\t\t\t<div class=\"elementor-icon-box-icon\">\n\t\t\t\t<span  class=\"elementor-icon\">\n\t\t\t\t<svg aria-hidden=\"true\" class=\"e-font-icon-svg e-fas-tree\" viewbox=\"0 0 384 512\" xmlns=\"http:\/\/www.w3.org\/2000\/svg\"><path d=\"M378.31 378.49L298.42 288h30.63c9.01 0 16.98-5 20.78-13.06 3.8-8.04 2.55-17.26-3.28-24.05L268.42 160h28.89c9.1 0 17.3-5.35 20.86-13.61 3.52-8.13 1.86-17.59-4.24-24.08L203.66 4.83c-6.03-6.45-17.28-6.45-23.32 0L70.06 122.31c-6.1 6.49-7.75 15.95-4.24 24.08C69.38 154.65 77.59 160 86.69 160h28.89l-78.14 90.91c-5.81 6.78-7.06 15.99-3.27 24.04C37.97 283 45.93 288 54.95 288h30.63L5.69 378.49c-6 6.79-7.36 16.09-3.56 24.26 3.75 8.05 12 13.25 21.01 13.25H160v24.45l-30.29 48.4c-5.32 10.64 2.42 23.16 14.31 23.16h95.96c11.89 0 19.63-12.52 14.31-23.16L224 440.45V416h136.86c9.01 0 17.26-5.2 21.01-13.25 3.8-8.17 2.44-17.47-3.56-24.26z\"><\/path><\/svg>\t\t\t\t<\/span>\n\t\t\t<\/div>\n\t\t\t\n\t\t\t\t\t\t<div class=\"elementor-icon-box-content\">\n\n\t\t\t\t\t\t\t\t\t<h3 class=\"elementor-icon-box-title\">\n\t\t\t\t\t\t<span  >\n\t\t\t\t\t\t\tTerrace \/ Outdoor\t\t\t\t\t\t<\/span>\n\t\t\t\t\t<\/h3>\n\t\t\t\t\n\t\t\t\t\t\t\t\t\t<p class=\"elementor-icon-box-description\">\n\t\t\t\t\t\tGarden furniture and barbecue - Landscaped and animal parks\t\t\t\t\t<\/p>\n\t\t\t\t\n\t\t\t<\/div>\n\t\t\t\n\t\t<\/div>\n\t\t\t\t\t\t<\/div>\n\t\t\t\t<\/div>\n\t\t\t\t<\/div>\n\t\t\t\t<div class=\"elementor-element elementor-element-d75d297 elementor-widget elementor-widget-heading\" data-id=\"d75d297\" data-element_type=\"widget\" data-widget_type=\"heading.default\">\n\t\t\t\t<div class=\"elementor-widget-container\">\n\t\t\t\t\t<h2 class=\"elementor-heading-title elementor-size-default\">Lodging n\u00b02<\/h2>\t\t\t\t<\/div>\n\t\t\t\t<\/div>\n\t\t\t\t<div class=\"elementor-element elementor-element-e9e1f43 elementor-arrows-position-inside elementor-pagination-position-outside elementor-widget elementor-widget-image-carousel\" data-id=\"e9e1f43\" data-element_type=\"widget\" data-settings=\"{&quot;slides_to_show&quot;:&quot;3&quot;,&quot;navigation&quot;:&quot;both&quot;,&quot;autoplay&quot;:&quot;yes&quot;,&quot;pause_on_hover&quot;:&quot;yes&quot;,&quot;pause_on_interaction&quot;:&quot;yes&quot;,&quot;autoplay_speed&quot;:5000,&quot;infinite&quot;:&quot;yes&quot;,&quot;speed&quot;:500,&quot;image_spacing_custom&quot;:{&quot;unit&quot;:&quot;px&quot;,&quot;size&quot;:20,&quot;sizes&quot;:[]},&quot;image_spacing_custom_tablet&quot;:{&quot;unit&quot;:&quot;px&quot;,&quot;size&quot;:&quot;&quot;,&quot;sizes&quot;:[]},&quot;image_spacing_custom_mobile&quot;:{&quot;unit&quot;:&quot;px&quot;,&quot;size&quot;:&quot;&quot;,&quot;sizes&quot;:[]}}\" data-widget_type=\"image-carousel.default\">\n\t\t\t\t<div class=\"elementor-widget-container\">\n\t\t\t\t\t\t\t<div class=\"elementor-image-carousel-wrapper swiper\" role=\"region\" aria-roledescription=\"carousel\" aria-label=\"Carrousel d\u2019images\" dir=\"ltr\">\n\t\t\t<div class=\"elementor-image-carousel swiper-wrapper\" aria-live=\"off\">\n\t\t\t\t\t\t\t\t<div class=\"swiper-slide\" role=\"group\" aria-roledescription=\"slide\" aria-label=\"1 of 31\" data-no-translation-aria-label=\"\"><figure class=\"swiper-slide-inner\"><img decoding=\"async\" class=\"swiper-slide-image\" src=\"https:\/\/www.domainedelavalleedesevre.fr\/wp-content\/uploads\/elementor\/thumbs\/Gites-Mortagne-sur-Sevre-22-rb9h40zfu5fuwp5qngdhgelajlsxjz2mr4d2grv6ig.jpg\" alt=\"Gites Mortagne sur Sevre-22\" \/><\/figure><\/div><div class=\"swiper-slide\" role=\"group\" aria-roledescription=\"slide\" aria-label=\"2 of 31\" data-no-translation-aria-label=\"\"><figure class=\"swiper-slide-inner\"><img decoding=\"async\" class=\"swiper-slide-image\" src=\"https:\/\/www.domainedelavalleedesevre.fr\/wp-content\/uploads\/elementor\/thumbs\/Gites-Mortagne-sur-Sevre-19-rb9h3vcep584z1dxkdxq1g0izakq9sg8qcg5l43jjs.jpg\" alt=\"G\u00eete 6-8 pers proche Puy du Fou Le C\u00e8dre\" \/><\/figure><\/div><div class=\"swiper-slide\" role=\"group\" aria-roledescription=\"slide\" aria-label=\"3 of 31\" data-no-translation-aria-label=\"\"><figure class=\"swiper-slide-inner\"><img decoding=\"async\" class=\"swiper-slide-image\" src=\"https:\/\/www.domainedelavalleedesevre.fr\/wp-content\/uploads\/elementor\/thumbs\/IMG-20250710-WA0035-r8lqzxuqf6j85vcvfasfy1atwk6j1w4l2p9guuzrug.jpg\" alt=\"IMG-20250710-WA0035\" \/><\/figure><\/div><div class=\"swiper-slide\" role=\"group\" aria-roledescription=\"slide\" aria-label=\"4 of 31\" data-no-translation-aria-label=\"\"><figure class=\"swiper-slide-inner\"><img decoding=\"async\" class=\"swiper-slide-image\" src=\"https:\/\/www.domainedelavalleedesevre.fr\/wp-content\/uploads\/elementor\/thumbs\/Gites-Mortagne-sur-Sevre-23-rb9h42v47tifjx30ch6qle47qdjnzda3fdo1fbse60.jpg\" alt=\"Gites Mortagne sur Sevre-23\" \/><\/figure><\/div><div class=\"swiper-slide\" role=\"group\" aria-roledescription=\"slide\" aria-label=\"5 of 31\" data-no-translation-aria-label=\"\"><figure class=\"swiper-slide-inner\"><img decoding=\"async\" class=\"swiper-slide-image\" src=\"https:\/\/www.domainedelavalleedesevre.fr\/wp-content\/uploads\/elementor\/thumbs\/Gites-Mortagne-sur-Sevre-16-rb9h3orjdaz4prnhmt3c1zoatlh5rwq4dfvr86darc.jpg\" alt=\"Gites Mortagne sur Sevre-16\" \/><\/figure><\/div><div class=\"swiper-slide\" role=\"group\" aria-roledescription=\"slide\" aria-label=\"6 of 31\" data-no-translation-aria-label=\"\"><figure class=\"swiper-slide-inner\"><img decoding=\"async\" class=\"swiper-slide-image\" src=\"https:\/\/www.domainedelavalleedesevre.fr\/wp-content\/uploads\/elementor\/thumbs\/Gites-Mortagne-sur-Sevre-17-rb9h3qn7qz1pczkrbtwl6z780d7w7axl1p6q6qaiew.jpg\" alt=\"Gites Mortagne sur Sevre-17\" \/><\/figure><\/div><div class=\"swiper-slide\" role=\"group\" aria-roledescription=\"slide\" aria-label=\"7 of 31\" data-no-translation-aria-label=\"\"><figure class=\"swiper-slide-inner\"><img decoding=\"async\" class=\"swiper-slide-image\" src=\"https:\/\/www.domainedelavalleedesevre.fr\/wp-content\/uploads\/elementor\/thumbs\/Gites-Mortagne-sur-Sevre-18-rb9h3siw4n4a07i10upubyq574ymmp51pyhp5a7q2g.jpg\" alt=\"Gites Mortagne sur Sevre-18\" \/><\/figure><\/div><div class=\"swiper-slide\" role=\"group\" aria-roledescription=\"slide\" aria-label=\"8 of 31\" data-no-translation-aria-label=\"\"><figure class=\"swiper-slide-inner\"><img decoding=\"async\" class=\"swiper-slide-image\" src=\"https:\/\/www.domainedelavalleedesevre.fr\/wp-content\/uploads\/elementor\/thumbs\/IMG-20250710-WA0041-r8lr0794biw3dyz7weupmyxfuew76v5wfzsbnmlu48.jpg\" alt=\"IMG-20250710-WA0041\" \/><\/figure><\/div><div class=\"swiper-slide\" role=\"group\" aria-roledescription=\"slide\" aria-label=\"9 of 31\" data-no-translation-aria-label=\"\"><figure class=\"swiper-slide-inner\"><img decoding=\"async\" class=\"swiper-slide-image\" src=\"https:\/\/www.domainedelavalleedesevre.fr\/wp-content\/uploads\/elementor\/thumbs\/Gites-Mortagne-sur-Sevre-20-rb9h3x832tapm9b79eqz6fjg62bgp6npelr4jo0r7c.jpg\" alt=\"Gites Mortagne sur Sevre-20\" \/><\/figure><\/div><div class=\"swiper-slide\" role=\"group\" aria-roledescription=\"slide\" aria-label=\"10 of 31\" data-no-translation-aria-label=\"\"><figure class=\"swiper-slide-inner\"><img decoding=\"async\" class=\"swiper-slide-image\" src=\"https:\/\/www.domainedelavalleedesevre.fr\/wp-content\/uploads\/elementor\/thumbs\/IMG-20250710-WA0038-r8lr03hrk6qy3j4oid87czvlgveqc2qz3h6dqiret4.jpg\" alt=\"IMG-20250710-WA0038\" \/><\/figure><\/div><div class=\"swiper-slide\" role=\"group\" aria-roledescription=\"slide\" aria-label=\"11 of 31\" data-no-translation-aria-label=\"\"><figure class=\"swiper-slide-inner\"><img decoding=\"async\" class=\"swiper-slide-image\" src=\"https:\/\/www.domainedelavalleedesevre.fr\/wp-content\/uploads\/elementor\/thumbs\/Gites-Mortagne-sur-Sevre-21-rb9h3z3rghda9h8gyfk8bf2dcu274kv62v23i7xyuw.jpg\" alt=\"Gites Mortagne sur Sevre-21\" \/><\/figure><\/div><div class=\"swiper-slide\" role=\"group\" aria-roledescription=\"slide\" aria-label=\"12 of 31\" data-no-translation-aria-label=\"\"><figure class=\"swiper-slide-inner\"><img decoding=\"async\" class=\"swiper-slide-image\" src=\"https:\/\/www.domainedelavalleedesevre.fr\/wp-content\/uploads\/elementor\/thumbs\/Gites-Mortagne-sur-Sevre-15-rb9h3mvuzmwk2jq7xsa2x05dmtqfciinp6ks9mg33s.jpg\" alt=\"Gites Mortagne sur Sevre-15\" \/><\/figure><\/div><div class=\"swiper-slide\" role=\"group\" aria-roledescription=\"slide\" aria-label=\"13 of 31\" data-no-translation-aria-label=\"\"><figure class=\"swiper-slide-inner\"><img decoding=\"async\" class=\"swiper-slide-image\" src=\"https:\/\/www.domainedelavalleedesevre.fr\/wp-content\/uploads\/elementor\/thumbs\/IMG-20250710-WA0032-r8lqzu3dnue2vfic195xo28zj0p273pnq6nixr5cjc.jpg\" alt=\"IMG-20250710-WA0032\" \/><\/figure><\/div><div class=\"swiper-slide\" role=\"group\" aria-roledescription=\"slide\" aria-label=\"14 of 31\" data-no-translation-aria-label=\"\"><figure class=\"swiper-slide-inner\"><img decoding=\"async\" class=\"swiper-slide-image\" src=\"https:\/\/www.domainedelavalleedesevre.fr\/wp-content\/uploads\/elementor\/thumbs\/IMG-20250710-WA0033-r8lqzvz21igninflq9z6t1rwpsfsmhx4efyhwb2k6w.jpg\" alt=\"IMG-20250710-WA0033\" \/><\/figure><\/div><div class=\"swiper-slide\" role=\"group\" aria-roledescription=\"slide\" aria-label=\"15 of 31\" data-no-translation-aria-label=\"\"><figure class=\"swiper-slide-inner\"><img decoding=\"async\" class=\"swiper-slide-image\" src=\"https:\/\/www.domainedelavalleedesevre.fr\/wp-content\/uploads\/elementor\/thumbs\/IMG-20250710-WA0030-r8lqzs7pa6bi87l2c8coj2q2c8ybrpi71xcjz784vs.jpg\" alt=\"IMG-20250710-WA0030\" \/><\/figure><\/div><div class=\"swiper-slide\" role=\"group\" aria-roledescription=\"slide\" aria-label=\"16 of 31\" data-no-translation-aria-label=\"\"><figure class=\"swiper-slide-inner\"><img decoding=\"async\" class=\"swiper-slide-image\" src=\"https:\/\/www.domainedelavalleedesevre.fr\/wp-content\/uploads\/elementor\/thumbs\/IMG-20250710-WA0036-r8lqzzqesulst3a54blp30tr3bx9hac1qykftewzi0.jpg\" alt=\"IMG-20250710-WA0036\" \/><\/figure><\/div><div class=\"swiper-slide\" role=\"group\" aria-roledescription=\"slide\" aria-label=\"17 of 31\" data-no-translation-aria-label=\"\"><figure class=\"swiper-slide-inner\"><img decoding=\"async\" class=\"swiper-slide-image\" src=\"https:\/\/www.domainedelavalleedesevre.fr\/wp-content\/uploads\/elementor\/thumbs\/IMG-20250710-WA0045-r8lr0b0h2v18oetragh7wxza7ydo1nktsie9kqg9fc.jpg\" alt=\"IMG-20250710-WA0045\" \/><\/figure><\/div><div class=\"swiper-slide\" role=\"group\" aria-roledescription=\"slide\" aria-label=\"18 of 31\" data-no-translation-aria-label=\"\"><figure class=\"swiper-slide-inner\"><img decoding=\"async\" class=\"swiper-slide-image\" src=\"https:\/\/www.domainedelavalleedesevre.fr\/wp-content\/uploads\/elementor\/thumbs\/IMG-20250710-WA00281-r8lqzogciu6cxrqiy6q693o7ypguwx39peqm23dpko.jpg\" alt=\"IMG-20250710-WA0028(1)\" \/><\/figure><\/div><div class=\"swiper-slide\" role=\"group\" aria-roledescription=\"slide\" aria-label=\"19 of 31\" data-no-translation-aria-label=\"\"><figure class=\"swiper-slide-inner\"><img decoding=\"async\" class=\"swiper-slide-image\" src=\"https:\/\/www.domainedelavalleedesevre.fr\/wp-content\/uploads\/elementor\/thumbs\/IMG-20250710-WA0028-r8lqzqc0wi8xkznsn7jfe3755h7lcbaqdo1l0nax88.jpg\" alt=\"IMG-20250710-WA0028\" \/><\/figure><\/div><div class=\"swiper-slide\" role=\"group\" aria-roledescription=\"slide\" aria-label=\"20 of 31\" data-no-translation-aria-label=\"\"><figure class=\"swiper-slide-inner\"><img decoding=\"async\" class=\"swiper-slide-image\" src=\"https:\/\/www.domainedelavalleedesevre.fr\/wp-content\/uploads\/elementor\/thumbs\/Gites-Mortagne-sur-Sevre-24-rb9h45omsbmaiqyww0emavelij5rmglafrmhv5o7nc.jpg\" alt=\"Gites Mortagne sur Sevre-24\" \/><\/figure><\/div><div class=\"swiper-slide\" role=\"group\" aria-roledescription=\"slide\" aria-label=\"21 of 31\" data-no-translation-aria-label=\"\"><figure class=\"swiper-slide-inner\"><img decoding=\"async\" class=\"swiper-slide-image\" src=\"https:\/\/www.domainedelavalleedesevre.fr\/wp-content\/uploads\/elementor\/thumbs\/Gites-Mortagne-sur-Sevre-25-rb9h47kb5zov5yw6l17vfuxipawi1usr40xgtplfaw.jpg\" alt=\"Gites Mortagne sur Sevre-25\" \/><\/figure><\/div><div class=\"swiper-slide\" role=\"group\" aria-roledescription=\"slide\" aria-label=\"22 of 31\" data-no-translation-aria-label=\"\"><figure class=\"swiper-slide-inner\"><img decoding=\"async\" class=\"swiper-slide-image\" src=\"https:\/\/www.domainedelavalleedesevre.fr\/wp-content\/uploads\/elementor\/thumbs\/Gites-Mortagne-sur-Sevre-26-rb9h49fzjnrft6tga214kugfw2n8h907sa8fs9imyg.jpg\" alt=\"Gites Mortagne sur Sevre-26\" \/><\/figure><\/div><div class=\"swiper-slide\" role=\"group\" aria-roledescription=\"slide\" aria-label=\"23 of 31\" data-no-translation-aria-label=\"\"><figure class=\"swiper-slide-inner\"><img decoding=\"async\" class=\"swiper-slide-image\" src=\"https:\/\/www.domainedelavalleedesevre.fr\/wp-content\/uploads\/elementor\/thumbs\/Gites-Mortagne-sur-Sevre-27-rb9h4bbnxbu0geqpz2udptzd2udywn7ogjjeqtfum0.jpg\" alt=\"Gites Mortagne sur Sevre-27\" \/><\/figure><\/div><div class=\"swiper-slide\" role=\"group\" aria-roledescription=\"slide\" aria-label=\"24 of 31\" data-no-translation-aria-label=\"\"><figure class=\"swiper-slide-inner\"><img decoding=\"async\" class=\"swiper-slide-image\" src=\"https:\/\/www.domainedelavalleedesevre.fr\/wp-content\/uploads\/elementor\/thumbs\/Gites-Mortagne-sur-Sevre-28-rb9h4e56htxvf8mmim29fb9qv002jqivgxhv6nbo3c.jpg\" alt=\"Gites Mortagne sur Sevre-28\" \/><\/figure><\/div><div class=\"swiper-slide\" role=\"group\" aria-roledescription=\"slide\" aria-label=\"25 of 31\" data-no-translation-aria-label=\"\"><figure class=\"swiper-slide-inner\"><img decoding=\"async\" class=\"swiper-slide-image\" src=\"https:\/\/www.domainedelavalleedesevre.fr\/wp-content\/uploads\/elementor\/thumbs\/Gites-Mortagne-sur-Sevre-29-rb9h4g0uvi0g2gjw7mvikaso1rqsz4qc56su578vqw.jpg\" alt=\"Gites Mortagne sur Sevre-29\" \/><\/figure><\/div><div class=\"swiper-slide\" role=\"group\" aria-roledescription=\"slide\" aria-label=\"26 of 31\" data-no-translation-aria-label=\"\"><figure class=\"swiper-slide-inner\"><img decoding=\"async\" class=\"swiper-slide-image\" src=\"https:\/\/www.domainedelavalleedesevre.fr\/wp-content\/uploads\/elementor\/thumbs\/Gites-Mortagne-sur-Sevre-30-rb9h4hwj9630poh5wnorpabl8jhjeixstg3t3r63eg.jpg\" alt=\"Gites Mortagne sur Sevre-30\" \/><\/figure><\/div><div class=\"swiper-slide\" role=\"group\" aria-roledescription=\"slide\" aria-label=\"27 of 31\" data-no-translation-aria-label=\"\"><figure class=\"swiper-slide-inner\"><img decoding=\"async\" class=\"swiper-slide-image\" src=\"https:\/\/www.domainedelavalleedesevre.fr\/wp-content\/uploads\/elementor\/thumbs\/Gites-Mortagne-sur-Sevre-31-rb9h4js7mu5lcwefloi0u9uifb89tx59hpes2b3b20.jpg\" alt=\"Gites Mortagne sur Sevre-31\" \/><\/figure><\/div><div class=\"swiper-slide\" role=\"group\" aria-roledescription=\"slide\" aria-label=\"28 of 31\" data-no-translation-aria-label=\"\"><figure class=\"swiper-slide-inner\"><img decoding=\"async\" class=\"swiper-slide-image\" src=\"https:\/\/www.domainedelavalleedesevre.fr\/wp-content\/uploads\/elementor\/thumbs\/Gites-Mortagne-sur-Sevre-32-rb9h4mlq7c9gbqac57pwjr4w7gudh0ggi3d8i4z4jc.jpg\" alt=\"Gites Mortagne sur Sevre-32\" \/><\/figure><\/div><div class=\"swiper-slide\" role=\"group\" aria-roledescription=\"slide\" aria-label=\"29 of 31\" data-no-translation-aria-label=\"\"><figure class=\"swiper-slide-inner\"><img decoding=\"async\" class=\"swiper-slide-image\" src=\"https:\/\/www.domainedelavalleedesevre.fr\/wp-content\/uploads\/elementor\/thumbs\/Gites-Mortagne-sur-Sevre-33-rb9h4ohel0c0yy7lu8j5oqnte8l3wenx6co7gowc6w.jpg\" alt=\"Gites Mortagne sur Sevre-33\" \/><\/figure><\/div><div class=\"swiper-slide\" role=\"group\" aria-roledescription=\"slide\" aria-label=\"30 of 31\" data-no-translation-aria-label=\"\"><figure class=\"swiper-slide-inner\"><img decoding=\"async\" class=\"swiper-slide-image\" src=\"https:\/\/www.domainedelavalleedesevre.fr\/wp-content\/uploads\/elementor\/thumbs\/IMG-20250710-WA0039-r8lr05dfxutiqr1y7e1ghzeinn5grgyfrqhcp2omgo.jpg\" alt=\"G\u00eete Mortagne sur S\u00e8vre\" \/><\/figure><\/div><div class=\"swiper-slide\" role=\"group\" aria-roledescription=\"slide\" aria-label=\"31 of 31\" data-no-translation-aria-label=\"\"><figure class=\"swiper-slide-inner\"><img decoding=\"async\" class=\"swiper-slide-image\" src=\"https:\/\/www.domainedelavalleedesevre.fr\/wp-content\/uploads\/elementor\/thumbs\/IMG-20250710-WA0043-r8lr086yicxdpkxuqx9c7gowfsrkek9ms4ft4wkfy0.jpg\" alt=\"IMG-20250710-WA0043\" \/><\/figure><\/div>\t\t\t<\/div>\n\t\t\t\t\t\t\t\t\t\t\t\t<div class=\"elementor-swiper-button elementor-swiper-button-prev\" role=\"button\" tabindex=\"0\">\n\t\t\t\t\t\t<svg aria-hidden=\"true\" class=\"e-font-icon-svg e-eicon-chevron-left\" viewbox=\"0 0 1000 1000\" xmlns=\"http:\/\/www.w3.org\/2000\/svg\"><path d=\"M646 125C629 125 613 133 604 142L308 442C296 454 292 471 292 487 292 504 296 521 308 533L604 854C617 867 629 875 646 875 663 875 679 871 692 858 704 846 713 829 713 812 713 796 708 779 692 767L438 487 692 225C700 217 708 204 708 187 708 171 704 154 692 142 675 129 663 125 646 125Z\"><\/path><\/svg>\t\t\t\t\t<\/div>\n\t\t\t\t\t<div class=\"elementor-swiper-button elementor-swiper-button-next\" role=\"button\" tabindex=\"0\">\n\t\t\t\t\t\t<svg aria-hidden=\"true\" class=\"e-font-icon-svg e-eicon-chevron-right\" viewbox=\"0 0 1000 1000\" xmlns=\"http:\/\/www.w3.org\/2000\/svg\"><path d=\"M696 533C708 521 713 504 713 487 713 471 708 454 696 446L400 146C388 133 375 125 354 125 338 125 325 129 313 142 300 154 292 171 292 187 292 204 296 221 308 233L563 492 304 771C292 783 288 800 288 817 288 833 296 850 308 863 321 871 338 875 354 875 371 875 388 867 400 854L696 533Z\"><\/path><\/svg>\t\t\t\t\t<\/div>\n\t\t\t\t\n\t\t\t\t\t\t\t\t\t<div class=\"swiper-pagination\"><\/div>\n\t\t\t\t\t\t\t\t\t<\/div>\n\t\t\t\t\t\t<\/div>\n\t\t\t\t<\/div>\n\t\t<div class=\"elementor-element elementor-element-4c63de1 e-grid e-con-full wpr-particle-no wpr-jarallax-no wpr-parallax-no wpr-sticky-section-no wpr-equal-height-no e-con e-child\" data-id=\"4c63de1\" data-element_type=\"container\" data-settings=\"{&quot;background_background&quot;:&quot;classic&quot;}\">\n\t\t\t\t<div class=\"elementor-element elementor-element-ae7715b elementor-position-left elementor-view-default elementor-mobile-position-top elementor-widget elementor-widget-icon-box\" data-id=\"ae7715b\" data-element_type=\"widget\" data-widget_type=\"icon-box.default\">\n\t\t\t\t<div class=\"elementor-widget-container\">\n\t\t\t\t\t\t\t<div class=\"elementor-icon-box-wrapper\">\n\n\t\t\t\t\t\t<div class=\"elementor-icon-box-icon\">\n\t\t\t\t<span  class=\"elementor-icon\">\n\t\t\t\t<svg aria-hidden=\"true\" class=\"e-font-icon-svg e-fas-coffee\" viewbox=\"0 0 640 512\" xmlns=\"http:\/\/www.w3.org\/2000\/svg\"><path d=\"M192 384h192c53 0 96-43 96-96h32c70.6 0 128-57.4 128-128S582.6 32 512 32H120c-13.3 0-24 10.7-24 24v232c0 53 43 96 96 96zM512 96c35.3 0 64 28.7 64 64s-28.7 64-64 64h-32V96h32zm47.7 384H48.3c-47.6 0-61-64-36-64h583.3c25 0 11.8 64-35.9 64z\"><\/path><\/svg>\t\t\t\t<\/span>\n\t\t\t<\/div>\n\t\t\t\n\t\t\t\t\t\t<div class=\"elementor-icon-box-content\">\n\n\t\t\t\t\t\t\t\t\t<h3 class=\"elementor-icon-box-title\">\n\t\t\t\t\t\t<span  >\n\t\t\t\t\t\t\tLiving room and open kitchen\t\t\t\t\t\t<\/span>\n\t\t\t\t\t<\/h3>\n\t\t\t\t\n\t\t\t\t\t\t\t\t\t<p class=\"elementor-icon-box-description\">\n\t\t\t\t\t\tLarge living room of 45 m2, fully equipped kitchen, 1 convertible sofa in the living room\t\t\t\t\t<\/p>\n\t\t\t\t\n\t\t\t<\/div>\n\t\t\t\n\t\t<\/div>\n\t\t\t\t\t\t<\/div>\n\t\t\t\t<\/div>\n\t\t\t\t<div class=\"elementor-element elementor-element-36a4c21 elementor-position-left elementor-view-default elementor-mobile-position-top elementor-widget elementor-widget-icon-box\" data-id=\"36a4c21\" data-element_type=\"widget\" data-widget_type=\"icon-box.default\">\n\t\t\t\t<div class=\"elementor-widget-container\">\n\t\t\t\t\t\t\t<div class=\"elementor-icon-box-wrapper\">\n\n\t\t\t\t\t\t<div class=\"elementor-icon-box-icon\">\n\t\t\t\t<span  class=\"elementor-icon\">\n\t\t\t\t<svg aria-hidden=\"true\" class=\"e-font-icon-svg e-fas-bed\" viewbox=\"0 0 640 512\" xmlns=\"http:\/\/www.w3.org\/2000\/svg\"><path d=\"M176 256c44.11 0 80-35.89 80-80s-35.89-80-80-80-80 35.89-80 80 35.89 80 80 80zm352-128H304c-8.84 0-16 7.16-16 16v144H64V80c0-8.84-7.16-16-16-16H16C7.16 64 0 71.16 0 80v352c0 8.84 7.16 16 16 16h32c8.84 0 16-7.16 16-16v-48h512v48c0 8.84 7.16 16 16 16h32c8.84 0 16-7.16 16-16V240c0-61.86-50.14-112-112-112z\"><\/path><\/svg>\t\t\t\t<\/span>\n\t\t\t<\/div>\n\t\t\t\n\t\t\t\t\t\t<div class=\"elementor-icon-box-content\">\n\n\t\t\t\t\t\t\t\t\t<h3 class=\"elementor-icon-box-title\">\n\t\t\t\t\t\t<span  >\n\t\t\t\t\t\t\tIn the bedrooms\t\t\t\t\t\t<\/span>\n\t\t\t\t\t<\/h3>\n\t\t\t\t\n\t\t\t\t\t\t\t\t\t<p class=\"elementor-icon-box-description\">\n\t\t\t\t\t\t3 beds 160 cm, plus a convertible sofa\t\t\t\t\t<\/p>\n\t\t\t\t\n\t\t\t<\/div>\n\t\t\t\n\t\t<\/div>\n\t\t\t\t\t\t<\/div>\n\t\t\t\t<\/div>\n\t\t\t\t<div class=\"elementor-element elementor-element-1df9f94 elementor-position-left elementor-view-default elementor-mobile-position-top elementor-widget elementor-widget-icon-box\" data-id=\"1df9f94\" data-element_type=\"widget\" data-widget_type=\"icon-box.default\">\n\t\t\t\t<div class=\"elementor-widget-container\">\n\t\t\t\t\t\t\t<div class=\"elementor-icon-box-wrapper\">\n\n\t\t\t\t\t\t<div class=\"elementor-icon-box-icon\">\n\t\t\t\t<span  class=\"elementor-icon\">\n\t\t\t\t<svg aria-hidden=\"true\" class=\"e-font-icon-svg e-fas-bath\" viewbox=\"0 0 512 512\" xmlns=\"http:\/\/www.w3.org\/2000\/svg\"><path d=\"M32,384a95.4,95.4,0,0,0,32,71.09V496a16,16,0,0,0,16,16h32a16,16,0,0,0,16-16V480H384v16a16,16,0,0,0,16,16h32a16,16,0,0,0,16-16V455.09A95.4,95.4,0,0,0,480,384V336H32ZM496,256H80V69.25a21.26,21.26,0,0,1,36.28-15l19.27,19.26c-13.13,29.88-7.61,59.11,8.62,79.73l-.17.17A16,16,0,0,0,144,176l11.31,11.31a16,16,0,0,0,22.63,0L283.31,81.94a16,16,0,0,0,0-22.63L272,48a16,16,0,0,0-22.62,0l-.17.17c-20.62-16.23-49.83-21.75-79.73-8.62L150.22,20.28A69.25,69.25,0,0,0,32,69.25V256H16A16,16,0,0,0,0,272v16a16,16,0,0,0,16,16H496a16,16,0,0,0,16-16V272A16,16,0,0,0,496,256Z\"><\/path><\/svg>\t\t\t\t<\/span>\n\t\t\t<\/div>\n\t\t\t\n\t\t\t\t\t\t<div class=\"elementor-icon-box-content\">\n\n\t\t\t\t\t\t\t\t\t<h3 class=\"elementor-icon-box-title\">\n\t\t\t\t\t\t<span  >\n\t\t\t\t\t\t\tBathroom\t\t\t\t\t\t<\/span>\n\t\t\t\t\t<\/h3>\n\t\t\t\t\n\t\t\t\t\t\t\t\t\t<p class=\"elementor-icon-box-description\">\n\t\t\t\t\t\t1 shower room, 1 bathroom, 2 toilets\n\t\t\t\t\t<\/p>\n\t\t\t\t\n\t\t\t<\/div>\n\t\t\t\n\t\t<\/div>\n\t\t\t\t\t\t<\/div>\n\t\t\t\t<\/div>\n\t\t\t\t<div class=\"elementor-element elementor-element-e37ad15 elementor-position-left elementor-view-default elementor-mobile-position-top elementor-widget elementor-widget-icon-box\" data-id=\"e37ad15\" data-element_type=\"widget\" data-widget_type=\"icon-box.default\">\n\t\t\t\t<div class=\"elementor-widget-container\">\n\t\t\t\t\t\t\t<div class=\"elementor-icon-box-wrapper\">\n\n\t\t\t\t\t\t<div class=\"elementor-icon-box-icon\">\n\t\t\t\t<span  class=\"elementor-icon\">\n\t\t\t\t<svg aria-hidden=\"true\" class=\"e-font-icon-svg e-fas-tree\" viewbox=\"0 0 384 512\" xmlns=\"http:\/\/www.w3.org\/2000\/svg\"><path d=\"M378.31 378.49L298.42 288h30.63c9.01 0 16.98-5 20.78-13.06 3.8-8.04 2.55-17.26-3.28-24.05L268.42 160h28.89c9.1 0 17.3-5.35 20.86-13.61 3.52-8.13 1.86-17.59-4.24-24.08L203.66 4.83c-6.03-6.45-17.28-6.45-23.32 0L70.06 122.31c-6.1 6.49-7.75 15.95-4.24 24.08C69.38 154.65 77.59 160 86.69 160h28.89l-78.14 90.91c-5.81 6.78-7.06 15.99-3.27 24.04C37.97 283 45.93 288 54.95 288h30.63L5.69 378.49c-6 6.79-7.36 16.09-3.56 24.26 3.75 8.05 12 13.25 21.01 13.25H160v24.45l-30.29 48.4c-5.32 10.64 2.42 23.16 14.31 23.16h95.96c11.89 0 19.63-12.52 14.31-23.16L224 440.45V416h136.86c9.01 0 17.26-5.2 21.01-13.25 3.8-8.17 2.44-17.47-3.56-24.26z\"><\/path><\/svg>\t\t\t\t<\/span>\n\t\t\t<\/div>\n\t\t\t\n\t\t\t\t\t\t<div class=\"elementor-icon-box-content\">\n\n\t\t\t\t\t\t\t\t\t<h3 class=\"elementor-icon-box-title\">\n\t\t\t\t\t\t<span  >\n\t\t\t\t\t\t\tTerrace \/ Exterior\t\t\t\t\t\t<\/span>\n\t\t\t\t\t<\/h3>\n\t\t\t\t\n\t\t\t\t\t\t\t\t\t<p class=\"elementor-icon-box-description\">\n\t\t\t\t\t\tGarden furniture and barbecue - Landscaped and animal parks\t\t\t\t\t<\/p>\n\t\t\t\t\n\t\t\t<\/div>\n\t\t\t\n\t\t<\/div>\n\t\t\t\t\t\t<\/div>\n\t\t\t\t<\/div>\n\t\t\t\t<\/div>\n\t\t\t\t<\/div>\n\t\t\t\t\t<\/div>\n\t\t\t\t<\/div>\n\t\t\t\t<\/div>","protected":false},"excerpt":{"rendered":"<p>Lieu partag\u00e9 g\u00eete 10-12 personnes &#8211; 4 chambres Descriptif Louez nos deux g\u00eetes pour un s\u00e9jour jusqu\u2019\u00e0 12 personnes Envie de vous retrouver en famille, entre amis ou pour un s\u00e9jour \u00e0 plusieurs couples ? Nos deux g\u00eetes peuvent \u00eatre r\u00e9serv\u00e9s ensemble afin d\u2019accueillir confortablement jusqu\u2019\u00e0 12 personnes dans un cadre chaleureux et convivial. Le premier g\u00eete \u00ab\u00a0l&rsquo;Accacia\u00a0\u00bb, id\u00e9al pour 4 personnes, dispose d\u2019une chambre \u00e9quip\u00e9e d\u2019un lit Queen Size (160 cm), d\u2019une salle d\u2019eau avec toilettes adapt\u00e9es PMR, ainsi que d\u2019un salon avec canap\u00e9 convertible (140 cm). Sa terrasse vous offre une vue imprenable sur la campagne environnante. Le second g\u00eete \u00ab\u00a0le C\u00e8dre\u00a0\u00bb, con\u00e7u pour 8 personnes, propose trois chambres dont une suite avec salle de bain et toilettes PMR, un salon avec canap\u00e9 convertible (140 cm), une salle d\u2019eau suppl\u00e9mentaire et deux toilettes. Sa terrasse spacieuse compl\u00e8te l\u2019ensemble pour vos moments de d\u00e9tente. Chaque g\u00eete dispose d\u2019une pi\u00e8ce de vie lumineuse avec cuisine ouverte enti\u00e8rement \u00e9quip\u00e9e, id\u00e9ale pour partager des repas et profiter de moments conviviaux. En louant les deux g\u00eetes, vous b\u00e9n\u00e9ficiez d\u2019un grand espace commun tout en pr\u00e9servant l\u2019intimit\u00e9 et le confort de chacun. L\u2019endroit parfait pour un s\u00e9jour regroupant vos proches, dans un \u00e9crin de verdure au panorama exceptionnel. V\u00e9rifiez les disponibilit\u00e9s *La location conjointe des deux g\u00eetes est possible sous r\u00e9serve de disponibilit\u00e9s. Nous contacter pour r\u00e9server. Nous contacter G\u00eete n\u00b01 Salon et cuisine Toute \u00e9quip\u00e9e Dans la chambre 1lit de 160, 1 lit b\u00e9b\u00e9 et 1 canap\u00e9 convertible dans le salon Salle de douche 1 salle d\u2019eau et 1 toilette Terrasse \/ Ext\u00e9rieur Salon de jardin et barbecue &#8211; Parcs paysager et animalier G\u00eete n\u00b02 Salon et cuisine ouverte Grande pi\u00e8ce de vie de 45 m2, cuisine toute \u00e9quip\u00e9e, 1 canap\u00e9 convertible dans le salon Dans les chambres 3 lits en 160, plus un canap\u00e9 convertible Salle de bain 1 salle d\u2019eau , 1 salle de bain, 2 toilettes Terrasse \/Ext\u00e9rieur Salon de jardin et barbecue &#8211; Parcs paysager et animalier<\/p>","protected":false},"author":1,"featured_media":0,"parent":0,"menu_order":0,"comment_status":"closed","ping_status":"closed","template":"elementor_header_footer","meta":{"ocean_post_layout":"","ocean_both_sidebars_style":"","ocean_both_sidebars_content_width":0,"ocean_both_sidebars_sidebars_width":0,"ocean_sidebar":"","ocean_second_sidebar":"","ocean_disable_margins":"enable","ocean_add_body_class":"","ocean_shortcode_before_top_bar":"","ocean_shortcode_after_top_bar":"","ocean_shortcode_before_header":"","ocean_shortcode_after_header":"","ocean_has_shortcode":"","ocean_shortcode_after_title":"","ocean_shortcode_before_footer_widgets":"","ocean_shortcode_after_footer_widgets":"","ocean_shortcode_before_footer_bottom":"","ocean_shortcode_after_footer_bottom":"","ocean_display_top_bar":"default","ocean_display_header":"default","ocean_header_style":"","ocean_center_header_left_menu":"","ocean_custom_header_template":"","ocean_custom_logo":0,"ocean_custom_retina_logo":0,"ocean_custom_logo_max_width":0,"ocean_custom_logo_tablet_max_width":0,"ocean_custom_logo_mobile_max_width":0,"ocean_custom_logo_max_height":0,"ocean_custom_logo_tablet_max_height":0,"ocean_custom_logo_mobile_max_height":0,"ocean_header_custom_menu":"","ocean_menu_typo_font_family":"","ocean_menu_typo_font_subset":"","ocean_menu_typo_font_size":0,"ocean_menu_typo_font_size_tablet":0,"ocean_menu_typo_font_size_mobile":0,"ocean_menu_typo_font_size_unit":"px","ocean_menu_typo_font_weight":"","ocean_menu_typo_font_weight_tablet":"","ocean_menu_typo_font_weight_mobile":"","ocean_menu_typo_transform":"","ocean_menu_typo_transform_tablet":"","ocean_menu_typo_transform_mobile":"","ocean_menu_typo_line_height":0,"ocean_menu_typo_line_height_tablet":0,"ocean_menu_typo_line_height_mobile":0,"ocean_menu_typo_line_height_unit":"","ocean_menu_typo_spacing":0,"ocean_menu_typo_spacing_tablet":0,"ocean_menu_typo_spacing_mobile":0,"ocean_menu_typo_spacing_unit":"","ocean_menu_link_color":"","ocean_menu_link_color_hover":"","ocean_menu_link_color_active":"","ocean_menu_link_background":"","ocean_menu_link_hover_background":"","ocean_menu_link_active_background":"","ocean_menu_social_links_bg":"","ocean_menu_social_hover_links_bg":"","ocean_menu_social_links_color":"","ocean_menu_social_hover_links_color":"","ocean_disable_title":"default","ocean_disable_heading":"default","ocean_post_title":"","ocean_post_subheading":"","ocean_post_title_style":"","ocean_post_title_background_color":"","ocean_post_title_background":0,"ocean_post_title_bg_image_position":"","ocean_post_title_bg_image_attachment":"","ocean_post_title_bg_image_repeat":"","ocean_post_title_bg_image_size":"","ocean_post_title_height":0,"ocean_post_title_bg_overlay":0.5,"ocean_post_title_bg_overlay_color":"","ocean_disable_breadcrumbs":"default","ocean_breadcrumbs_color":"","ocean_breadcrumbs_separator_color":"","ocean_breadcrumbs_links_color":"","ocean_breadcrumbs_links_hover_color":"","ocean_display_footer_widgets":"default","ocean_display_footer_bottom":"default","ocean_custom_footer_template":"","footnotes":""},"class_list":["post-707","page","type-page","status-publish","hentry","entry"],"yoast_head":"<!-- This site is optimized with the Yoast SEO plugin v27.5 - https:\/\/yoast.com\/product\/yoast-seo-wordpress\/ -->\n<title>Lieu Partag\u00e9 - Domaine de la vall\u00e9e de S\u00e8vre<\/title>\n<meta name=\"robots\" content=\"index, follow, max-snippet:-1, max-image-preview:large, max-video-preview:-1\" \/>\n<link rel=\"canonical\" href=\"https:\/\/www.domainedelavalleedesevre.fr\/en\/lieu-partage\/\" \/>\n<meta property=\"og:locale\" content=\"en_US\" \/>\n<meta property=\"og:type\" content=\"article\" \/>\n<meta property=\"og:title\" content=\"Lieu Partag\u00e9 - Domaine de la vall\u00e9e de S\u00e8vre\" \/>\n<meta property=\"og:description\" content=\"Lieu partag\u00e9 g\u00eete 10-12 personnes &#8211; 4 chambres Descriptif Louez nos deux g\u00eetes pour un s\u00e9jour jusqu\u2019\u00e0 12 personnes Envie de vous retrouver en famille, entre amis ou pour un s\u00e9jour \u00e0 plusieurs couples ? Nos deux g\u00eetes peuvent \u00eatre r\u00e9serv\u00e9s ensemble afin d\u2019accueillir confortablement jusqu\u2019\u00e0 12 personnes dans un cadre chaleureux et convivial. Le premier g\u00eete \u00ab\u00a0l&rsquo;Accacia\u00a0\u00bb, id\u00e9al pour 4 personnes, dispose d\u2019une chambre \u00e9quip\u00e9e d\u2019un lit Queen Size (160 cm), d\u2019une salle d\u2019eau avec toilettes adapt\u00e9es PMR, ainsi que d\u2019un salon avec canap\u00e9 convertible (140 cm). Sa terrasse vous offre une vue imprenable sur la campagne environnante. Le second g\u00eete \u00ab\u00a0le C\u00e8dre\u00a0\u00bb, con\u00e7u pour 8 personnes, propose trois chambres dont une suite avec salle de bain et toilettes PMR, un salon avec canap\u00e9 convertible (140 cm), une salle d\u2019eau suppl\u00e9mentaire et deux toilettes. Sa terrasse spacieuse compl\u00e8te l\u2019ensemble pour vos moments de d\u00e9tente. Chaque g\u00eete dispose d\u2019une pi\u00e8ce de vie lumineuse avec cuisine ouverte enti\u00e8rement \u00e9quip\u00e9e, id\u00e9ale pour partager des repas et profiter de moments conviviaux. En louant les deux g\u00eetes, vous b\u00e9n\u00e9ficiez d\u2019un grand espace commun tout en pr\u00e9servant l\u2019intimit\u00e9 et le confort de chacun. L\u2019endroit parfait pour un s\u00e9jour regroupant vos proches, dans un \u00e9crin de verdure au panorama exceptionnel. V\u00e9rifiez les disponibilit\u00e9s *La location conjointe des deux g\u00eetes est possible sous r\u00e9serve de disponibilit\u00e9s. Nous contacter pour r\u00e9server. Nous contacter G\u00eete n\u00b01 Salon et cuisine Toute \u00e9quip\u00e9e Dans la chambre 1lit de 160, 1 lit b\u00e9b\u00e9 et 1 canap\u00e9 convertible dans le salon Salle de douche 1 salle d\u2019eau et 1 toilette Terrasse \/ Ext\u00e9rieur Salon de jardin et barbecue &#8211; Parcs paysager et animalier G\u00eete n\u00b02 Salon et cuisine ouverte Grande pi\u00e8ce de vie de 45 m2, cuisine toute \u00e9quip\u00e9e, 1 canap\u00e9 convertible dans le salon Dans les chambres 3 lits en 160, plus un canap\u00e9 convertible Salle de bain 1 salle d\u2019eau , 1 salle de bain, 2 toilettes Terrasse \/Ext\u00e9rieur Salon de jardin et barbecue &#8211; Parcs paysager et animalier\" \/>\n<meta property=\"og:url\" content=\"https:\/\/www.domainedelavalleedesevre.fr\/en\/lieu-partage\/\" \/>\n<meta property=\"og:site_name\" content=\"Domaine de la vall\u00e9e de S\u00e8vre\" \/>\n<meta property=\"article:modified_time\" content=\"2025-10-13T15:25:21+00:00\" \/>\n<meta property=\"og:image\" content=\"https:\/\/www.domainedelavalleedesevre.fr\/wp-content\/uploads\/2025\/05\/Logo-OK-sans-texte-blanc-931x1024.png\" \/>\n<meta name=\"twitter:card\" content=\"summary_large_image\" \/>\n<script type=\"application\/ld+json\" class=\"yoast-schema-graph\">{\"@context\":\"https:\\\/\\\/schema.org\",\"@graph\":[{\"@type\":\"WebPage\",\"@id\":\"https:\\\/\\\/www.domainedelavalleedesevre.fr\\\/lieu-partage\\\/\",\"url\":\"https:\\\/\\\/www.domainedelavalleedesevre.fr\\\/lieu-partage\\\/\",\"name\":\"Lieu Partag\u00e9 - Domaine de la vall\u00e9e de S\u00e8vre\",\"isPartOf\":{\"@id\":\"https:\\\/\\\/www.domainedelavalleedesevre.fr\\\/#website\"},\"primaryImageOfPage\":{\"@id\":\"https:\\\/\\\/www.domainedelavalleedesevre.fr\\\/lieu-partage\\\/#primaryimage\"},\"image\":{\"@id\":\"https:\\\/\\\/www.domainedelavalleedesevre.fr\\\/lieu-partage\\\/#primaryimage\"},\"thumbnailUrl\":\"https:\\\/\\\/www.domainedelavalleedesevre.fr\\\/wp-content\\\/uploads\\\/2025\\\/05\\\/Logo-OK-sans-texte-blanc-931x1024.png\",\"datePublished\":\"2025-06-19T14:39:04+00:00\",\"dateModified\":\"2025-10-13T15:25:21+00:00\",\"breadcrumb\":{\"@id\":\"https:\\\/\\\/www.domainedelavalleedesevre.fr\\\/lieu-partage\\\/#breadcrumb\"},\"inLanguage\":\"en-US\",\"potentialAction\":[{\"@type\":\"ReadAction\",\"target\":[\"https:\\\/\\\/www.domainedelavalleedesevre.fr\\\/lieu-partage\\\/\"]}]},{\"@type\":\"ImageObject\",\"inLanguage\":\"en-US\",\"@id\":\"https:\\\/\\\/www.domainedelavalleedesevre.fr\\\/lieu-partage\\\/#primaryimage\",\"url\":\"https:\\\/\\\/www.domainedelavalleedesevre.fr\\\/wp-content\\\/uploads\\\/2025\\\/05\\\/Logo-OK-sans-texte-blanc-931x1024.png\",\"contentUrl\":\"https:\\\/\\\/www.domainedelavalleedesevre.fr\\\/wp-content\\\/uploads\\\/2025\\\/05\\\/Logo-OK-sans-texte-blanc-931x1024.png\"},{\"@type\":\"BreadcrumbList\",\"@id\":\"https:\\\/\\\/www.domainedelavalleedesevre.fr\\\/lieu-partage\\\/#breadcrumb\",\"itemListElement\":[{\"@type\":\"ListItem\",\"position\":1,\"name\":\"Accueil\",\"item\":\"https:\\\/\\\/www.domainedelavalleedesevre.fr\\\/\"},{\"@type\":\"ListItem\",\"position\":2,\"name\":\"Lieu Partag\u00e9\"}]},{\"@type\":\"WebSite\",\"@id\":\"https:\\\/\\\/www.domainedelavalleedesevre.fr\\\/#website\",\"url\":\"https:\\\/\\\/www.domainedelavalleedesevre.fr\\\/\",\"name\":\"Domaine de la vall\u00e9e de S\u00e8vre\",\"description\":\"\",\"potentialAction\":[{\"@type\":\"SearchAction\",\"target\":{\"@type\":\"EntryPoint\",\"urlTemplate\":\"https:\\\/\\\/www.domainedelavalleedesevre.fr\\\/?s={search_term_string}\"},\"query-input\":{\"@type\":\"PropertyValueSpecification\",\"valueRequired\":true,\"valueName\":\"search_term_string\"}}],\"inLanguage\":\"en-US\"}]}<\/script>\n<!-- \/ Yoast SEO plugin. -->","yoast_head_json":{"title":"Lieu Partag\u00e9 - Domaine de la vall\u00e9e de S\u00e8vre","robots":{"index":"index","follow":"follow","max-snippet":"max-snippet:-1","max-image-preview":"max-image-preview:large","max-video-preview":"max-video-preview:-1"},"canonical":"https:\/\/www.domainedelavalleedesevre.fr\/en\/lieu-partage\/","og_locale":"en_US","og_type":"article","og_title":"Lieu Partag\u00e9 - Domaine de la vall\u00e9e de S\u00e8vre","og_description":"Lieu partag\u00e9 g\u00eete 10-12 personnes &#8211; 4 chambres Descriptif Louez nos deux g\u00eetes pour un s\u00e9jour jusqu\u2019\u00e0 12 personnes Envie de vous retrouver en famille, entre amis ou pour un s\u00e9jour \u00e0 plusieurs couples ? Nos deux g\u00eetes peuvent \u00eatre r\u00e9serv\u00e9s ensemble afin d\u2019accueillir confortablement jusqu\u2019\u00e0 12 personnes dans un cadre chaleureux et convivial. Le premier g\u00eete \u00ab\u00a0l&rsquo;Accacia\u00a0\u00bb, id\u00e9al pour 4 personnes, dispose d\u2019une chambre \u00e9quip\u00e9e d\u2019un lit Queen Size (160 cm), d\u2019une salle d\u2019eau avec toilettes adapt\u00e9es PMR, ainsi que d\u2019un salon avec canap\u00e9 convertible (140 cm). Sa terrasse vous offre une vue imprenable sur la campagne environnante. Le second g\u00eete \u00ab\u00a0le C\u00e8dre\u00a0\u00bb, con\u00e7u pour 8 personnes, propose trois chambres dont une suite avec salle de bain et toilettes PMR, un salon avec canap\u00e9 convertible (140 cm), une salle d\u2019eau suppl\u00e9mentaire et deux toilettes. Sa terrasse spacieuse compl\u00e8te l\u2019ensemble pour vos moments de d\u00e9tente. Chaque g\u00eete dispose d\u2019une pi\u00e8ce de vie lumineuse avec cuisine ouverte enti\u00e8rement \u00e9quip\u00e9e, id\u00e9ale pour partager des repas et profiter de moments conviviaux. En louant les deux g\u00eetes, vous b\u00e9n\u00e9ficiez d\u2019un grand espace commun tout en pr\u00e9servant l\u2019intimit\u00e9 et le confort de chacun. L\u2019endroit parfait pour un s\u00e9jour regroupant vos proches, dans un \u00e9crin de verdure au panorama exceptionnel. V\u00e9rifiez les disponibilit\u00e9s *La location conjointe des deux g\u00eetes est possible sous r\u00e9serve de disponibilit\u00e9s. Nous contacter pour r\u00e9server. Nous contacter G\u00eete n\u00b01 Salon et cuisine Toute \u00e9quip\u00e9e Dans la chambre 1lit de 160, 1 lit b\u00e9b\u00e9 et 1 canap\u00e9 convertible dans le salon Salle de douche 1 salle d\u2019eau et 1 toilette Terrasse \/ Ext\u00e9rieur Salon de jardin et barbecue &#8211; Parcs paysager et animalier G\u00eete n\u00b02 Salon et cuisine ouverte Grande pi\u00e8ce de vie de 45 m2, cuisine toute \u00e9quip\u00e9e, 1 canap\u00e9 convertible dans le salon Dans les chambres 3 lits en 160, plus un canap\u00e9 convertible Salle de bain 1 salle d\u2019eau , 1 salle de bain, 2 toilettes Terrasse \/Ext\u00e9rieur Salon de jardin et barbecue &#8211; Parcs paysager et animalier","og_url":"https:\/\/www.domainedelavalleedesevre.fr\/en\/lieu-partage\/","og_site_name":"Domaine de la vall\u00e9e de S\u00e8vre","article_modified_time":"2025-10-13T15:25:21+00:00","og_image":[{"url":"https:\/\/www.domainedelavalleedesevre.fr\/wp-content\/uploads\/2025\/05\/Logo-OK-sans-texte-blanc-931x1024.png","type":"","width":"","height":""}],"twitter_card":"summary_large_image","schema":{"@context":"https:\/\/schema.org","@graph":[{"@type":"WebPage","@id":"https:\/\/www.domainedelavalleedesevre.fr\/lieu-partage\/","url":"https:\/\/www.domainedelavalleedesevre.fr\/lieu-partage\/","name":"Lieu Partag\u00e9 - Domaine de la vall\u00e9e de S\u00e8vre","isPartOf":{"@id":"https:\/\/www.domainedelavalleedesevre.fr\/#website"},"primaryImageOfPage":{"@id":"https:\/\/www.domainedelavalleedesevre.fr\/lieu-partage\/#primaryimage"},"image":{"@id":"https:\/\/www.domainedelavalleedesevre.fr\/lieu-partage\/#primaryimage"},"thumbnailUrl":"https:\/\/www.domainedelavalleedesevre.fr\/wp-content\/uploads\/2025\/05\/Logo-OK-sans-texte-blanc-931x1024.png","datePublished":"2025-06-19T14:39:04+00:00","dateModified":"2025-10-13T15:25:21+00:00","breadcrumb":{"@id":"https:\/\/www.domainedelavalleedesevre.fr\/lieu-partage\/#breadcrumb"},"inLanguage":"en-US","potentialAction":[{"@type":"ReadAction","target":["https:\/\/www.domainedelavalleedesevre.fr\/lieu-partage\/"]}]},{"@type":"ImageObject","inLanguage":"en-US","@id":"https:\/\/www.domainedelavalleedesevre.fr\/lieu-partage\/#primaryimage","url":"https:\/\/www.domainedelavalleedesevre.fr\/wp-content\/uploads\/2025\/05\/Logo-OK-sans-texte-blanc-931x1024.png","contentUrl":"https:\/\/www.domainedelavalleedesevre.fr\/wp-content\/uploads\/2025\/05\/Logo-OK-sans-texte-blanc-931x1024.png"},{"@type":"BreadcrumbList","@id":"https:\/\/www.domainedelavalleedesevre.fr\/lieu-partage\/#breadcrumb","itemListElement":[{"@type":"ListItem","position":1,"name":"Accueil","item":"https:\/\/www.domainedelavalleedesevre.fr\/"},{"@type":"ListItem","position":2,"name":"Lieu Partag\u00e9"}]},{"@type":"WebSite","@id":"https:\/\/www.domainedelavalleedesevre.fr\/#website","url":"https:\/\/www.domainedelavalleedesevre.fr\/","name":"Domaine de la vall\u00e9e de S\u00e8vre","description":"","potentialAction":[{"@type":"SearchAction","target":{"@type":"EntryPoint","urlTemplate":"https:\/\/www.domainedelavalleedesevre.fr\/?s={search_term_string}"},"query-input":{"@type":"PropertyValueSpecification","valueRequired":true,"valueName":"search_term_string"}}],"inLanguage":"en-US"}]}},"_links":{"self":[{"href":"https:\/\/www.domainedelavalleedesevre.fr\/en\/wp-json\/wp\/v2\/pages\/707","targetHints":{"allow":["GET"]}}],"collection":[{"href":"https:\/\/www.domainedelavalleedesevre.fr\/en\/wp-json\/wp\/v2\/pages"}],"about":[{"href":"https:\/\/www.domainedelavalleedesevre.fr\/en\/wp-json\/wp\/v2\/types\/page"}],"author":[{"embeddable":true,"href":"https:\/\/www.domainedelavalleedesevre.fr\/en\/wp-json\/wp\/v2\/users\/1"}],"replies":[{"embeddable":true,"href":"https:\/\/www.domainedelavalleedesevre.fr\/en\/wp-json\/wp\/v2\/comments?post=707"}],"version-history":[{"count":38,"href":"https:\/\/www.domainedelavalleedesevre.fr\/en\/wp-json\/wp\/v2\/pages\/707\/revisions"}],"predecessor-version":[{"id":1107,"href":"https:\/\/www.domainedelavalleedesevre.fr\/en\/wp-json\/wp\/v2\/pages\/707\/revisions\/1107"}],"wp:attachment":[{"href":"https:\/\/www.domainedelavalleedesevre.fr\/en\/wp-json\/wp\/v2\/media?parent=707"}],"curies":[{"name":"wp","href":"https:\/\/api.w.org\/{rel}","templated":true}]}}