{"id":81,"date":"2025-05-20T10:42:16","date_gmt":"2025-05-20T10:42:16","guid":{"rendered":"https:\/\/www.domainedelavalleedesevre.fr\/?page_id=81"},"modified":"2026-01-05T13:41:46","modified_gmt":"2026-01-05T13:41:46","slug":"accueil","status":"publish","type":"page","link":"https:\/\/www.domainedelavalleedesevre.fr\/en\/","title":{"rendered":"G\u00eetes en bord de S\u00e8vre"},"content":{"rendered":"<div data-elementor-type=\"wp-page\" data-elementor-id=\"81\" class=\"elementor elementor-81\">\n\t\t\t\t<div class=\"elementor-element elementor-element-b2017d4 e-flex e-con-boxed wpr-particle-no wpr-jarallax-no wpr-parallax-no wpr-sticky-section-no wpr-equal-height-no e-con e-parent\" data-id=\"b2017d4\" data-element_type=\"container\" data-settings=\"{&quot;background_background&quot;:&quot;classic&quot;}\">\n\t\t\t\t\t<div class=\"e-con-inner\">\n\t\t\t\t<div class=\"elementor-element elementor-element-1b12bb9 elementor-widget elementor-widget-spacer\" data-id=\"1b12bb9\" data-element_type=\"widget\" data-widget_type=\"spacer.default\">\n\t\t\t\t<div class=\"elementor-widget-container\">\n\t\t\t\t\t\t\t<div class=\"elementor-spacer\">\n\t\t\t<div class=\"elementor-spacer-inner\"><\/div>\n\t\t<\/div>\n\t\t\t\t\t\t<\/div>\n\t\t\t\t<\/div>\n\t\t\t\t<div class=\"elementor-element elementor-element-58d7c27 elementor-widget elementor-widget-image\" data-id=\"58d7c27\" data-element_type=\"widget\" data-widget_type=\"image.default\">\n\t\t\t\t<div class=\"elementor-widget-container\">\n\t\t\t\t\t\t\t\t\t\t\t\t\t\t\t<img fetchpriority=\"high\" decoding=\"async\" width=\"931\" height=\"1024\" src=\"https:\/\/www.domainedelavalleedesevre.fr\/wp-content\/uploads\/2025\/05\/Logo-OK-sans-texte-blanc-931x1024.png\" class=\"attachment-large size-large wp-image-77\" alt=\"\" srcset=\"https:\/\/www.domainedelavalleedesevre.fr\/wp-content\/uploads\/2025\/05\/Logo-OK-sans-texte-blanc-931x1024.png 931w, https:\/\/www.domainedelavalleedesevre.fr\/wp-content\/uploads\/2025\/05\/Logo-OK-sans-texte-blanc-273x300.png 273w, https:\/\/www.domainedelavalleedesevre.fr\/wp-content\/uploads\/2025\/05\/Logo-OK-sans-texte-blanc-768x845.png 768w, https:\/\/www.domainedelavalleedesevre.fr\/wp-content\/uploads\/2025\/05\/Logo-OK-sans-texte-blanc-1396x1536.png 1396w, https:\/\/www.domainedelavalleedesevre.fr\/wp-content\/uploads\/2025\/05\/Logo-OK-sans-texte-blanc.png 1646w\" sizes=\"(max-width: 931px) 100vw, 931px\" \/>\t\t\t\t\t\t\t\t\t\t\t\t\t\t\t<\/div>\n\t\t\t\t<\/div>\n\t\t\t\t<div class=\"elementor-element elementor-element-956b653 elementor-widget elementor-widget-heading\" data-id=\"956b653\" data-element_type=\"widget\" data-widget_type=\"heading.default\">\n\t\t\t\t<div class=\"elementor-widget-container\">\n\t\t\t\t\t<h2 class=\"elementor-heading-title elementor-size-default\">Domaine de la vall\u00e9e de S\u00e8vre<\/h2>\t\t\t\t<\/div>\n\t\t\t\t<\/div>\n\t\t\t\t<div class=\"elementor-element elementor-element-88cbc1a elementor-widget elementor-widget-heading\" data-id=\"88cbc1a\" data-element_type=\"widget\" data-widget_type=\"heading.default\">\n\t\t\t\t<div class=\"elementor-widget-container\">\n\t\t\t\t\t<h1 class=\"elementor-heading-title elementor-size-default\">G\u00eete rental on the banks of the S\u00e8vre. Vend\u00e9e<\/h1>\t\t\t\t<\/div>\n\t\t\t\t<\/div>\n\t\t\t\t<div class=\"elementor-element elementor-element-f9b34be elementor-align-center elementor-widget elementor-widget-button\" data-id=\"f9b34be\" data-element_type=\"widget\" data-widget_type=\"button.default\">\n\t\t\t\t<div class=\"elementor-widget-container\">\n\t\t\t\t\t\t\t\t\t<div class=\"elementor-button-wrapper\">\n\t\t\t\t\t<a class=\"elementor-button elementor-button-link elementor-size-sm\" href=\"https:\/\/www.domainedelavalleedesevre.fr\/en\/accueil\/#reserver\">\n\t\t\t\t\t\t<span class=\"elementor-button-content-wrapper\">\n\t\t\t\t\t\t\t\t\t<span class=\"elementor-button-text\">Book your stay<\/span>\n\t\t\t\t\t<\/span>\n\t\t\t\t\t<\/a>\n\t\t\t\t<\/div>\n\t\t\t\t\t\t\t\t<\/div>\n\t\t\t\t<\/div>\n\t\t\t\t\t<\/div>\n\t\t\t\t<\/div>\n\t\t<div class=\"elementor-element elementor-element-ebd562e e-flex e-con-boxed wpr-particle-no wpr-jarallax-no wpr-parallax-no wpr-sticky-section-no wpr-equal-height-no e-con e-parent\" data-id=\"ebd562e\" data-element_type=\"container\">\n\t\t\t\t\t<div class=\"e-con-inner\">\n\t\t\t\t<div class=\"elementor-element elementor-element-3eab595 elementor-widget elementor-widget-heading\" data-id=\"3eab595\" data-element_type=\"widget\" data-widget_type=\"heading.default\">\n\t\t\t\t<div class=\"elementor-widget-container\">\n\t\t\t\t\t<h2 class=\"elementor-heading-title elementor-size-default\">Welcome to the S\u00e8vre Nantaise Valley<\/h2>\t\t\t\t<\/div>\n\t\t\t\t<\/div>\n\t\t\t\t<div class=\"elementor-element elementor-element-60c8182 elementor-widget-divider--view-line elementor-widget elementor-widget-divider\" data-id=\"60c8182\" data-element_type=\"widget\" data-widget_type=\"divider.default\">\n\t\t\t\t<div class=\"elementor-widget-container\">\n\t\t\t\t\t\t\t<div class=\"elementor-divider\">\n\t\t\t<span class=\"elementor-divider-separator\">\n\t\t\t\t\t\t<\/span>\n\t\t<\/div>\n\t\t\t\t\t\t<\/div>\n\t\t\t\t<\/div>\n\t\t\t\t<div class=\"elementor-element elementor-element-b41cac8 elementor-widget elementor-widget-text-editor\" data-id=\"b41cac8\" data-element_type=\"widget\" data-widget_type=\"text-editor.default\">\n\t\t\t\t<div class=\"elementor-widget-container\">\n\t\t\t\t\t\t\t\t\t<p>In Mortagne-sur-S\u00e8vre, in Vend\u00e9e, we welcome you to a wooded estate located on the banks of a river, where you can enjoy a unique panoramic view of the valley. This rural and relaxing setting is perfect for recharging your batteries and reconnecting with nature, while taking the bucolic paths that lead to the water's edge.<br \/>Our g\u00eete area offers two adjoining g\u00eetes, ideal for groups of friends or large families, with a capacity of up to 12 people (accessible for people with reduced mobility). Each g\u00eete offers access to two magnificent terraces nestled in the heart of a green and flowery park.<br \/>The estate is also the perfect starting point for short or long walks or horseback rides along the river. You can also go canoeing or kayaking or explore our region while enjoying lunch on the steam train. Ideally located 15 minutes from Puy du Fou\u00a9 and the Poupet Music Festival.<\/p>\t\t\t\t\t\t\t\t<\/div>\n\t\t\t\t<\/div>\n\t\t\t\t<div class=\"elementor-element elementor-element-37a1f7f elementor-align-center elementor-widget elementor-widget-button\" data-id=\"37a1f7f\" data-element_type=\"widget\" data-widget_type=\"button.default\">\n\t\t\t\t<div class=\"elementor-widget-container\">\n\t\t\t\t\t\t\t\t\t<div class=\"elementor-button-wrapper\">\n\t\t\t\t\t<a class=\"elementor-button elementor-button-link elementor-size-sm\" href=\"https:\/\/www.domainedelavalleedesevre.fr\/en\/la-region\/\">\n\t\t\t\t\t\t<span class=\"elementor-button-content-wrapper\">\n\t\t\t\t\t\t\t\t\t<span class=\"elementor-button-text\">D\u00e9couvrir notre r\u00e9gion et toutes ses richesses<\/span>\n\t\t\t\t\t<\/span>\n\t\t\t\t\t<\/a>\n\t\t\t\t<\/div>\n\t\t\t\t\t\t\t\t<\/div>\n\t\t\t\t<\/div>\n\t\t\t\t\t<\/div>\n\t\t\t\t<\/div>\n\t\t<div class=\"elementor-element elementor-element-e02cd8b e-flex e-con-boxed wpr-particle-no wpr-jarallax-no wpr-parallax-no wpr-sticky-section-no wpr-equal-height-no e-con e-parent\" data-id=\"e02cd8b\" data-element_type=\"container\" data-settings=\"{&quot;background_background&quot;:&quot;classic&quot;}\">\n\t\t\t\t\t<div class=\"e-con-inner\">\n\t\t\t\t<div class=\"elementor-element elementor-element-93ab899 elementor-widget elementor-widget-heading\" data-id=\"93ab899\" data-element_type=\"widget\" data-widget_type=\"heading.default\">\n\t\t\t\t<div class=\"elementor-widget-container\">\n\t\t\t\t\t<h2 class=\"elementor-heading-title elementor-size-default\">The lodgings<\/h2>\t\t\t\t<\/div>\n\t\t\t\t<\/div>\n\t\t\t\t<div class=\"elementor-element elementor-element-4f526d9 elementor-widget elementor-widget-text-editor\" data-id=\"4f526d9\" data-element_type=\"widget\" data-widget_type=\"text-editor.default\">\n\t\t\t\t<div class=\"elementor-widget-container\">\n\t\t\t\t\t\t\t\t\t<p>Discover our two charming cottages, housed in a fully renovated former winery and all on one level (PMR-rated). Nestled in the Vend\u00e9e region, they are the ideal starting point for exploring the region and its many cultural and tourist attractions.<br \/>Each cottage opens onto a charming, level terrace, equipped with a table and chairs. Enjoy breathtaking views of the park's majestic trees, the meadows where horses graze, and the flowerbeds that invite you to relax.<\/p>\t\t\t\t\t\t\t\t<\/div>\n\t\t\t\t<\/div>\n\t\t<div class=\"elementor-element elementor-element-42ae039 e-grid e-con-full wpr-particle-no wpr-jarallax-no wpr-parallax-no wpr-sticky-section-no wpr-equal-height-no e-con e-child\" data-id=\"42ae039\" data-element_type=\"container\">\n\t\t<div class=\"elementor-element elementor-element-9282880 e-con-full e-flex wpr-particle-no wpr-jarallax-no wpr-parallax-no wpr-sticky-section-no wpr-equal-height-no e-con e-child\" data-id=\"9282880\" data-element_type=\"container\">\n\t\t\t\t<div class=\"elementor-element elementor-element-10b4907 elementor-widget elementor-widget-image\" data-id=\"10b4907\" data-element_type=\"widget\" data-widget_type=\"image.default\">\n\t\t\t\t<div class=\"elementor-widget-container\">\n\t\t\t\t\t\t\t\t\t\t\t\t\t\t\t<img decoding=\"async\" src=\"https:\/\/www.domainedelavalleedesevre.fr\/wp-content\/uploads\/elementor\/thumbs\/Gites-Mortagne-sur-Sevre-22-rb9h40zi9uzl7ismt4qwmclzulbsbpjpbqjqpnrohk.jpg\" title=\"Gites Mortagne sur Sevre-22\" alt=\"Gites Mortagne sur Sevre-22\" loading=\"lazy\" \/>\t\t\t\t\t\t\t\t\t\t\t\t\t\t\t<\/div>\n\t\t\t\t<\/div>\n\t\t\t\t<div class=\"elementor-element elementor-element-1ea2ab6 elementor-widget elementor-widget-heading\" data-id=\"1ea2ab6\" data-element_type=\"widget\" data-widget_type=\"heading.default\">\n\t\t\t\t<div class=\"elementor-widget-container\">\n\t\t\t\t\t<h2 class=\"elementor-heading-title elementor-size-default\">Les C\u00e8dres<\/h2>\t\t\t\t<\/div>\n\t\t\t\t<\/div>\n\t\t\t\t<div class=\"elementor-element elementor-element-51c15e2 elementor-widget elementor-widget-heading\" data-id=\"51c15e2\" data-element_type=\"widget\" data-widget_type=\"heading.default\">\n\t\t\t\t<div class=\"elementor-widget-container\">\n\t\t\t\t\t<h1 class=\"elementor-heading-title elementor-size-default\">g\u00eete 6\/8 personnes - 3 chambres\ntarif \u00e0 partir de : 160 \u20ac \/ nuit<\/h1>\t\t\t\t<\/div>\n\t\t\t\t<\/div>\n\t\t\t\t<div class=\"elementor-element elementor-element-8d53b50 elementor-align-center elementor-widget elementor-widget-button\" data-id=\"8d53b50\" data-element_type=\"widget\" data-widget_type=\"button.default\">\n\t\t\t\t<div class=\"elementor-widget-container\">\n\t\t\t\t\t\t\t\t\t<div class=\"elementor-button-wrapper\">\n\t\t\t\t\t<a class=\"elementor-button elementor-button-link elementor-size-sm\" href=\"https:\/\/www.domainedelavalleedesevre.fr\/en\/le-cedre\/\">\n\t\t\t\t\t\t<span class=\"elementor-button-content-wrapper\">\n\t\t\t\t\t\t\t\t\t<span class=\"elementor-button-text\">Book the accommodation<\/span>\n\t\t\t\t\t<\/span>\n\t\t\t\t\t<\/a>\n\t\t\t\t<\/div>\n\t\t\t\t\t\t\t\t<\/div>\n\t\t\t\t<\/div>\n\t\t\t\t<\/div>\n\t\t<div class=\"elementor-element elementor-element-acd5171 e-con-full e-flex wpr-particle-no wpr-jarallax-no wpr-parallax-no wpr-sticky-section-no wpr-equal-height-no e-con e-child\" data-id=\"acd5171\" data-element_type=\"container\">\n\t\t\t\t<div class=\"elementor-element elementor-element-437d0fb elementor-widget elementor-widget-image\" data-id=\"437d0fb\" data-element_type=\"widget\" data-widget_type=\"image.default\">\n\t\t\t\t<div class=\"elementor-widget-container\">\n\t\t\t\t\t\t\t\t\t\t\t\t\t\t\t<img decoding=\"async\" src=\"https:\/\/www.domainedelavalleedesevre.fr\/wp-content\/uploads\/elementor\/thumbs\/Gites-Mortagne-sur-Sevre-11-rb9g5tmxkw5yqch8jchmvzc5ntwy87rbyfxo16hewo.jpg\" title=\"G\u00eete L\u2019Acacia Vall\u00e9e de la S\u00e8vre proche Puy du Fou\" alt=\"G\u00eete L\u2019Acacia Vall\u00e9e de la S\u00e8vre proche Puy du Fou\" loading=\"lazy\" \/>\t\t\t\t\t\t\t\t\t\t\t\t\t\t\t<\/div>\n\t\t\t\t<\/div>\n\t\t\t\t<div class=\"elementor-element elementor-element-6520f14 elementor-widget elementor-widget-heading\" data-id=\"6520f14\" data-element_type=\"widget\" data-widget_type=\"heading.default\">\n\t\t\t\t<div class=\"elementor-widget-container\">\n\t\t\t\t\t<h2 class=\"elementor-heading-title elementor-size-default\">L'Acacia<\/h2>\t\t\t\t<\/div>\n\t\t\t\t<\/div>\n\t\t\t\t<div class=\"elementor-element elementor-element-2062d72 elementor-widget elementor-widget-heading\" data-id=\"2062d72\" data-element_type=\"widget\" data-widget_type=\"heading.default\">\n\t\t\t\t<div class=\"elementor-widget-container\">\n\t\t\t\t\t<h1 class=\"elementor-heading-title elementor-size-default\">g\u00eete 2\/4 personnes - 1 chambre\ntarif \u00e0 partir de : 100 \u20ac \/ nuit<\/h1>\t\t\t\t<\/div>\n\t\t\t\t<\/div>\n\t\t\t\t<div class=\"elementor-element elementor-element-99c9449 elementor-align-center elementor-widget elementor-widget-button\" data-id=\"99c9449\" data-element_type=\"widget\" data-widget_type=\"button.default\">\n\t\t\t\t<div class=\"elementor-widget-container\">\n\t\t\t\t\t\t\t\t\t<div class=\"elementor-button-wrapper\">\n\t\t\t\t\t<a class=\"elementor-button elementor-button-link elementor-size-sm\" href=\"https:\/\/www.domainedelavalleedesevre.fr\/en\/l-acacia\/\">\n\t\t\t\t\t\t<span class=\"elementor-button-content-wrapper\">\n\t\t\t\t\t\t\t\t\t<span class=\"elementor-button-text\">Book the accommodation<\/span>\n\t\t\t\t\t<\/span>\n\t\t\t\t\t<\/a>\n\t\t\t\t<\/div>\n\t\t\t\t\t\t\t\t<\/div>\n\t\t\t\t<\/div>\n\t\t\t\t<\/div>\n\t\t<div class=\"elementor-element elementor-element-42b9238 e-con-full e-flex wpr-particle-no wpr-jarallax-no wpr-parallax-no wpr-sticky-section-no wpr-equal-height-no e-con e-child\" data-id=\"42b9238\" data-element_type=\"container\">\n\t\t\t\t<div class=\"elementor-element elementor-element-4304bb7 elementor-widget elementor-widget-image\" data-id=\"4304bb7\" data-element_type=\"widget\" data-widget_type=\"image.default\">\n\t\t\t\t<div class=\"elementor-widget-container\">\n\t\t\t\t\t\t\t\t\t\t\t\t\t\t\t<img decoding=\"async\" src=\"https:\/\/www.domainedelavalleedesevre.fr\/wp-content\/uploads\/elementor\/thumbs\/IMG-20250710-WA0021-r8lqvg6k7dxmzrilt1a1744919u91ortp38mk5jzjs.jpg\" title=\"Location g\u00eete puy du fou\" alt=\"Location g\u00eete puy du fou\" loading=\"lazy\" \/>\t\t\t\t\t\t\t\t\t\t\t\t\t\t\t<\/div>\n\t\t\t\t<\/div>\n\t\t\t\t<div class=\"elementor-element elementor-element-c35d6e0 elementor-widget elementor-widget-heading\" data-id=\"c35d6e0\" data-element_type=\"widget\" data-widget_type=\"heading.default\">\n\t\t\t\t<div class=\"elementor-widget-container\">\n\t\t\t\t\t<h2 class=\"elementor-heading-title elementor-size-default\">Lieu Partag\u00e9<\/h2>\t\t\t\t<\/div>\n\t\t\t\t<\/div>\n\t\t\t\t<div class=\"elementor-element elementor-element-71da150 elementor-widget elementor-widget-heading\" data-id=\"71da150\" data-element_type=\"widget\" data-widget_type=\"heading.default\">\n\t\t\t\t<div class=\"elementor-widget-container\">\n\t\t\t\t\t<h1 class=\"elementor-heading-title elementor-size-default\">g\u00eete 10-12 personnes - 4 chambres\ntarif \u00e0 partir de : 260 \u20ac \/ nuit<\/h1>\t\t\t\t<\/div>\n\t\t\t\t<\/div>\n\t\t\t\t<div class=\"elementor-element elementor-element-5d8adde elementor-align-center elementor-widget elementor-widget-button\" data-id=\"5d8adde\" data-element_type=\"widget\" data-widget_type=\"button.default\">\n\t\t\t\t<div class=\"elementor-widget-container\">\n\t\t\t\t\t\t\t\t\t<div class=\"elementor-button-wrapper\">\n\t\t\t\t\t<a class=\"elementor-button elementor-button-link elementor-size-sm\" href=\"https:\/\/www.domainedelavalleedesevre.fr\/en\/lieu-partage\/\">\n\t\t\t\t\t\t<span class=\"elementor-button-content-wrapper\">\n\t\t\t\t\t\t\t\t\t<span class=\"elementor-button-text\">Book the accommodations<\/span>\n\t\t\t\t\t<\/span>\n\t\t\t\t\t<\/a>\n\t\t\t\t<\/div>\n\t\t\t\t\t\t\t\t<\/div>\n\t\t\t\t<\/div>\n\t\t\t\t<\/div>\n\t\t\t\t<\/div>\n\t\t\t\t\t<\/div>\n\t\t\t\t<\/div>\n\t\t<div class=\"elementor-element elementor-element-1baf511 e-flex e-con-boxed wpr-particle-no wpr-jarallax-no wpr-parallax-no wpr-sticky-section-no wpr-equal-height-no e-con e-parent\" data-id=\"1baf511\" data-element_type=\"container\">\n\t\t\t\t\t<div class=\"e-con-inner\">\n\t\t<div class=\"elementor-element elementor-element-ca339d5 e-con-full e-flex wpr-particle-no wpr-jarallax-no wpr-parallax-no wpr-sticky-section-no wpr-equal-height-no e-con e-child\" data-id=\"ca339d5\" data-element_type=\"container\">\n\t\t<div class=\"elementor-element elementor-element-09184ba e-con-full e-flex wpr-particle-no wpr-jarallax-no wpr-parallax-no wpr-sticky-section-no wpr-equal-height-no e-con e-child\" data-id=\"09184ba\" data-element_type=\"container\">\n\t\t\t\t<div class=\"elementor-element elementor-element-1e9a913 elementor-widget elementor-widget-heading\" data-id=\"1e9a913\" data-element_type=\"widget\" data-widget_type=\"heading.default\">\n\t\t\t\t<div class=\"elementor-widget-container\">\n\t\t\t\t\t<h2 class=\"elementor-heading-title elementor-size-default\">The spirit of the domain<\/h2>\t\t\t\t<\/div>\n\t\t\t\t<\/div>\n\t\t\t\t<div class=\"elementor-element elementor-element-1b3854b elementor-widget-divider--view-line elementor-widget elementor-widget-divider\" data-id=\"1b3854b\" data-element_type=\"widget\" data-widget_type=\"divider.default\">\n\t\t\t\t<div class=\"elementor-widget-container\">\n\t\t\t\t\t\t\t<div class=\"elementor-divider\">\n\t\t\t<span class=\"elementor-divider-separator\">\n\t\t\t\t\t\t<\/span>\n\t\t<\/div>\n\t\t\t\t\t\t<\/div>\n\t\t\t\t<\/div>\n\t\t\t\t<div class=\"elementor-element elementor-element-45ad5e6 elementor-widget elementor-widget-text-editor\" data-id=\"45ad5e6\" data-element_type=\"widget\" data-widget_type=\"text-editor.default\">\n\t\t\t\t<div class=\"elementor-widget-container\">\n\t\t\t\t\t\t\t\t\t<p>In the heart of a former historic estate in Mortagne-sur-S\u00e8vre, our two charming cottages welcome you in an authentic and refined setting. Nestled in the valley, around a manor house steeped in history, they have been carefully renovated to combine the character of the past with modern comfort. Exposed stone, beams, and noble materials create a warm atmosphere, conducive to rest and disconnection, in a place imbued with serenity and memory. Staying here is like experiencing a timeless interlude, combining authentic charm and modern comfort.<\/p>\t\t\t\t\t\t\t\t<\/div>\n\t\t\t\t<\/div>\n\t\t\t\t<div class=\"elementor-element elementor-element-14e69bc elementor-align-left elementor-mobile-align-center elementor-widget elementor-widget-button\" data-id=\"14e69bc\" data-element_type=\"widget\" data-widget_type=\"button.default\">\n\t\t\t\t<div class=\"elementor-widget-container\">\n\t\t\t\t\t\t\t\t\t<div class=\"elementor-button-wrapper\">\n\t\t\t\t\t<a class=\"elementor-button elementor-button-link elementor-size-sm\" href=\"https:\/\/www.domainedelavalleedesevre.fr\/en\/le-domaine\/\">\n\t\t\t\t\t\t<span class=\"elementor-button-content-wrapper\">\n\t\t\t\t\t\t\t\t\t<span class=\"elementor-button-text\">Discover the history of the estate<\/span>\n\t\t\t\t\t<\/span>\n\t\t\t\t\t<\/a>\n\t\t\t\t<\/div>\n\t\t\t\t\t\t\t\t<\/div>\n\t\t\t\t<\/div>\n\t\t\t\t<\/div>\n\t\t<div class=\"elementor-element elementor-element-f8a3e15 e-con-full e-flex wpr-particle-no wpr-jarallax-no wpr-parallax-no wpr-sticky-section-no wpr-equal-height-no e-con e-child\" data-id=\"f8a3e15\" data-element_type=\"container\">\n\t\t\t\t<div class=\"elementor-element elementor-element-b024b16 elementor-widget elementor-widget-image\" data-id=\"b024b16\" data-element_type=\"widget\" data-widget_type=\"image.default\">\n\t\t\t\t<div class=\"elementor-widget-container\">\n\t\t\t\t\t\t\t\t\t\t\t\t\t\t\t<img decoding=\"async\" width=\"1200\" height=\"900\" src=\"https:\/\/www.domainedelavalleedesevre.fr\/wp-content\/uploads\/2025\/05\/promenade-sevre-nantaise-a-mortagne-sur-sevre.jpg\" class=\"attachment-full size-full wp-image-223\" alt=\"\" srcset=\"https:\/\/www.domainedelavalleedesevre.fr\/wp-content\/uploads\/2025\/05\/promenade-sevre-nantaise-a-mortagne-sur-sevre.jpg 1200w, https:\/\/www.domainedelavalleedesevre.fr\/wp-content\/uploads\/2025\/05\/promenade-sevre-nantaise-a-mortagne-sur-sevre-300x225.jpg 300w, https:\/\/www.domainedelavalleedesevre.fr\/wp-content\/uploads\/2025\/05\/promenade-sevre-nantaise-a-mortagne-sur-sevre-1024x768.jpg 1024w, https:\/\/www.domainedelavalleedesevre.fr\/wp-content\/uploads\/2025\/05\/promenade-sevre-nantaise-a-mortagne-sur-sevre-768x576.jpg 768w\" sizes=\"(max-width: 1200px) 100vw, 1200px\" \/>\t\t\t\t\t\t\t\t\t\t\t\t\t\t\t<\/div>\n\t\t\t\t<\/div>\n\t\t\t\t<div class=\"elementor-element elementor-element-eb5aa80 elementor-widget elementor-widget-image\" data-id=\"eb5aa80\" data-element_type=\"widget\" data-widget_type=\"image.default\">\n\t\t\t\t<div class=\"elementor-widget-container\">\n\t\t\t\t\t\t\t\t\t\t\t\t\t\t\t<img decoding=\"async\" src=\"https:\/\/www.domainedelavalleedesevre.fr\/wp-content\/uploads\/elementor\/thumbs\/IMG-20250710-WA0019-r8lqvdd28t7ztxpkgyhqjo91rsbyqh2hmlkr70ws30.jpg\" title=\"Location vacances Puy du Fou\" alt=\"Location vacances Puy du Fou\" loading=\"lazy\" \/>\t\t\t\t\t\t\t\t\t\t\t\t\t\t\t<\/div>\n\t\t\t\t<\/div>\n\t\t\t\t<\/div>\n\t\t\t\t<\/div>\n\t\t\t\t\t<\/div>\n\t\t\t\t<\/div>\n\t\t<div class=\"elementor-element elementor-element-36af38c e-flex e-con-boxed wpr-particle-no wpr-jarallax-no wpr-parallax-no wpr-sticky-section-no wpr-equal-height-no e-con e-parent\" data-id=\"36af38c\" data-element_type=\"container\" data-settings=\"{&quot;background_background&quot;:&quot;classic&quot;}\">\n\t\t\t\t\t<div class=\"e-con-inner\">\n\t\t<div class=\"elementor-element elementor-element-929cea6 e-con-full e-flex wpr-particle-no wpr-jarallax-no wpr-parallax-no wpr-sticky-section-no wpr-equal-height-no e-con e-child\" data-id=\"929cea6\" data-element_type=\"container\">\n\t\t\t\t<div class=\"elementor-element elementor-element-60313ac elementor-widget elementor-widget-video\" data-id=\"60313ac\" data-element_type=\"widget\" data-settings=\"{&quot;youtube_url&quot;:&quot;https:\\\/\\\/www.youtube.com\\\/watch?v=_tyy12DvbSM&quot;,&quot;autoplay&quot;:&quot;yes&quot;,&quot;play_on_mobile&quot;:&quot;yes&quot;,&quot;mute&quot;:&quot;yes&quot;,&quot;show_image_overlay&quot;:&quot;yes&quot;,&quot;image_overlay&quot;:{&quot;url&quot;:&quot;https:\\\/\\\/www.domainedelavalleedesevre.fr\\\/wp-content\\\/uploads\\\/2025\\\/05\\\/bocagevendeen-a-a.lamoureux-vendeetourisme-2015-2025-1920x1080-f50_50.jpg&quot;,&quot;id&quot;:245,&quot;size&quot;:&quot;&quot;,&quot;alt&quot;:&quot;&quot;,&quot;source&quot;:&quot;library&quot;},&quot;video_type&quot;:&quot;youtube&quot;,&quot;controls&quot;:&quot;yes&quot;}\" data-widget_type=\"video.default\">\n\t\t\t\t<div class=\"elementor-widget-container\">\n\t\t\t\t\t\t\t<div class=\"elementor-wrapper elementor-open-inline\">\n\t\t\t<div class=\"elementor-video\"><\/div>\t\t\t\t<div class=\"elementor-custom-embed-image-overlay\" style=\"background-image: url(https:\/\/www.domainedelavalleedesevre.fr\/wp-content\/uploads\/2025\/05\/bocagevendeen-a-a.lamoureux-vendeetourisme-2015-2025-1920x1080-f50_50.jpg);\">\n\t\t\t\t\t\t\t\t\t\t\t\t\t\t\t\t<div class=\"elementor-custom-embed-play\" role=\"button\" aria-label=\"Lire la vid\u00e9o\" tabindex=\"0\">\n\t\t\t\t\t\t\t<svg aria-hidden=\"true\" class=\"e-font-icon-svg e-eicon-play\" viewbox=\"0 0 1000 1000\" xmlns=\"http:\/\/www.w3.org\/2000\/svg\"><path d=\"M838 162C746 71 633 25 500 25 371 25 258 71 163 162 71 254 25 367 25 500 25 633 71 746 163 837 254 929 367 979 500 979 633 979 746 933 838 837 929 746 975 633 975 500 975 367 929 254 838 162M808 192C892 279 933 379 933 500 933 621 892 725 808 808 725 892 621 938 500 938 379 938 279 896 196 808 113 725 67 621 67 500 67 379 108 279 196 192 279 108 383 62 500 62 621 62 721 108 808 192M438 392V642L642 517 438 392Z\"><\/path><\/svg>\t\t\t\t\t\t<\/div>\n\t\t\t\t\t\t\t\t\t<\/div>\n\t\t\t\t\t<\/div>\n\t\t\t\t\t\t<\/div>\n\t\t\t\t<\/div>\n\t\t\t\t<\/div>\n\t\t<div class=\"elementor-element elementor-element-42292c8 e-con-full e-flex wpr-particle-no wpr-jarallax-no wpr-parallax-no wpr-sticky-section-no wpr-equal-height-no e-con e-child\" data-id=\"42292c8\" data-element_type=\"container\">\n\t\t\t\t<div class=\"elementor-element elementor-element-5e781bb elementor-widget elementor-widget-heading\" data-id=\"5e781bb\" data-element_type=\"widget\" data-widget_type=\"heading.default\">\n\t\t\t\t<div class=\"elementor-widget-container\">\n\t\t\t\t\t<h2 class=\"elementor-heading-title elementor-size-default\">Explore the region<\/h2>\t\t\t\t<\/div>\n\t\t\t\t<\/div>\n\t\t\t\t<div class=\"elementor-element elementor-element-9a2b05b elementor-widget-divider--view-line elementor-widget elementor-widget-divider\" data-id=\"9a2b05b\" data-element_type=\"widget\" data-widget_type=\"divider.default\">\n\t\t\t\t<div class=\"elementor-widget-container\">\n\t\t\t\t\t\t\t<div class=\"elementor-divider\">\n\t\t\t<span class=\"elementor-divider-separator\">\n\t\t\t\t\t\t<\/span>\n\t\t<\/div>\n\t\t\t\t\t\t<\/div>\n\t\t\t\t<\/div>\n\t\t\t\t<div class=\"elementor-element elementor-element-2d721c2 elementor-widget elementor-widget-text-editor\" data-id=\"2d721c2\" data-element_type=\"widget\" data-widget_type=\"text-editor.default\">\n\t\t\t\t<div class=\"elementor-widget-container\">\n\t\t\t\t\t\t\t\t\t<p>Vend\u00e9e is known for being a top tourist destination with no shortage of places to visit to fully enjoy your stay. By setting down your suitcases in Mortagne sur S\u00e9vre, you will be spoiled for choice between hikes, Grand Parc du Puy du Fou\u00a9, Cin\u00e9sc\u00e9nie du Puy du Fou\u00a9, Poupet Music Festivals or HellFest, Vend\u00e9e Vitrail, the green belt, local markets &amp; swimming pools, Petit train du bocage Mortagnais, etc. You will experience a stay combining culture, relaxation and authenticity, at the peaceful pace of the Vend\u00e9e countryside.<\/p>\t\t\t\t\t\t\t\t<\/div>\n\t\t\t\t<\/div>\n\t\t\t\t<div class=\"elementor-element elementor-element-cfe372b elementor-align-left elementor-mobile-align-center elementor-widget elementor-widget-button\" data-id=\"cfe372b\" data-element_type=\"widget\" data-widget_type=\"button.default\">\n\t\t\t\t<div class=\"elementor-widget-container\">\n\t\t\t\t\t\t\t\t\t<div class=\"elementor-button-wrapper\">\n\t\t\t\t\t<a class=\"elementor-button elementor-button-link elementor-size-sm\" href=\"https:\/\/www.domainedelavalleedesevre.fr\/en\/la-region\/\">\n\t\t\t\t\t\t<span class=\"elementor-button-content-wrapper\">\n\t\t\t\t\t\t\t\t\t<span class=\"elementor-button-text\">discover the region<\/span>\n\t\t\t\t\t<\/span>\n\t\t\t\t\t<\/a>\n\t\t\t\t<\/div>\n\t\t\t\t\t\t\t\t<\/div>\n\t\t\t\t<\/div>\n\t\t\t\t<\/div>\n\t\t\t\t\t<\/div>\n\t\t\t\t<\/div>\n\t\t<div class=\"elementor-element elementor-element-dd35405 e-flex e-con-boxed wpr-particle-no wpr-jarallax-no wpr-parallax-no wpr-sticky-section-no wpr-equal-height-no e-con e-parent\" data-id=\"dd35405\" data-element_type=\"container\">\n\t\t\t\t\t<div class=\"e-con-inner\">\n\t\t\t\t<div class=\"elementor-element elementor-element-9b8de67 elementor-widget elementor-widget-menu-anchor\" data-id=\"9b8de67\" data-element_type=\"widget\" data-widget_type=\"menu-anchor.default\">\n\t\t\t\t<div class=\"elementor-widget-container\">\n\t\t\t\t\t\t\t<div class=\"elementor-menu-anchor\" id=\"reserver\"><\/div>\n\t\t\t\t\t\t<\/div>\n\t\t\t\t<\/div>\n\t\t\t\t<div class=\"elementor-element elementor-element-82f8a15 elementor-widget elementor-widget-heading\" data-id=\"82f8a15\" data-element_type=\"widget\" data-widget_type=\"heading.default\">\n\t\t\t\t<div class=\"elementor-widget-container\">\n\t\t\t\t\t<h2 class=\"elementor-heading-title elementor-size-default\">Book accommodation<\/h2>\t\t\t\t<\/div>\n\t\t\t\t<\/div>\n\t\t\t\t<div class=\"elementor-element elementor-element-3534244 wpr-adv-slider-columns-1 wpr-adv-slider-columns--tablet1 wpr-adv-slider-columns--mobile1 wpr-adv-slides-to-scroll-1 wpr-slider-dots-horizontal elementor-widget elementor-widget-wpr-advanced-slider\" data-id=\"3534244\" data-element_type=\"widget\" data-settings=\"{&quot;slider_amount&quot;:1,&quot;slider_amount_tablet&quot;:1,&quot;slider_amount_mobile&quot;:1,&quot;slides_to_scroll&quot;:1,&quot;slider_loop&quot;:&quot;yes&quot;,&quot;slider_hide_video_content&quot;:&quot;yes&quot;,&quot;slider_video_btn_size&quot;:&quot;medium&quot;}\" data-widget_type=\"wpr-advanced-slider.default\">\n\t\t\t\t<div class=\"elementor-widget-container\">\n\t\t\t\t\t\n\t\t<!-- Advanced Slider -->\n\t\t<div class=\"wpr-advanced-slider-wrap\">\n\t\t\t\n\t\t\t<div class=\"wpr-advanced-slider\" dir=\"ltr\" data-slick=\"{&quot;rtl&quot;:false,&quot;infinite&quot;:true,&quot;speed&quot;:700,&quot;arrows&quot;:true,&quot;dots&quot;:true,&quot;autoplay&quot;:false,&quot;autoplaySpeed&quot;:1000,&quot;pauseOnHover&quot;:&quot;&quot;,&quot;prevArrow&quot;:&quot;#wpr-slider-prev-3534244&quot;,&quot;nextArrow&quot;:&quot;#wpr-slider-next-3534244&quot;,&quot;vertical&quot;:false,&quot;adaptiveHeight&quot;:true}\" data-hide-video-content=\"yes\" data-video-btn-size=\"{&quot;widescreen&quot;:&quot;medium&quot;,&quot;desktop&quot;:&quot;medium&quot;,&quot;laptop&quot;:&quot;medium&quot;,&quot;tablet_extra&quot;:&quot;medium&quot;,&quot;tablet&quot;:&quot;medium&quot;,&quot;mobile_extra&quot;:&quot;medium&quot;,&quot;mobile&quot;:&quot;medium&quot;}\" data-slide-effect=\"slide\">\n\t\t\t\t<div class=\"wpr-slider-item elementor-repeater-item-dbdcf00\"><div class=\"wpr-slider-item-bg\" style=\"background-image: url(https:\/\/www.domainedelavalleedesevre.fr\/wp-content\/uploads\/2025\/09\/Gites-Mortagne-sur-Sevre-23.jpg)\"><\/div><div class=\"wpr-slider-item-overlay\"><\/div><div class=\"wpr-cv-container\"><div class=\"wpr-cv-outer\"><div class=\"wpr-cv-inner\"><div class=\"wpr-slider-content\"><div class=\"wpr-slider-title\"><h2>Les C\u00e8dres<\/h2><\/div><div class=\"wpr-slider-sub-title\"><h3>Rental for up to 8 people<\/h3><\/div><div class=\"wpr-slider-description\"><p>Spacious cottage that can accommodate 6 to 8 people, it offers a large living room with a fully equipped kitchen, 3 comfortable bedrooms and a large bathroom accessible to people with reduced mobility.<\/p><\/div><div class=\"wpr-slider-btns\"><a class=\"wpr-slider-primary-btn\" href=\"https:\/\/www.domainedelavalleedesevre.fr\/en\/le-cedre\/\">Book<\/a><\/div><\/div><\/div><\/div><\/div><\/div><div class=\"wpr-slider-item elementor-repeater-item-4ed7e5a\"><div class=\"wpr-slider-item-bg\" style=\"background-image: url(https:\/\/www.domainedelavalleedesevre.fr\/wp-content\/uploads\/2025\/09\/Gites-Mortagne-sur-Sevre-02.jpg)\"><\/div><div class=\"wpr-slider-item-overlay\"><\/div><div class=\"wpr-cv-container\"><div class=\"wpr-cv-outer\"><div class=\"wpr-cv-inner\"><div class=\"wpr-slider-content\"><div class=\"wpr-slider-title\"><h2>L\u2019Acacia<\/h2><\/div><div class=\"wpr-slider-sub-title\"><h3>Rental for up to 4 people<\/h3><\/div><div class=\"wpr-slider-description\"><p>More intimate and cozy, this cottage is perfect for 2 to 4 people. It consists of a pleasant living room, a cozy bedroom, and a bathroom suitable for people with reduced mobility.<\/p><\/div><div class=\"wpr-slider-btns\"><a class=\"wpr-slider-primary-btn\" href=\"https:\/\/www.domainedelavalleedesevre.fr\/en\/l-acacia\/\">Book<\/a><\/div><\/div><\/div><\/div><\/div><\/div>\t\t\t<\/div>\n\t\t\t<div class=\"wpr-slider-controls\">\n\t\t\t\t<div class=\"wpr-slider-dots\"><\/div>\n\t\t\t<\/div>\n\n\t\t\t<div class=\"wpr-slider-arrow-container\">\n\t\t\t\t<div class=\"wpr-slider-prev-arrow wpr-slider-arrow\" id=\"wpr-slider-prev-3534244\">\n\t\t\t\t\t<svg version=\"1.1\" xmlns=\"http:\/\/www.w3.org\/2000\/svg\" xmlns:xlink=\"http:\/\/www.w3.org\/1999\/xlink\" x=\"0px\" y=\"0px\" viewbox=\"0 0 283.4 512\" style=\"enable-background:new 0 0 283.4 512;\" xml:space=\"preserve\"><g><polygon class=\"st0\" points=\"54.5,256.3 283.4,485.1 256.1,512.5 0,256.3 0,256.3 27.2,229 256.1,0 283.4,27.4 \"\/><\/g><\/svg>\t\t\t\t<\/div>\n\t\t\t\t<div class=\"wpr-slider-next-arrow wpr-slider-arrow\" id=\"wpr-slider-next-3534244\">\n\t\t\t\t\t<svg version=\"1.1\" xmlns=\"http:\/\/www.w3.org\/2000\/svg\" xmlns:xlink=\"http:\/\/www.w3.org\/1999\/xlink\" x=\"0px\" y=\"0px\" viewbox=\"0 0 283.4 512\" style=\"enable-background:new 0 0 283.4 512;\" xml:space=\"preserve\"><g><polygon class=\"st0\" points=\"54.5,256.3 283.4,485.1 256.1,512.5 0,256.3 0,256.3 27.2,229 256.1,0 283.4,27.4 \"\/><\/g><\/svg>\t\t\t\t<\/div>\n\t\t\t<\/div>\n\t\t\t\n\t\t\t\n\t\t<\/div>\n\t\t\t\t\t\t<\/div>\n\t\t\t\t<\/div>\n\t\t\t\t<div class=\"elementor-element elementor-element-7a7ebc0 elementor-widget elementor-widget-spacer\" data-id=\"7a7ebc0\" data-element_type=\"widget\" data-widget_type=\"spacer.default\">\n\t\t\t\t<div class=\"elementor-widget-container\">\n\t\t\t\t\t\t\t<div class=\"elementor-spacer\">\n\t\t\t<div class=\"elementor-spacer-inner\"><\/div>\n\t\t<\/div>\n\t\t\t\t\t\t<\/div>\n\t\t\t\t<\/div>\n\t\t\t\t<div class=\"elementor-element elementor-element-d427d37 elementor-widget elementor-widget-heading\" data-id=\"d427d37\" data-element_type=\"widget\" data-widget_type=\"heading.default\">\n\t\t\t\t<div class=\"elementor-widget-container\">\n\t\t\t\t\t<h2 class=\"elementor-heading-title elementor-size-default\">See availability<\/h2>\t\t\t\t<\/div>\n\t\t\t\t<\/div>\n\t\t\t\t\t<\/div>\n\t\t\t\t<\/div>\n\t\t<div class=\"elementor-element elementor-element-52766e9 e-flex e-con-boxed wpr-particle-no wpr-jarallax-no wpr-parallax-no wpr-sticky-section-no wpr-equal-height-no e-con e-parent\" data-id=\"52766e9\" data-element_type=\"container\" data-settings=\"{&quot;background_background&quot;:&quot;classic&quot;}\">\n\t\t\t\t\t<div class=\"e-con-inner\">\n\t\t\t\t<div class=\"elementor-element elementor-element-c8aab73 elementor-widget elementor-widget-shortcode\" data-id=\"c8aab73\" data-element_type=\"widget\" data-widget_type=\"shortcode.default\">\n\t\t\t\t<div class=\"elementor-widget-container\">\n\t\t\t\t\t\t\t<div class=\"elementor-shortcode\">\n<\/div>\n\t\t\t\t\t\t<\/div>\n\t\t\t\t<\/div>\n\t\t\t\t\t<\/div>\n\t\t\t\t<\/div>\n\t\t\t\t<\/div>","protected":false},"excerpt":{"rendered":"<p>Domaine de la vall\u00e9e de S\u00e8vre location de G\u00eetes en bord de S\u00e8vre . Vend\u00e9e R\u00e9server votre s\u00e9jour Bienvenue dans la Vall\u00e9e de la S\u00e8vre Nantaise \u00c0 Mortagne-sur-S\u00e8vre, en Vend\u00e9e, nous vous accueillons dans un domaine arbor\u00e9, situ\u00e9 en bord de rivi\u00e8re, o\u00f9 vous pourrez profiter d&rsquo;une vue panoramique unique sur la vall\u00e9e. Ce cadre champ\u00eatre et reposant est parfait pour se ressourcer et se reconnecter avec la nature, tout en empruntant les sentiers bucoliques qui conduisent au bord de l\u2019eau.Notre espace g\u00eetes met \u00e0 votre disposition deux g\u00eetes pouvant \u00eatre communicants, id\u00e9aux pour accueillir des groupes d\u2019amis ou de grandes familles, avec une capacit\u00e9 d\u2019accueil allant jusqu\u2019\u00e0 12 personnes (acc\u00e8s PMR). Chaque g\u00eete offre un acc\u00e8s \u00e0 deux magnifiques terrasses nich\u00e9es au c\u0153ur d\u2019un parc verdoyant et fleuri.Le domaine est \u00e9galement le point de d\u00e9part parfait pour de petites ou grandes balades p\u00e9destres ou \u00e9questres le long de la rivi\u00e8re. Vous pourrez \u00e9galement fl\u00e2ner en cano\u00eb-kayak ou d\u00e9couvrir notre r\u00e9gion en d\u00e9jeunant dans le train \u00e0 vapeur. Id\u00e9alement situ\u00e9 \u00e0 15 minutes du Puy du Fou\u00a9 et du Festival Musical de Poupet. D\u00e9couvrir notre r\u00e9gion et toutes ses richesses Les g\u00eetes D\u00e9couvrez nos deux g\u00eetes de charme, am\u00e9nag\u00e9s dans un ancien chai enti\u00e8rement r\u00e9habilit\u00e9 et de plain-pied (class\u00e9s PMR). Nich\u00e9s en Vend\u00e9e, ils constituent le point de d\u00e9part id\u00e9al pour explorer la r\u00e9gion et ses nombreuses attractions culturelles et touristiques.Chaque g\u00eete s&rsquo;ouvre sur une charmante terrasse de plain-pied, \u00e9quip\u00e9e d&rsquo;une table et de chaises. Profitez d&rsquo;une vue imprenable sur les majestueux arbres du parc, les prairies o\u00f9 paissent les chevaux, et les parterres fleuris qui invitent \u00e0 la d\u00e9tente. Les C\u00e8dres g\u00eete 6\/8 personnes &#8211; 3 chambres tarif \u00e0 partir de : 160 \u20ac \/ nuit R\u00e9server le g\u00eete L&rsquo;Acacia g\u00eete 2\/4 personnes &#8211; 1 chambre tarif \u00e0 partir de : 100 \u20ac \/ nuit R\u00e9server le g\u00eete Lieu Partag\u00e9 g\u00eete 10-12 personnes &#8211; 4 chambres tarif \u00e0 partir de : 260 \u20ac \/ nuit R\u00e9server les g\u00eetes L&rsquo;esprit du domaine Au c\u0153ur d\u2019un ancien domaine historique \u00e0 Mortagne-sur-S\u00e8vre, nos deux g\u00eetes de charme vous accueillent dans un cadre authentique et raffin\u00e9. Nich\u00e9s dans la vall\u00e9e, autour d\u2019un manoir charg\u00e9 d\u2019histoire, ils ont \u00e9t\u00e9 r\u00e9nov\u00e9s avec soin pour allier le cachet de l\u2019ancien au confort moderne. Pierres apparentes, poutres et mat\u00e9riaux nobles cr\u00e9ent une atmosph\u00e8re chaleureuse, propice au repos et \u00e0 la d\u00e9connexion, dans un lieu empreint de s\u00e9r\u00e9nit\u00e9 et de m\u00e9moire. S\u00e9journer ici, c\u2019est vivre une parenth\u00e8se hors du temps, entre charme authentique et confort d\u2019aujourd\u2019hui. D\u00e9couvrir l&rsquo;histoire du domaine Partir \u00e0 la d\u00e9couverte de la r\u00e9gion La Vend\u00e9e est connue pour \u00eatre un haut site touristique qui ne manque pas de lieux de visites pour profiter pleinement de votre s\u00e9jour. En posant vos valises \u00e0 Mortagne sur S\u00e9vre, vous n\u2019aurez que l\u2019embarras du choix entre randonn\u00e9es, Grand Parc du Puy du Fou\u00a9, Cin\u00e9sc\u00e9nie du Puy du Fou\u00a9, Festivals Musicaux de Poupet ou le HellFest, Vend\u00e9e Vitrail, la coul\u00e9e verte, les march\u00e9s locaux &amp; piscines, Petit train du bocage Mortagnais, etc\u2026 vous vivrez un s\u00e9jour m\u00ealant culture, d\u00e9tente et authenticit\u00e9, au rythme paisible de la campagne vend\u00e9enne.. d\u00e9couvrir la r\u00e9gion R\u00e9server un h\u00e9bergement Les C\u00e8dres Location jusqu&rsquo;\u00e0 8 personnes Spacieux g\u00eete pouvant accueillir de 6 \u00e0 8 personnes, il offre une vaste pi\u00e8ce de vie dot\u00e9e d&rsquo;une cuisine enti\u00e8rement \u00e9quip\u00e9e, 3 chambres confortables et une grande salle de bains accessible aux personnes \u00e0 mobilit\u00e9 r\u00e9duite. R\u00e9server L\u2019Acacia Location jusqu&rsquo;\u00e0 4 personnes Plus intime et cosy, ce g\u00eete est parfait pour 2 \u00e0 4 personnes. Il se compose d&rsquo;une agr\u00e9able pi\u00e8ce de vie, d&rsquo;une chambre douillette et d&rsquo;une salle de bains adapt\u00e9e aux PMR. R\u00e9server Voir les disponibilit\u00e9s<\/p>","protected":false},"author":1,"featured_media":18,"parent":0,"menu_order":0,"comment_status":"closed","ping_status":"closed","template":"elementor_header_footer","meta":{"ocean_post_layout":"","ocean_both_sidebars_style":"","ocean_both_sidebars_content_width":0,"ocean_both_sidebars_sidebars_width":0,"ocean_sidebar":"","ocean_second_sidebar":"","ocean_disable_margins":"enable","ocean_add_body_class":"","ocean_shortcode_before_top_bar":"","ocean_shortcode_after_top_bar":"","ocean_shortcode_before_header":"","ocean_shortcode_after_header":"","ocean_has_shortcode":"","ocean_shortcode_after_title":"","ocean_shortcode_before_footer_widgets":"","ocean_shortcode_after_footer_widgets":"","ocean_shortcode_before_footer_bottom":"","ocean_shortcode_after_footer_bottom":"","ocean_display_top_bar":"default","ocean_display_header":"default","ocean_header_style":"","ocean_center_header_left_menu":"","ocean_custom_header_template":"","ocean_custom_logo":0,"ocean_custom_retina_logo":0,"ocean_custom_logo_max_width":0,"ocean_custom_logo_tablet_max_width":0,"ocean_custom_logo_mobile_max_width":0,"ocean_custom_logo_max_height":0,"ocean_custom_logo_tablet_max_height":0,"ocean_custom_logo_mobile_max_height":0,"ocean_header_custom_menu":"","ocean_menu_typo_font_family":"","ocean_menu_typo_font_subset":"","ocean_menu_typo_font_size":0,"ocean_menu_typo_font_size_tablet":0,"ocean_menu_typo_font_size_mobile":0,"ocean_menu_typo_font_size_unit":"px","ocean_menu_typo_font_weight":"","ocean_menu_typo_font_weight_tablet":"","ocean_menu_typo_font_weight_mobile":"","ocean_menu_typo_transform":"","ocean_menu_typo_transform_tablet":"","ocean_menu_typo_transform_mobile":"","ocean_menu_typo_line_height":0,"ocean_menu_typo_line_height_tablet":0,"ocean_menu_typo_line_height_mobile":0,"ocean_menu_typo_line_height_unit":"","ocean_menu_typo_spacing":0,"ocean_menu_typo_spacing_tablet":0,"ocean_menu_typo_spacing_mobile":0,"ocean_menu_typo_spacing_unit":"","ocean_menu_link_color":"","ocean_menu_link_color_hover":"","ocean_menu_link_color_active":"","ocean_menu_link_background":"","ocean_menu_link_hover_background":"","ocean_menu_link_active_background":"","ocean_menu_social_links_bg":"","ocean_menu_social_hover_links_bg":"","ocean_menu_social_links_color":"","ocean_menu_social_hover_links_color":"","ocean_disable_title":"default","ocean_disable_heading":"default","ocean_post_title":"","ocean_post_subheading":"","ocean_post_title_style":"","ocean_post_title_background_color":"","ocean_post_title_background":0,"ocean_post_title_bg_image_position":"","ocean_post_title_bg_image_attachment":"","ocean_post_title_bg_image_repeat":"","ocean_post_title_bg_image_size":"","ocean_post_title_height":0,"ocean_post_title_bg_overlay":0.5,"ocean_post_title_bg_overlay_color":"","ocean_disable_breadcrumbs":"default","ocean_breadcrumbs_color":"","ocean_breadcrumbs_separator_color":"","ocean_breadcrumbs_links_color":"","ocean_breadcrumbs_links_hover_color":"","ocean_display_footer_widgets":"default","ocean_display_footer_bottom":"default","ocean_custom_footer_template":"","footnotes":""},"class_list":["post-81","page","type-page","status-publish","has-post-thumbnail","hentry","entry","has-media"],"yoast_head":"<!-- This site is optimized with the Yoast SEO plugin v27.5 - https:\/\/yoast.com\/product\/yoast-seo-wordpress\/ -->\n<title>G\u00eetes en bord de S\u00e8vre - Domaine de la vall\u00e9e de S\u00e8vre<\/title>\n<meta name=\"description\" content=\"S\u00e9journez dans nos g\u00eetes de charme au c\u0153ur de la Vall\u00e9e de la S\u00e8vre, \u00e0 deux pas du Puy du Fou. Confort, nature et authenticit\u00e9.\" \/>\n<meta name=\"robots\" content=\"index, follow, max-snippet:-1, max-image-preview:large, max-video-preview:-1\" \/>\n<link rel=\"canonical\" href=\"https:\/\/www.domainedelavalleedesevre.fr\/en\/\" \/>\n<meta property=\"og:locale\" content=\"en_US\" \/>\n<meta property=\"og:type\" content=\"article\" \/>\n<meta property=\"og:title\" content=\"G\u00eetes en bord de S\u00e8vre - Domaine de la vall\u00e9e de S\u00e8vre\" \/>\n<meta property=\"og:description\" content=\"S\u00e9journez dans nos g\u00eetes de charme au c\u0153ur de la Vall\u00e9e de la S\u00e8vre, \u00e0 deux pas du Puy du Fou. Confort, nature et authenticit\u00e9.\" \/>\n<meta property=\"og:url\" content=\"https:\/\/www.domainedelavalleedesevre.fr\/en\/\" \/>\n<meta property=\"og:site_name\" content=\"Domaine de la vall\u00e9e de S\u00e8vre\" \/>\n<meta property=\"article:modified_time\" content=\"2026-01-05T13:41:46+00:00\" \/>\n<meta property=\"og:image\" content=\"https:\/\/www.domainedelavalleedesevre.fr\/wp-content\/uploads\/2025\/05\/moulin-pont-vieux-ete-mortagne-sur-sevre-4-2.jpg\" \/>\n\t<meta property=\"og:image:width\" content=\"1920\" \/>\n\t<meta property=\"og:image:height\" content=\"1080\" \/>\n\t<meta property=\"og:image:type\" content=\"image\/jpeg\" \/>\n<meta name=\"twitter:card\" content=\"summary_large_image\" \/>\n<meta name=\"twitter:label1\" content=\"Est. reading time\" \/>\n\t<meta name=\"twitter:data1\" content=\"1 minute\" \/>\n<script type=\"application\/ld+json\" class=\"yoast-schema-graph\">{\"@context\":\"https:\\\/\\\/schema.org\",\"@graph\":[{\"@type\":\"WebPage\",\"@id\":\"https:\\\/\\\/www.domainedelavalleedesevre.fr\\\/\",\"url\":\"https:\\\/\\\/www.domainedelavalleedesevre.fr\\\/\",\"name\":\"G\u00eetes en bord de S\u00e8vre - Domaine de la vall\u00e9e de S\u00e8vre\",\"isPartOf\":{\"@id\":\"https:\\\/\\\/www.domainedelavalleedesevre.fr\\\/#website\"},\"primaryImageOfPage\":{\"@id\":\"https:\\\/\\\/www.domainedelavalleedesevre.fr\\\/#primaryimage\"},\"image\":{\"@id\":\"https:\\\/\\\/www.domainedelavalleedesevre.fr\\\/#primaryimage\"},\"thumbnailUrl\":\"https:\\\/\\\/www.domainedelavalleedesevre.fr\\\/wp-content\\\/uploads\\\/2025\\\/05\\\/moulin-pont-vieux-ete-mortagne-sur-sevre-4-2.jpg\",\"datePublished\":\"2025-05-20T10:42:16+00:00\",\"dateModified\":\"2026-01-05T13:41:46+00:00\",\"description\":\"S\u00e9journez dans nos g\u00eetes de charme au c\u0153ur de la Vall\u00e9e de la S\u00e8vre, \u00e0 deux pas du Puy du Fou. Confort, nature et authenticit\u00e9.\",\"breadcrumb\":{\"@id\":\"https:\\\/\\\/www.domainedelavalleedesevre.fr\\\/#breadcrumb\"},\"inLanguage\":\"en-US\",\"potentialAction\":[{\"@type\":\"ReadAction\",\"target\":[\"https:\\\/\\\/www.domainedelavalleedesevre.fr\\\/\"]}]},{\"@type\":\"ImageObject\",\"inLanguage\":\"en-US\",\"@id\":\"https:\\\/\\\/www.domainedelavalleedesevre.fr\\\/#primaryimage\",\"url\":\"https:\\\/\\\/www.domainedelavalleedesevre.fr\\\/wp-content\\\/uploads\\\/2025\\\/05\\\/moulin-pont-vieux-ete-mortagne-sur-sevre-4-2.jpg\",\"contentUrl\":\"https:\\\/\\\/www.domainedelavalleedesevre.fr\\\/wp-content\\\/uploads\\\/2025\\\/05\\\/moulin-pont-vieux-ete-mortagne-sur-sevre-4-2.jpg\",\"width\":1920,\"height\":1080},{\"@type\":\"BreadcrumbList\",\"@id\":\"https:\\\/\\\/www.domainedelavalleedesevre.fr\\\/#breadcrumb\",\"itemListElement\":[{\"@type\":\"ListItem\",\"position\":1,\"name\":\"Accueil\",\"item\":\"https:\\\/\\\/www.domainedelavalleedesevre.fr\\\/\"},{\"@type\":\"ListItem\",\"position\":2,\"name\":\"G\u00eetes en bord de S\u00e8vre\"}]},{\"@type\":\"WebSite\",\"@id\":\"https:\\\/\\\/www.domainedelavalleedesevre.fr\\\/#website\",\"url\":\"https:\\\/\\\/www.domainedelavalleedesevre.fr\\\/\",\"name\":\"Domaine de la vall\u00e9e de S\u00e8vre\",\"description\":\"\",\"potentialAction\":[{\"@type\":\"SearchAction\",\"target\":{\"@type\":\"EntryPoint\",\"urlTemplate\":\"https:\\\/\\\/www.domainedelavalleedesevre.fr\\\/?s={search_term_string}\"},\"query-input\":{\"@type\":\"PropertyValueSpecification\",\"valueRequired\":true,\"valueName\":\"search_term_string\"}}],\"inLanguage\":\"en-US\"}]}<\/script>\n<!-- \/ Yoast SEO plugin. -->","yoast_head_json":{"title":"G\u00eetes en bord de S\u00e8vre - Domaine de la vall\u00e9e de S\u00e8vre","description":"S\u00e9journez dans nos g\u00eetes de charme au c\u0153ur de la Vall\u00e9e de la S\u00e8vre, \u00e0 deux pas du Puy du Fou. Confort, nature et authenticit\u00e9.","robots":{"index":"index","follow":"follow","max-snippet":"max-snippet:-1","max-image-preview":"max-image-preview:large","max-video-preview":"max-video-preview:-1"},"canonical":"https:\/\/www.domainedelavalleedesevre.fr\/en\/","og_locale":"en_US","og_type":"article","og_title":"G\u00eetes en bord de S\u00e8vre - Domaine de la vall\u00e9e de S\u00e8vre","og_description":"S\u00e9journez dans nos g\u00eetes de charme au c\u0153ur de la Vall\u00e9e de la S\u00e8vre, \u00e0 deux pas du Puy du Fou. Confort, nature et authenticit\u00e9.","og_url":"https:\/\/www.domainedelavalleedesevre.fr\/en\/","og_site_name":"Domaine de la vall\u00e9e de S\u00e8vre","article_modified_time":"2026-01-05T13:41:46+00:00","og_image":[{"width":1920,"height":1080,"url":"https:\/\/www.domainedelavalleedesevre.fr\/wp-content\/uploads\/2025\/05\/moulin-pont-vieux-ete-mortagne-sur-sevre-4-2.jpg","type":"image\/jpeg"}],"twitter_card":"summary_large_image","twitter_misc":{"Est. reading time":"1 minute"},"schema":{"@context":"https:\/\/schema.org","@graph":[{"@type":"WebPage","@id":"https:\/\/www.domainedelavalleedesevre.fr\/","url":"https:\/\/www.domainedelavalleedesevre.fr\/","name":"G\u00eetes en bord de S\u00e8vre - Domaine de la vall\u00e9e de S\u00e8vre","isPartOf":{"@id":"https:\/\/www.domainedelavalleedesevre.fr\/#website"},"primaryImageOfPage":{"@id":"https:\/\/www.domainedelavalleedesevre.fr\/#primaryimage"},"image":{"@id":"https:\/\/www.domainedelavalleedesevre.fr\/#primaryimage"},"thumbnailUrl":"https:\/\/www.domainedelavalleedesevre.fr\/wp-content\/uploads\/2025\/05\/moulin-pont-vieux-ete-mortagne-sur-sevre-4-2.jpg","datePublished":"2025-05-20T10:42:16+00:00","dateModified":"2026-01-05T13:41:46+00:00","description":"S\u00e9journez dans nos g\u00eetes de charme au c\u0153ur de la Vall\u00e9e de la S\u00e8vre, \u00e0 deux pas du Puy du Fou. Confort, nature et authenticit\u00e9.","breadcrumb":{"@id":"https:\/\/www.domainedelavalleedesevre.fr\/#breadcrumb"},"inLanguage":"en-US","potentialAction":[{"@type":"ReadAction","target":["https:\/\/www.domainedelavalleedesevre.fr\/"]}]},{"@type":"ImageObject","inLanguage":"en-US","@id":"https:\/\/www.domainedelavalleedesevre.fr\/#primaryimage","url":"https:\/\/www.domainedelavalleedesevre.fr\/wp-content\/uploads\/2025\/05\/moulin-pont-vieux-ete-mortagne-sur-sevre-4-2.jpg","contentUrl":"https:\/\/www.domainedelavalleedesevre.fr\/wp-content\/uploads\/2025\/05\/moulin-pont-vieux-ete-mortagne-sur-sevre-4-2.jpg","width":1920,"height":1080},{"@type":"BreadcrumbList","@id":"https:\/\/www.domainedelavalleedesevre.fr\/#breadcrumb","itemListElement":[{"@type":"ListItem","position":1,"name":"Accueil","item":"https:\/\/www.domainedelavalleedesevre.fr\/"},{"@type":"ListItem","position":2,"name":"G\u00eetes en bord de S\u00e8vre"}]},{"@type":"WebSite","@id":"https:\/\/www.domainedelavalleedesevre.fr\/#website","url":"https:\/\/www.domainedelavalleedesevre.fr\/","name":"Domaine de la vall\u00e9e de S\u00e8vre","description":"","potentialAction":[{"@type":"SearchAction","target":{"@type":"EntryPoint","urlTemplate":"https:\/\/www.domainedelavalleedesevre.fr\/?s={search_term_string}"},"query-input":{"@type":"PropertyValueSpecification","valueRequired":true,"valueName":"search_term_string"}}],"inLanguage":"en-US"}]}},"_links":{"self":[{"href":"https:\/\/www.domainedelavalleedesevre.fr\/en\/wp-json\/wp\/v2\/pages\/81","targetHints":{"allow":["GET"]}}],"collection":[{"href":"https:\/\/www.domainedelavalleedesevre.fr\/en\/wp-json\/wp\/v2\/pages"}],"about":[{"href":"https:\/\/www.domainedelavalleedesevre.fr\/en\/wp-json\/wp\/v2\/types\/page"}],"author":[{"embeddable":true,"href":"https:\/\/www.domainedelavalleedesevre.fr\/en\/wp-json\/wp\/v2\/users\/1"}],"replies":[{"embeddable":true,"href":"https:\/\/www.domainedelavalleedesevre.fr\/en\/wp-json\/wp\/v2\/comments?post=81"}],"version-history":[{"count":295,"href":"https:\/\/www.domainedelavalleedesevre.fr\/en\/wp-json\/wp\/v2\/pages\/81\/revisions"}],"predecessor-version":[{"id":1152,"href":"https:\/\/www.domainedelavalleedesevre.fr\/en\/wp-json\/wp\/v2\/pages\/81\/revisions\/1152"}],"wp:featuredmedia":[{"embeddable":true,"href":"https:\/\/www.domainedelavalleedesevre.fr\/en\/wp-json\/wp\/v2\/media\/18"}],"wp:attachment":[{"href":"https:\/\/www.domainedelavalleedesevre.fr\/en\/wp-json\/wp\/v2\/media?parent=81"}],"curies":[{"name":"wp","href":"https:\/\/api.w.org\/{rel}","templated":true}]}}